{"id":1565,"date":"2026-07-16T16:09:41","date_gmt":"2026-07-16T16:09:41","guid":{"rendered":"https:\/\/probas.aventeira.com\/?page_id=1565"},"modified":"2026-08-19T16:20:27","modified_gmt":"2026-08-19T16:20:27","slug":"aviso-legal","status":"publish","type":"page","link":"https:\/\/aventeira.com\/index.php\/aviso-legal\/","title":{"rendered":"Aviso Legal"},"content":{"rendered":"\t\t<div data-elementor-type=\"wp-page\" data-elementor-id=\"1565\" class=\"elementor elementor-1565\">\n\t\t\t\t<div class=\"elementor-element elementor-element-f3f2700 e-con-full e-flex e-con e-parent\" data-id=\"f3f2700\" data-element_type=\"container\" data-e-type=\"container\">\n\t\t\t\t<div class=\"elementor-element elementor-element-8bd8a83 elementor-widget__width-inherit elementor-widget elementor-widget-image\" data-id=\"8bd8a83\" data-element_type=\"widget\" data-e-type=\"widget\" data-widget_type=\"image.default\">\n\t\t\t\t\t\t\t\t\t\t\t\t\t\t\t<img fetchpriority=\"high\" decoding=\"async\" width=\"1920\" height=\"350\" src=\"https:\/\/aventeira.com\/wp-content\/uploads\/2026\/07\/4-1.png\" class=\"attachment-full size-full wp-image-1798\" alt=\"\" srcset=\"https:\/\/aventeira.com\/wp-content\/uploads\/2026\/07\/4-1.png 1920w, https:\/\/aventeira.com\/wp-content\/uploads\/2026\/07\/4-1-300x55.png 300w, https:\/\/aventeira.com\/wp-content\/uploads\/2026\/07\/4-1-1024x187.png 1024w, https:\/\/aventeira.com\/wp-content\/uploads\/2026\/07\/4-1-768x140.png 768w, https:\/\/aventeira.com\/wp-content\/uploads\/2026\/07\/4-1-1536x280.png 1536w\" sizes=\"(max-width: 1920px) 100vw, 1920px\" \/>\t\t\t\t\t\t\t\t\t\t\t\t\t\t\t<\/div>\n\t\t\t\t<\/div>\n\t\t<div class=\"elementor-element elementor-element-40c4eaf e-flex e-con-boxed e-con e-parent\" data-id=\"40c4eaf\" data-element_type=\"container\" data-e-type=\"container\">\n\t\t\t\t\t<div class=\"e-con-inner\">\n\t\t\t\t<div class=\"elementor-element elementor-element-697bb49 elementor-widget-mobile__width-initial elementor-invisible elementor-widget elementor-widget-heading\" data-id=\"697bb49\" data-element_type=\"widget\" data-e-type=\"widget\" data-settings=\"{&quot;_animation&quot;:&quot;fadeIn&quot;}\" data-widget_type=\"heading.default\">\n\t\t\t\t\t<h2 class=\"elementor-heading-title elementor-size-default\">Aviso Legal<\/h2>\t\t\t\t<\/div>\n\t\t\t\t<div class=\"elementor-element elementor-element-da7626f elementor-widget-mobile__width-initial elementor-widget elementor-widget-heading\" data-id=\"da7626f\" data-element_type=\"widget\" data-e-type=\"widget\" data-widget_type=\"heading.default\">\n\t\t\t\t\t<h6 class=\"elementor-heading-title elementor-size-default\">DATOS DA ENTIDADE<\/h6>\t\t\t\t<\/div>\n\t\t\t\t<div class=\"elementor-element elementor-element-ce6575e elementor-widget-mobile__width-initial elementor-widget elementor-widget-text-editor\" data-id=\"ce6575e\" data-element_type=\"widget\" data-e-type=\"widget\" data-widget_type=\"text-editor.default\">\n\t\t\t\t\t\t\t\t\t<p>En cumprimento do artigo 10 da Lei 34\/2002, do 11 de xullo, de Servizos da Sociedade da Informaci\u00f3n e Comercio Electr\u00f3nico, AVENTEIRA S. COOP. GALEGA inf\u00f3rmalle que os seus datos identificativos son os seguintes:<\/p><ul><li><strong>Denominaci\u00f3n social:<\/strong> AVENTEIRA S. COOP. GALEGA<\/li><li><strong>CIF:<\/strong> F70577010<\/li><li><strong>Domicilio social:<\/strong> AVDA. CONCES 61-2 PORTA 3 15500 \u2013 FENE (A CORU\u00d1A)<\/li><li><strong>Tel\u00e9fono:<\/strong> <span style=\"font-weight: 400;\">617 837 222<\/span><\/li><li><strong>Correo electr\u00f3nico a efectos de comunicaci\u00f3n:<\/strong> xestion@aventeira.com<\/li><li><strong>Dominio WEB:<\/strong> <a href=\"https:\/\/aventeira.com\/\">www.aventeira.com<\/a><\/li><\/ul>\t\t\t\t\t\t\t\t<\/div>\n\t\t\t\t<div class=\"elementor-element elementor-element-9043a1e elementor-widget-mobile__width-initial elementor-widget elementor-widget-text-editor\" data-id=\"9043a1e\" data-element_type=\"widget\" data-e-type=\"widget\" data-widget_type=\"text-editor.default\">\n\t\t\t\t\t\t\t\t\t<p>Todas as notificaci\u00f3ns e comunicaci\u00f3ns entre os usuarios e AVENTEIRA S. COOP. GALEGA consideraranse eficaces, para todos os efectos, cando se realicen a trav\u00e9s de correo postal ou calquera outro medio dos detallados anteriormente.<\/p>\t\t\t\t\t\t\t\t<\/div>\n\t\t\t\t<div class=\"elementor-element elementor-element-dbb1345 elementor-widget-mobile__width-initial elementor-widget elementor-widget-heading\" data-id=\"dbb1345\" data-element_type=\"widget\" data-e-type=\"widget\" data-widget_type=\"heading.default\">\n\t\t\t\t\t<h6 class=\"elementor-heading-title elementor-size-default\">CONDICI\u00d3NS DE ACCESO E UTILIZACI\u00d3N<\/h6>\t\t\t\t<\/div>\n\t\t\t\t<div class=\"elementor-element elementor-element-03f17bf elementor-widget-mobile__width-initial elementor-widget elementor-widget-text-editor\" data-id=\"03f17bf\" data-element_type=\"widget\" data-e-type=\"widget\" data-widget_type=\"text-editor.default\">\n\t\t\t\t\t\t\t\t\t<p>O presente Aviso Legal regula o uso do sitio web\u00a0<a href=\"http:\/\/www.aventeira.com\/\">www.aventeira.com<\/a>\u00a0(en diante, A WEB), do que \u00e9 titular AVENTEIRA S. COOP. GALEGA.<\/p><p>A navegaci\u00f3n pola web de AVENTEIRA S. COOP. GALEGA atrib\u00fae a condici\u00f3n de usuario da mesma e implica a aceptaci\u00f3n plena e sen reservas de todas e cada unha das disposici\u00f3ns inclu\u00eddas neste Aviso Legal, que poden sufrir modificaci\u00f3ns.<\/p><p>O sitio web e os seus servizos son de acceso libre e gratu\u00edto. Con todo, AVENTEIRA S. COOP. GALEGA condiciona a utilizaci\u00f3n dalg\u00fans dos servizos ofrecidos na s\u00faa web ao previo enchemento do correspondente formulario.<\/p><p>Todos os contidos do sitio web, como textos, fotograf\u00edas, gr\u00e1ficos, imaxes, iconas, tecnolox\u00eda, <em>software<\/em>, as\u00ed como o seu dese\u00f1o e c\u00f3digos fonte, constit\u00faen unha obra cuxa propiedade pertence a AVENTEIRA S. COOP. GALEGA, sen que poidan entenderse cedidos ao usuario ning\u00fan dos dereitos de explotaci\u00f3n sobre os mesmos, m\u00e1is al\u00f3 do estritamente necesario para o correcto uso da web.<\/p><p>O usuario garante a autenticidade e actualidade de todos aqueles datos que comunique a AVENTEIRA S. COOP. GALEGA e ser\u00e1 o \u00fanico responsable das manifestaci\u00f3ns falsas ou inexactas que realice.<\/p><p><span style=\"letter-spacing: 0px;\">O usuario obr\u00edgase a facer un uso correcto do sitio web de conformidade coas leis, a boa fe, a orde p\u00fablica, os usos do tr\u00e1fico e o presente Aviso Legal.\u00a0<\/span><span style=\"letter-spacing: 0px;\">O usuario responder\u00e1 fronte a AVENTEIRA S. COOP. GALEGA ou fronte a terceiros, de calquera dano ou prexu\u00edzo que puidesen causarse como consecuencia do incumprimento da devandita obrigaci\u00f3n.<\/span><\/p>\t\t\t\t\t\t\t\t<\/div>\n\t\t\t\t<div class=\"elementor-element elementor-element-d522bce elementor-widget-mobile__width-initial elementor-widget elementor-widget-heading\" data-id=\"d522bce\" data-element_type=\"widget\" data-e-type=\"widget\" data-widget_type=\"heading.default\">\n\t\t\t\t\t<h6 class=\"elementor-heading-title elementor-size-default\">POL\u00cdTICA DE LIGAZ\u00d3NS E EXENCI\u00d3NS DE RESPONSABILIDADES<\/h6>\t\t\t\t<\/div>\n\t\t\t\t<div class=\"elementor-element elementor-element-5e1a6f5 elementor-widget-mobile__width-initial elementor-widget elementor-widget-text-editor\" data-id=\"5e1a6f5\" data-element_type=\"widget\" data-e-type=\"widget\" data-widget_type=\"text-editor.default\">\n\t\t\t\t\t\t\t\t\t<p>AVENTEIRA S. COOP. GALEGA non se fai responsable do contido das p\u00e1xinas web \u00e1s que o usuario poida acceder a trav\u00e9s das ligaz\u00f3ns establecidas na WEB e declara que en ning\u00fan caso proceder\u00e1 a examinar ou exercitar ning\u00fan tipo de control sobre o contido doutras p\u00e1xinas da rede. As\u00ed mesmo, tampouco garantir\u00e1 a dispo\u00f1ibilidade t\u00e9cnica, exactitude, veracidade, validez ou legalidade de p\u00e1xinas alleas \u00e1 s\u00faa propiedade \u00e1s que se poida acceder por medio das ligaz\u00f3ns.<\/p><p>AVENTEIRA S. COOP. GALEGA declara adoptar todas as medidas necesarias para evitar calquera dano que, aos usuarios da WEB, puidesen derivarse da navegaci\u00f3n pola mesma. En consecuencia, AVENTEIRA S. COOP. GALEGA non se fai responsable, en ning\u00fan caso, dos eventuais danos que pola navegaci\u00f3n por Internet puidese sufrir o usuario.<\/p>\t\t\t\t\t\t\t\t<\/div>\n\t\t\t\t<div class=\"elementor-element elementor-element-db6845f elementor-widget-mobile__width-initial elementor-widget elementor-widget-heading\" data-id=\"db6845f\" data-element_type=\"widget\" data-e-type=\"widget\" data-widget_type=\"heading.default\">\n\t\t\t\t\t<h6 class=\"elementor-heading-title elementor-size-default\">USO DE COOKIES E DATOS ESTAT\u00cdSTICOS<\/h6>\t\t\t\t<\/div>\n\t\t\t\t<div class=\"elementor-element elementor-element-bb294cf elementor-widget-mobile__width-initial elementor-widget elementor-widget-text-editor\" data-id=\"bb294cf\" data-element_type=\"widget\" data-e-type=\"widget\" data-widget_type=\"text-editor.default\">\n\t\t\t\t\t\t\t\t\t<p>Esta p\u00e1xina web pode recoller datos dos seus visitantes por medio do uso de <em>cookies<\/em>, onde se solicitar\u00e1 informaci\u00f3n persoal relacionada coa s\u00faa navegaci\u00f3n. Para co\u00f1ecer de maneira clara e precisa as <em>cookies<\/em> que utilizamos, cales son as s\u00faas finalidades e como pode configuralas ou deshabilitalas, consulte a nosa\u00a0<a href=\"https:\/\/aventeira.com\/index.php\/politica-de-cookies\/\"><strong>Pol\u00edtica de <em>Cookies<\/em><\/strong><\/a>, no seu caso.<\/p><p>O usuario ten a posibilidade de configurar o seu navegador de modo que se lle informe da recepci\u00f3n de <em>cookies<\/em>, podendo, se as\u00ed o desexa, impedir que sexan instaladas no seu disco duro.<\/p>\t\t\t\t\t\t\t\t<\/div>\n\t\t\t\t<div class=\"elementor-element elementor-element-22a11a6 elementor-widget-mobile__width-initial elementor-widget elementor-widget-heading\" data-id=\"22a11a6\" data-element_type=\"widget\" data-e-type=\"widget\" data-widget_type=\"heading.default\">\n\t\t\t\t\t<h6 class=\"elementor-heading-title elementor-size-default\">PROTECCI\u00d3N DE DATOS<\/h6>\t\t\t\t<\/div>\n\t\t\t\t<div class=\"elementor-element elementor-element-9ded4b4 elementor-widget-mobile__width-initial elementor-widget elementor-widget-text-editor\" data-id=\"9ded4b4\" data-element_type=\"widget\" data-e-type=\"widget\" data-widget_type=\"text-editor.default\">\n\t\t\t\t\t\t\t\t\t<p>No caso de que na web se recollan datos de car\u00e1cter persoal, para m\u00e1is informaci\u00f3n consultar a <a href=\"https:\/\/aventeira.com\/index.php\/politica-de-privacidade\/\"><strong>Pol\u00edtica de Privacidade<\/strong><\/a>.<\/p>\t\t\t\t\t\t\t\t<\/div>\n\t\t\t\t<div class=\"elementor-element elementor-element-81ddbb4 elementor-widget-mobile__width-initial elementor-widget elementor-widget-heading\" data-id=\"81ddbb4\" data-element_type=\"widget\" data-e-type=\"widget\" data-widget_type=\"heading.default\">\n\t\t\t\t\t<h6 class=\"elementor-heading-title elementor-size-default\">IDIOMA DOS TEXTOS LEGAIS<\/h6>\t\t\t\t<\/div>\n\t\t\t\t<div class=\"elementor-element elementor-element-9fa70da elementor-widget-mobile__width-initial elementor-widget elementor-widget-text-editor\" data-id=\"9fa70da\" data-element_type=\"widget\" data-e-type=\"widget\" data-widget_type=\"text-editor.default\">\n\t\t\t\t\t\t\t\t\t<p>A versi\u00f3n en castel\u00e1n dos acordos e pol\u00edticas legais consid\u00e9rase a \u00fanica versi\u00f3n actual e v\u00e1lida. As versi\u00f3ns traducidas proporci\u00f3nanse s\u00f3 para facilitar a lectura e comprensi\u00f3n das versi\u00f3ns en castel\u00e1n.<\/p><p>As versi\u00f3ns traducidas non son legalmente vinculantes e non substit\u00faen a versi\u00f3n en castel\u00e1n. En caso de conflito ou desacordo, os acordos e pol\u00edticas legais en castel\u00e1n prevalecer\u00e1n en todas as circunstancias.<\/p>\t\t\t\t\t\t\t\t<\/div>\n\t\t\t\t<div class=\"elementor-element elementor-element-9e749f5 elementor-widget-mobile__width-initial elementor-widget elementor-widget-heading\" data-id=\"9e749f5\" data-element_type=\"widget\" data-e-type=\"widget\" data-widget_type=\"heading.default\">\n\t\t\t\t\t<h6 class=\"elementor-heading-title elementor-size-default\">RESOLUCI\u00d3N DE CONTROVERSIAS: LEI APLICABLE E XURISDICI\u00d3N<\/h6>\t\t\t\t<\/div>\n\t\t\t\t<div class=\"elementor-element elementor-element-4264292 elementor-widget-mobile__width-initial elementor-widget elementor-widget-text-editor\" data-id=\"4264292\" data-element_type=\"widget\" data-e-type=\"widget\" data-widget_type=\"text-editor.default\">\n\t\t\t\t\t\t\t\t\t<p>As presentes Condici\u00f3ns Xerais de Uso, as\u00ed como o uso do espazo web, rexeranse pola lexislaci\u00f3n espa\u00f1ola. Para a resoluci\u00f3n de calquera controversia, as partes someteranse aos Xulgados e Tribunais do domicilio social do responsable do sitio web.<\/p><p>No caso de que calquera estipulaci\u00f3n das presentes Condici\u00f3ns Xerais de Uso resultase inexixible ou nula en virtude da lexislaci\u00f3n aplicable ou como consecuencia dunha resoluci\u00f3n xudicial ou administrativa, dita inexigibilidade ou nulidade non far\u00e1 que as presentes Condici\u00f3ns Xerais de Uso resulten inexigibles ou nulas no seu conxunto.<\/p><p>Nos devanditos casos, a empresa proceder\u00e1 \u00e1 modificaci\u00f3n ou substituci\u00f3n da devandita estipulaci\u00f3n por outra que sexa v\u00e1lida e esixible e que, na medida do posible, consiga o obxectivo e pretensi\u00f3n reflectidos na estipulaci\u00f3n orixinal.<\/p>\t\t\t\t\t\t\t\t<\/div>\n\t\t\t\t<div class=\"elementor-element elementor-element-6bfe415 elementor-widget elementor-widget-spacer\" data-id=\"6bfe415\" data-element_type=\"widget\" data-e-type=\"widget\" data-widget_type=\"spacer.default\">\n\t\t\t\t\t\t\t<div class=\"elementor-spacer\">\n\t\t\t<div class=\"elementor-spacer-inner\"><\/div>\n\t\t<\/div>\n\t\t\t\t\t\t<\/div>\n\t\t\t\t\t<\/div>\n\t\t\t\t<\/div>\n\t\t\t\t<\/div>\n\t\t","protected":false},"excerpt":{"rendered":"<p>Aviso Legal DATOS DA ENTIDADE En cumprimento do artigo 10 da Lei 34\/2002, do 11 de xullo, de Servizos da Sociedade da Informaci\u00f3n e Comercio Electr\u00f3nico, AVENTEIRA S. COOP. GALEGA inf\u00f3rmalle que os seus datos identificativos son os seguintes: Denominaci\u00f3n social: AVENTEIRA S. COOP. GALEGA CIF: F70577010 Domicilio social: AVDA. CONCES 61-2 PORTA 3 15500 [&hellip;]<\/p>\n","protected":false},"author":1,"featured_media":664,"parent":0,"menu_order":0,"comment_status":"closed","ping_status":"closed","template":"elementor_header_footer","meta":{"footnotes":""},"class_list":["post-1565","page","type-page","status-publish","has-post-thumbnail","hentry"],"yoast_head":"<!-- This site is optimized with the Yoast SEO plugin v28.1 - https:\/\/yoast.com\/product\/yoast-seo-wordpress\/ -->\n<title>Aviso Legal - Aventeira S. Coop. Galega<\/title>\n<meta name=\"description\" content=\"Consulta a informaci\u00f3n legal sobre o uso deste sitio web, as condici\u00f3ns de acceso e as responsabilidades derivadas da s\u00faa utilizaci\u00f3n.\" \/>\n<meta name=\"robots\" content=\"index, follow, max-snippet:-1, max-image-preview:large, max-video-preview:-1\" \/>\n<link rel=\"canonical\" href=\"https:\/\/aventeira.com\/index.php\/aviso-legal\/\" \/>\n<meta property=\"og:locale\" content=\"es_ES\" \/>\n<meta property=\"og:type\" content=\"article\" \/>\n<meta property=\"og:title\" content=\"Aviso Legal\" \/>\n<meta property=\"og:description\" content=\"Consulta a informaci\u00f3n legal sobre o uso deste sitio web, as condici\u00f3ns de acceso e as responsabilidades derivadas da s\u00faa utilizaci\u00f3n.\" \/>\n<meta property=\"og:url\" content=\"https:\/\/aventeira.com\/index.php\/aviso-legal\/\" \/>\n<meta property=\"og:site_name\" content=\"Aventeira S. Coop. Galega\" \/>\n<meta property=\"article:modified_time\" content=\"2026-08-19T16:20:27+00:00\" \/>\n<meta property=\"og:image\" content=\"https:\/\/aventeira.com\/wp-content\/uploads\/2026\/07\/Imaxes-Sitio-Web-Aventeira-10-1-1024x576.png\" \/>\n\t<meta property=\"og:image:width\" content=\"1024\" \/>\n\t<meta property=\"og:image:height\" content=\"576\" \/>\n\t<meta property=\"og:image:type\" content=\"image\/png\" \/>\n<meta name=\"twitter:card\" content=\"summary_large_image\" \/>\n<meta name=\"twitter:label1\" content=\"Tiempo de lectura\" \/>\n\t<meta name=\"twitter:data1\" content=\"4 minutos\" \/>\n<script type=\"application\/ld+json\" class=\"yoast-schema-graph\">{\"@context\":\"https:\\\/\\\/schema.org\",\"@graph\":[{\"@type\":\"WebPage\",\"@id\":\"https:\\\/\\\/aventeira.com\\\/index.php\\\/aviso-legal\\\/\",\"url\":\"https:\\\/\\\/aventeira.com\\\/index.php\\\/aviso-legal\\\/\",\"name\":\"Aviso Legal - Aventeira S. Coop. Galega\",\"isPartOf\":{\"@id\":\"https:\\\/\\\/aventeira.com\\\/#website\"},\"primaryImageOfPage\":{\"@id\":\"https:\\\/\\\/aventeira.com\\\/index.php\\\/aviso-legal\\\/#primaryimage\"},\"image\":{\"@id\":\"https:\\\/\\\/aventeira.com\\\/index.php\\\/aviso-legal\\\/#primaryimage\"},\"thumbnailUrl\":\"https:\\\/\\\/aventeira.com\\\/wp-content\\\/uploads\\\/2026\\\/07\\\/Imaxes-Sitio-Web-Aventeira-10-1.png\",\"datePublished\":\"2026-07-16T16:09:41+00:00\",\"dateModified\":\"2026-08-19T16:20:27+00:00\",\"description\":\"Consulta a informaci\u00f3n legal sobre o uso deste sitio web, as condici\u00f3ns de acceso e as responsabilidades derivadas da s\u00faa utilizaci\u00f3n.\",\"breadcrumb\":{\"@id\":\"https:\\\/\\\/aventeira.com\\\/index.php\\\/aviso-legal\\\/#breadcrumb\"},\"inLanguage\":\"es\",\"potentialAction\":[{\"@type\":\"ReadAction\",\"target\":[\"https:\\\/\\\/aventeira.com\\\/index.php\\\/aviso-legal\\\/\"]}]},{\"@type\":\"ImageObject\",\"inLanguage\":\"es\",\"@id\":\"https:\\\/\\\/aventeira.com\\\/index.php\\\/aviso-legal\\\/#primaryimage\",\"url\":\"https:\\\/\\\/aventeira.com\\\/wp-content\\\/uploads\\\/2026\\\/07\\\/Imaxes-Sitio-Web-Aventeira-10-1.png\",\"contentUrl\":\"https:\\\/\\\/aventeira.com\\\/wp-content\\\/uploads\\\/2026\\\/07\\\/Imaxes-Sitio-Web-Aventeira-10-1.png\",\"width\":1920,\"height\":1080},{\"@type\":\"BreadcrumbList\",\"@id\":\"https:\\\/\\\/aventeira.com\\\/index.php\\\/aviso-legal\\\/#breadcrumb\",\"itemListElement\":[{\"@type\":\"ListItem\",\"position\":1,\"name\":\"Portada\",\"item\":\"https:\\\/\\\/aventeira.com\\\/\"},{\"@type\":\"ListItem\",\"position\":2,\"name\":\"Aviso Legal\"}]},{\"@type\":\"WebSite\",\"@id\":\"https:\\\/\\\/aventeira.com\\\/#website\",\"url\":\"https:\\\/\\\/aventeira.com\\\/\",\"name\":\"Aventeira S. Coop. Galega\",\"description\":\"\",\"publisher\":{\"@id\":\"https:\\\/\\\/aventeira.com\\\/#organization\"},\"potentialAction\":[{\"@type\":\"SearchAction\",\"target\":{\"@type\":\"EntryPoint\",\"urlTemplate\":\"https:\\\/\\\/aventeira.com\\\/?s={search_term_string}\"},\"query-input\":{\"@type\":\"PropertyValueSpecification\",\"valueRequired\":true,\"valueName\":\"search_term_string\"}}],\"inLanguage\":\"es\"},{\"@type\":\"Organization\",\"@id\":\"https:\\\/\\\/aventeira.com\\\/#organization\",\"name\":\"Aventeira S. Coop. Galega\",\"url\":\"https:\\\/\\\/aventeira.com\\\/\",\"logo\":{\"@type\":\"ImageObject\",\"inLanguage\":\"es\",\"@id\":\"https:\\\/\\\/aventeira.com\\\/#\\\/schema\\\/logo\\\/image\\\/\",\"url\":\"https:\\\/\\\/aventeira.com\\\/wp-content\\\/uploads\\\/2026\\\/07\\\/Logo-Verde-1.png\",\"contentUrl\":\"https:\\\/\\\/aventeira.com\\\/wp-content\\\/uploads\\\/2026\\\/07\\\/Logo-Verde-1.png\",\"width\":876,\"height\":242,\"caption\":\"Aventeira S. Coop. Galega\"},\"image\":{\"@id\":\"https:\\\/\\\/aventeira.com\\\/#\\\/schema\\\/logo\\\/image\\\/\"}}]}<\/script>\n<!-- \/ Yoast SEO plugin. -->","yoast_head_json":{"title":"Aviso Legal - Aventeira S. Coop. Galega","description":"Consulta a informaci\u00f3n legal sobre o uso deste sitio web, as condici\u00f3ns de acceso e as responsabilidades derivadas da s\u00faa utilizaci\u00f3n.","robots":{"index":"index","follow":"follow","max-snippet":"max-snippet:-1","max-image-preview":"max-image-preview:large","max-video-preview":"max-video-preview:-1"},"canonical":"https:\/\/aventeira.com\/index.php\/aviso-legal\/","og_locale":"es_ES","og_type":"article","og_title":"Aviso Legal","og_description":"Consulta a informaci\u00f3n legal sobre o uso deste sitio web, as condici\u00f3ns de acceso e as responsabilidades derivadas da s\u00faa utilizaci\u00f3n.","og_url":"https:\/\/aventeira.com\/index.php\/aviso-legal\/","og_site_name":"Aventeira S. Coop. Galega","article_modified_time":"2026-08-19T16:20:27+00:00","og_image":[{"width":1024,"height":576,"url":"https:\/\/aventeira.com\/wp-content\/uploads\/2026\/07\/Imaxes-Sitio-Web-Aventeira-10-1-1024x576.png","type":"image\/png"}],"twitter_card":"summary_large_image","twitter_misc":{"Tiempo de lectura":"4 minutos"},"schema":{"@context":"https:\/\/schema.org","@graph":[{"@type":"WebPage","@id":"https:\/\/aventeira.com\/index.php\/aviso-legal\/","url":"https:\/\/aventeira.com\/index.php\/aviso-legal\/","name":"Aviso Legal - Aventeira S. Coop. Galega","isPartOf":{"@id":"https:\/\/aventeira.com\/#website"},"primaryImageOfPage":{"@id":"https:\/\/aventeira.com\/index.php\/aviso-legal\/#primaryimage"},"image":{"@id":"https:\/\/aventeira.com\/index.php\/aviso-legal\/#primaryimage"},"thumbnailUrl":"https:\/\/aventeira.com\/wp-content\/uploads\/2026\/07\/Imaxes-Sitio-Web-Aventeira-10-1.png","datePublished":"2026-07-16T16:09:41+00:00","dateModified":"2026-08-19T16:20:27+00:00","description":"Consulta a informaci\u00f3n legal sobre o uso deste sitio web, as condici\u00f3ns de acceso e as responsabilidades derivadas da s\u00faa utilizaci\u00f3n.","breadcrumb":{"@id":"https:\/\/aventeira.com\/index.php\/aviso-legal\/#breadcrumb"},"inLanguage":"es","potentialAction":[{"@type":"ReadAction","target":["https:\/\/aventeira.com\/index.php\/aviso-legal\/"]}]},{"@type":"ImageObject","inLanguage":"es","@id":"https:\/\/aventeira.com\/index.php\/aviso-legal\/#primaryimage","url":"https:\/\/aventeira.com\/wp-content\/uploads\/2026\/07\/Imaxes-Sitio-Web-Aventeira-10-1.png","contentUrl":"https:\/\/aventeira.com\/wp-content\/uploads\/2026\/07\/Imaxes-Sitio-Web-Aventeira-10-1.png","width":1920,"height":1080},{"@type":"BreadcrumbList","@id":"https:\/\/aventeira.com\/index.php\/aviso-legal\/#breadcrumb","itemListElement":[{"@type":"ListItem","position":1,"name":"Portada","item":"https:\/\/aventeira.com\/"},{"@type":"ListItem","position":2,"name":"Aviso Legal"}]},{"@type":"WebSite","@id":"https:\/\/aventeira.com\/#website","url":"https:\/\/aventeira.com\/","name":"Aventeira S. Coop. Galega","description":"","publisher":{"@id":"https:\/\/aventeira.com\/#organization"},"potentialAction":[{"@type":"SearchAction","target":{"@type":"EntryPoint","urlTemplate":"https:\/\/aventeira.com\/?s={search_term_string}"},"query-input":{"@type":"PropertyValueSpecification","valueRequired":true,"valueName":"search_term_string"}}],"inLanguage":"es"},{"@type":"Organization","@id":"https:\/\/aventeira.com\/#organization","name":"Aventeira S. Coop. Galega","url":"https:\/\/aventeira.com\/","logo":{"@type":"ImageObject","inLanguage":"es","@id":"https:\/\/aventeira.com\/#\/schema\/logo\/image\/","url":"https:\/\/aventeira.com\/wp-content\/uploads\/2026\/07\/Logo-Verde-1.png","contentUrl":"https:\/\/aventeira.com\/wp-content\/uploads\/2026\/07\/Logo-Verde-1.png","width":876,"height":242,"caption":"Aventeira S. Coop. Galega"},"image":{"@id":"https:\/\/aventeira.com\/#\/schema\/logo\/image\/"}}]}},"_links":{"self":[{"href":"https:\/\/aventeira.com\/index.php\/wp-json\/wp\/v2\/pages\/1565","targetHints":{"allow":["GET"]}}],"collection":[{"href":"https:\/\/aventeira.com\/index.php\/wp-json\/wp\/v2\/pages"}],"about":[{"href":"https:\/\/aventeira.com\/index.php\/wp-json\/wp\/v2\/types\/page"}],"author":[{"embeddable":true,"href":"https:\/\/aventeira.com\/index.php\/wp-json\/wp\/v2\/users\/1"}],"replies":[{"embeddable":true,"href":"https:\/\/aventeira.com\/index.php\/wp-json\/wp\/v2\/comments?post=1565"}],"version-history":[{"count":131,"href":"https:\/\/aventeira.com\/index.php\/wp-json\/wp\/v2\/pages\/1565\/revisions"}],"predecessor-version":[{"id":2220,"href":"https:\/\/aventeira.com\/index.php\/wp-json\/wp\/v2\/pages\/1565\/revisions\/2220"}],"wp:featuredmedia":[{"embeddable":true,"href":"https:\/\/aventeira.com\/index.php\/wp-json\/wp\/v2\/media\/664"}],"wp:attachment":[{"href":"https:\/\/aventeira.com\/index.php\/wp-json\/wp\/v2\/media?parent=1565"}],"curies":[{"name":"wp","href":"https:\/\/api.w.org\/{rel}","templated":true}]}}