{"id":2069,"date":"2026-07-23T07:48:33","date_gmt":"2026-07-23T07:48:33","guid":{"rendered":"https:\/\/probas.aventeira.com\/?page_id=2069"},"modified":"2026-07-23T08:01:04","modified_gmt":"2026-07-23T08:01:04","slug":"politica-de-privacidade","status":"publish","type":"page","link":"https:\/\/aventeira.com\/index.php\/politica-de-privacidade\/","title":{"rendered":"Pol\u00edtica de Privacidade"},"content":{"rendered":"\t\t<div data-elementor-type=\"wp-page\" data-elementor-id=\"2069\" class=\"elementor elementor-2069\">\n\t\t\t\t<div class=\"elementor-element elementor-element-f3f2700 e-con-full e-flex e-con e-parent\" data-id=\"f3f2700\" data-element_type=\"container\" data-e-type=\"container\">\n\t\t\t\t<div class=\"elementor-element elementor-element-8bd8a83 elementor-widget__width-inherit elementor-widget elementor-widget-image\" data-id=\"8bd8a83\" data-element_type=\"widget\" data-e-type=\"widget\" data-widget_type=\"image.default\">\n\t\t\t\t\t\t\t\t\t\t\t\t\t\t\t<img fetchpriority=\"high\" decoding=\"async\" width=\"1920\" height=\"350\" src=\"https:\/\/aventeira.com\/wp-content\/uploads\/2026\/07\/4-1.png\" class=\"attachment-full size-full wp-image-1798\" alt=\"\" srcset=\"https:\/\/aventeira.com\/wp-content\/uploads\/2026\/07\/4-1.png 1920w, https:\/\/aventeira.com\/wp-content\/uploads\/2026\/07\/4-1-300x55.png 300w, https:\/\/aventeira.com\/wp-content\/uploads\/2026\/07\/4-1-1024x187.png 1024w, https:\/\/aventeira.com\/wp-content\/uploads\/2026\/07\/4-1-768x140.png 768w, https:\/\/aventeira.com\/wp-content\/uploads\/2026\/07\/4-1-1536x280.png 1536w\" sizes=\"(max-width: 1920px) 100vw, 1920px\" \/>\t\t\t\t\t\t\t\t\t\t\t\t\t\t\t<\/div>\n\t\t\t\t<\/div>\n\t\t<div class=\"elementor-element elementor-element-40c4eaf e-flex e-con-boxed e-con e-parent\" data-id=\"40c4eaf\" data-element_type=\"container\" data-e-type=\"container\">\n\t\t\t\t\t<div class=\"e-con-inner\">\n\t\t\t\t<div class=\"elementor-element elementor-element-94df684 elementor-widget-mobile__width-initial elementor-invisible elementor-widget elementor-widget-heading\" data-id=\"94df684\" data-element_type=\"widget\" data-e-type=\"widget\" data-settings=\"{&quot;_animation&quot;:&quot;fadeIn&quot;}\" data-widget_type=\"heading.default\">\n\t\t\t\t\t<h2 class=\"elementor-heading-title elementor-size-default\">Pol\u00edtica de Privacidade<\/h2>\t\t\t\t<\/div>\n\t\t\t\t<div class=\"elementor-element elementor-element-7924bf0 elementor-widget-mobile__width-initial elementor-widget elementor-widget-heading\" data-id=\"7924bf0\" data-element_type=\"widget\" data-e-type=\"widget\" data-widget_type=\"heading.default\">\n\t\t\t\t\t<h6 class=\"elementor-heading-title elementor-size-default\">DEREITO DE INFORMACI\u00d3N<\/h6>\t\t\t\t<\/div>\n\t\t\t\t<div class=\"elementor-element elementor-element-2feefe9 elementor-widget-mobile__width-initial elementor-widget elementor-widget-text-editor\" data-id=\"2feefe9\" data-element_type=\"widget\" data-e-type=\"widget\" data-widget_type=\"text-editor.default\">\n\t\t\t\t\t\t\t\t\t<p>Para os efectos do disposto no Regulamento (UE) 2016\/679 do 27 de abril de 2016 (GDPR), relativo \u00e1 protecci\u00f3n das persoas f\u00edsicas no que respecta ao tratamento de datos persoais e \u00e1 libre circulaci\u00f3n destes datos e \u00e1 Lei Org\u00e1nica 3\/2018 do 5 de decembro, de protecci\u00f3n de datos de car\u00e1cter persoal e garant\u00eda dos dereitos dixitais (LOPDGDD), inf\u00f3rmase ao usuario da existencia dun tratamento automatizado de datos de car\u00e1cter persoal creado por AVENTEIRA S. COOP. GALEGA e baixo a s\u00faa responsabilidade cos datos persoais que nos puidese facilitar durante a navegaci\u00f3n polo noso sitio web, xa ben sexa no momento do seu rexistro ou cando remita unha mensaxe de correo electr\u00f3nico.<\/p>\t\t\t\t\t\t\t\t<\/div>\n\t\t\t\t<div class=\"elementor-element elementor-element-af689bf elementor-widget-mobile__width-initial elementor-widget elementor-widget-heading\" data-id=\"af689bf\" data-element_type=\"widget\" data-e-type=\"widget\" data-widget_type=\"heading.default\">\n\t\t\t\t\t<h6 class=\"elementor-heading-title elementor-size-default\">RESPONSABLE DO TRATAMENTO<\/h6>\t\t\t\t<\/div>\n\t\t\t\t<div class=\"elementor-element elementor-element-e0ecbb7 elementor-widget-mobile__width-initial elementor-widget elementor-widget-text-editor\" data-id=\"e0ecbb7\" data-element_type=\"widget\" data-e-type=\"widget\" data-widget_type=\"text-editor.default\">\n\t\t\t\t\t\t\t\t\t<ul>\n<li><strong>Denominaci\u00f3n social:<\/strong>\u00a0AVENTEIRA S. COOP. GALEGA<\/li>\n<li><strong>CIF:<\/strong>\u00a0F70577010<\/li>\n<li><strong>Domicilio social:<\/strong>\u00a0AVDA. CONCES 61-2 PORTA 3 15500 \u2013 FENE (A CORU\u00d1A)<\/li>\n<li><strong>Tel\u00e9fono:<\/strong> <span style=\"font-weight: 400;\">617 837 222<\/span><\/li>\n<li><strong>Correo electr\u00f3nico a efectos de comunicaci\u00f3n:<\/strong> xestion@aventeira.com<\/li>\n<\/ul>\t\t\t\t\t\t\t\t<\/div>\n\t\t\t\t<div class=\"elementor-element elementor-element-e02786b elementor-widget-mobile__width-initial elementor-widget elementor-widget-heading\" data-id=\"e02786b\" data-element_type=\"widget\" data-e-type=\"widget\" data-widget_type=\"heading.default\">\n\t\t\t\t\t<h6 class=\"elementor-heading-title elementor-size-default\">FINALIDADE DO TRATAMENTO<\/h6>\t\t\t\t<\/div>\n\t\t\t\t<div class=\"elementor-element elementor-element-50c39a0 elementor-widget-mobile__width-initial elementor-widget elementor-widget-text-editor\" data-id=\"50c39a0\" data-element_type=\"widget\" data-e-type=\"widget\" data-widget_type=\"text-editor.default\">\n\t\t\t\t\t\t\t\t\t<p>Indic\u00e1moslle que a finalidade do tratamento dos seus datos \u00e9 a descrita en cada un dos formularios establecidos na p\u00e1xina web nos que vostede nos facilita os seus datos.<\/p>\t\t\t\t\t\t\t\t<\/div>\n\t\t\t\t<div class=\"elementor-element elementor-element-b939b24 elementor-widget-mobile__width-initial elementor-widget elementor-widget-heading\" data-id=\"b939b24\" data-element_type=\"widget\" data-e-type=\"widget\" data-widget_type=\"heading.default\">\n\t\t\t\t\t<h6 class=\"elementor-heading-title elementor-size-default\">LEXITIMACI\u00d3N<\/h6>\t\t\t\t<\/div>\n\t\t\t\t<div class=\"elementor-element elementor-element-d3fc75a elementor-widget-mobile__width-initial elementor-widget elementor-widget-text-editor\" data-id=\"d3fc75a\" data-element_type=\"widget\" data-e-type=\"widget\" data-widget_type=\"text-editor.default\">\n\t\t\t\t\t\t\t\t\t<p>Artigo 6.1. a) do RGPD. O interesado deu o seu consentimento para o tratamento dos seus datos persoais para un ou varios fins espec\u00edficos.<\/p>\t\t\t\t\t\t\t\t<\/div>\n\t\t\t\t<div class=\"elementor-element elementor-element-d66fabd elementor-widget-mobile__width-initial elementor-widget elementor-widget-heading\" data-id=\"d66fabd\" data-element_type=\"widget\" data-e-type=\"widget\" data-widget_type=\"heading.default\">\n\t\t\t\t\t<h6 class=\"elementor-heading-title elementor-size-default\">CONSERVACI\u00d3N E TRATAMENTO DOS DATOS<\/h6>\t\t\t\t<\/div>\n\t\t\t\t<div class=\"elementor-element elementor-element-f385eb5 elementor-widget-mobile__width-initial elementor-widget elementor-widget-text-editor\" data-id=\"f385eb5\" data-element_type=\"widget\" data-e-type=\"widget\" data-widget_type=\"text-editor.default\">\n\t\t\t\t\t\t\t\t\t<p>Os seus datos ser\u00e1n conservados durante o tempo necesario para atender a s\u00faa solicitude, a condici\u00f3n de que non nos indique o contrario exercendo o seu dereito de supresi\u00f3n, ou durante o tempo necesario para cumprir coas obrigaci\u00f3ns legais e atender as posibles responsabilidades que puidesen derivar do cumprimento da finalidade para a que os datos foron solicitados.<\/p><p>En caso de ser necesario, AVENTEIRA S. COOP. GALEGA cancelar\u00e1 ou rectificar\u00e1 os datos cando resulten inexactos, incompletos ou deixasen de ser necesarios para a s\u00faa finalidade, de conformidade co previsto na lexislaci\u00f3n vixente en materia de Protecci\u00f3n de Datos de Car\u00e1cter Persoal.<\/p><p>Mentres non nos comunique o contrario, entenderemos que os seus datos non foron modificados, que vostede se compromete a notificarnos calquera variaci\u00f3n e que temos o consentimento para utilizalos a fin de poder fidelizar a relaci\u00f3n entre as partes.<\/p><p>Os datos facilitados non ser\u00e1n cedidos a terceiros salvo nos casos en que exista unha obrigaci\u00f3n legal.<\/p><p>AVENTEIRA S. COOP. GALEGA non elaborar\u00e1 ning\u00fan tipo de \u201cperfil\u201d, en base \u00e1 informaci\u00f3n facilitada. Non se tomar\u00e1n decisi\u00f3ns automatizadas en base a perf\u00eds.<\/p><p>De acordo co que establece a Lei 34\/2002, de Servizos da Sociedade da Informaci\u00f3n e o Comercio Electr\u00f3nico no seu artigo 21, solicitaremos o seu consentimento para poder realizar comunicaci\u00f3ns publicitarias que consideremos poidan ser do seu interese, por correo electr\u00f3nico ou por calquera outro medio de comunicaci\u00f3n electr\u00f3nica equivalente.<\/p><p>Vostede ten dereito a opo\u00f1erse e\/ou retirar o consentimento ao tratamento dos datos indicados anteriormente, no seu caso, e en calquera momento, sen que iso afecte \u00e1 licitude do tratamento baseado no consentimento previo \u00e1 s\u00faa retirada, mediante notificaci\u00f3n ao responsable do tratamento na\/s direcci\u00f3n\/s indicada\/s.<\/p>\t\t\t\t\t\t\t\t<\/div>\n\t\t\t\t<div class=\"elementor-element elementor-element-dee338f elementor-widget-mobile__width-initial elementor-widget elementor-widget-heading\" data-id=\"dee338f\" data-element_type=\"widget\" data-e-type=\"widget\" data-widget_type=\"heading.default\">\n\t\t\t\t\t<h6 class=\"elementor-heading-title elementor-size-default\">MEDIDAS T\u00c9CNICAS E ORGANIZATIVAS<\/h6>\t\t\t\t<\/div>\n\t\t\t\t<div class=\"elementor-element elementor-element-1483488 elementor-widget-mobile__width-initial elementor-widget elementor-widget-text-editor\" data-id=\"1483488\" data-element_type=\"widget\" data-e-type=\"widget\" data-widget_type=\"text-editor.default\">\n\t\t\t\t\t\t\t\t\t<p>AVENTEIRA S. COOP. GALEGA adopta as medidas t\u00e9cnicas, controis e procedementos de car\u00e1cter f\u00edsico, organizativo e tecnol\u00f3xico, razoablemente fiables e efectivos, orientados a preservar a integridade e a seguridade dos seus datos e garantir a s\u00faa privacidade. Con todo, non asume ningunha responsabilidade polos danos e prexu\u00edzos derivados de alteraci\u00f3ns que terceiros poidan causar nos sistemas inform\u00e1ticos, documentos electr\u00f3nicos ou ficheiros do usuario.<\/p>\n<p>Ademais, todo o persoal con acceso aos datos persoais foi formado e ten co\u00f1ecemento das s\u00faas obrigaci\u00f3ns con relaci\u00f3n aos tratamentos de datos persoais.<\/p>\n<p>No caso dos contratos que subscribimos cos nosos provedores inclu\u00edmos cl\u00e1usulas nas que se lles esixe manter o deber de secreto respecto aos datos de car\u00e1cter persoal aos que tivesen acceso en virtude do encargo realizado, as\u00ed como implantar as medidas de seguridade t\u00e9cnicas e organizativas necesarias para garantir a confidencialidade, integridade, dispo\u00f1ibilidade e resiliencia permanentes dos sistemas e servizos de tratamento dos datos persoais.<\/p>\n<p>Todas estas medidas de seguridade son revisadas de forma peri\u00f3dica para garantir a s\u00faa adecuaci\u00f3n e efectividade.<\/p>\n<p>Con todo, a seguridade absoluta non se pode garantir e non existe ning\u00fan sistema de seguridade que sexa impenetrable polo que, no caso de calquera informaci\u00f3n obxecto de tratamento e baixo o noso control v\u00edsese comprometida como consecuencia dunha fenda de seguridade, tomaremos as medidas adecuadas para investigar o incidente, notificalo \u00e1 Autoridade de Control e, no seu caso, a aqueles usuarios que se puideron ver afectados para que tomen as medidas adecuadas.<\/p>\t\t\t\t\t\t\t\t<\/div>\n\t\t\t\t<div class=\"elementor-element elementor-element-bd6e26f elementor-widget-mobile__width-initial elementor-widget elementor-widget-heading\" data-id=\"bd6e26f\" data-element_type=\"widget\" data-e-type=\"widget\" data-widget_type=\"heading.default\">\n\t\t\t\t\t<h6 class=\"elementor-heading-title elementor-size-default\">DEREITOS<\/h6>\t\t\t\t<\/div>\n\t\t\t\t<div class=\"elementor-element elementor-element-48046a6 elementor-widget-mobile__width-initial elementor-widget elementor-widget-text-editor\" data-id=\"48046a6\" data-element_type=\"widget\" data-e-type=\"widget\" data-widget_type=\"text-editor.default\">\n\t\t\t\t\t\t\t\t\t<p>O usuario poder\u00e1 exercer os dereitos de acceso, rectificaci\u00f3n, supresi\u00f3n, oposici\u00f3n, limitaci\u00f3n do tratamento, portabilidade de datos e a non ser obxecto de decisi\u00f3ns individualizadas automatizadas, en relaci\u00f3n cos datos obxecto do tratamento, ante o responsable do tratamento na direcci\u00f3n anteriormente mencionada ou por correo electr\u00f3nico a\u00a0<strong>xestion@aventeira.com<\/strong>, anexando copia do seu DNI ou documento <span style=\"font-weight: 400;\">acreditativo equivalente, ou calquera forma de identificaci\u00f3n inequ\u00edvoca v\u00e1lida.<\/span><\/p>\n<p>No caso de que non obtivese satisfacci\u00f3n no exercicio dos seus dereitos, poder\u00e1 presentar unha reclamaci\u00f3n ante a Autoridade de Control en materia Protecci\u00f3n de Datos competente, sendo esta a Axencia Espa\u00f1ola de Protecci\u00f3n de Datos, e cuxos datos de contacto est\u00e1n accesibles <a href=\"https:\/\/sedeaepd.gob.es\/sede-electronica\/home\">aqu\u00ed<\/a>.<\/p>\t\t\t\t\t\t\t\t<\/div>\n\t\t\t\t<div class=\"elementor-element elementor-element-6bfe415 elementor-widget elementor-widget-spacer\" data-id=\"6bfe415\" data-element_type=\"widget\" data-e-type=\"widget\" data-widget_type=\"spacer.default\">\n\t\t\t\t\t\t\t<div class=\"elementor-spacer\">\n\t\t\t<div class=\"elementor-spacer-inner\"><\/div>\n\t\t<\/div>\n\t\t\t\t\t\t<\/div>\n\t\t\t\t\t<\/div>\n\t\t\t\t<\/div>\n\t\t\t\t<\/div>\n\t\t","protected":false},"excerpt":{"rendered":"<p>Pol\u00edtica de Privacidade DEREITO DE INFORMACI\u00d3N Para os efectos do disposto no Regulamento (UE) 2016\/679 do 27 de abril de 2016 (GDPR), relativo \u00e1 protecci\u00f3n das persoas f\u00edsicas no que respecta ao tratamento de datos persoais e \u00e1 libre circulaci\u00f3n destes datos e \u00e1 Lei Org\u00e1nica 3\/2018 do 5 de decembro, de protecci\u00f3n de datos [&hellip;]<\/p>\n","protected":false},"author":1,"featured_media":664,"parent":0,"menu_order":0,"comment_status":"closed","ping_status":"closed","template":"elementor_header_footer","meta":{"footnotes":""},"class_list":["post-2069","page","type-page","status-publish","has-post-thumbnail","hentry"],"yoast_head":"<!-- This site is optimized with the Yoast SEO plugin v28.1 - https:\/\/yoast.com\/product\/yoast-seo-wordpress\/ -->\n<title>Pol\u00edtica de Privacidade - Aventeira S. Coop. Galega<\/title>\n<meta name=\"description\" content=\"Co\u00f1ece como recompilamos, utilizamos e protexemos os teus datos persoais de acordo coa normativa vixente en materia de protecci\u00f3n de datos.\" \/>\n<meta name=\"robots\" content=\"index, follow, max-snippet:-1, max-image-preview:large, max-video-preview:-1\" \/>\n<link rel=\"canonical\" href=\"https:\/\/aventeira.com\/index.php\/politica-de-privacidade\/\" \/>\n<meta property=\"og:locale\" content=\"es_ES\" \/>\n<meta property=\"og:type\" content=\"article\" \/>\n<meta property=\"og:title\" content=\"Pol\u00edtica de Privacidade\" \/>\n<meta property=\"og:description\" content=\"Co\u00f1ece como recompilamos, utilizamos e protexemos os teus datos persoais de acordo coa normativa vixente en materia de protecci\u00f3n de datos.\" \/>\n<meta property=\"og:url\" content=\"https:\/\/aventeira.com\/index.php\/politica-de-privacidade\/\" \/>\n<meta property=\"og:site_name\" content=\"Aventeira S. Coop. Galega\" \/>\n<meta property=\"article:modified_time\" content=\"2026-07-23T08:01:04+00:00\" \/>\n<meta property=\"og:image\" content=\"https:\/\/aventeira.com\/wp-content\/uploads\/2026\/07\/Imaxes-Sitio-Web-Aventeira-10-1-1024x576.png\" \/>\n\t<meta property=\"og:image:width\" content=\"1024\" \/>\n\t<meta property=\"og:image:height\" content=\"576\" \/>\n\t<meta property=\"og:image:type\" content=\"image\/png\" \/>\n<meta name=\"twitter:card\" content=\"summary_large_image\" \/>\n<meta name=\"twitter:label1\" content=\"Tiempo de lectura\" \/>\n\t<meta name=\"twitter:data1\" content=\"5 minutos\" \/>\n<script type=\"application\/ld+json\" class=\"yoast-schema-graph\">{\"@context\":\"https:\\\/\\\/schema.org\",\"@graph\":[{\"@type\":\"WebPage\",\"@id\":\"https:\\\/\\\/aventeira.com\\\/index.php\\\/politica-de-privacidade\\\/\",\"url\":\"https:\\\/\\\/aventeira.com\\\/index.php\\\/politica-de-privacidade\\\/\",\"name\":\"Pol\u00edtica de Privacidade - Aventeira S. Coop. Galega\",\"isPartOf\":{\"@id\":\"https:\\\/\\\/aventeira.com\\\/#website\"},\"primaryImageOfPage\":{\"@id\":\"https:\\\/\\\/aventeira.com\\\/index.php\\\/politica-de-privacidade\\\/#primaryimage\"},\"image\":{\"@id\":\"https:\\\/\\\/aventeira.com\\\/index.php\\\/politica-de-privacidade\\\/#primaryimage\"},\"thumbnailUrl\":\"https:\\\/\\\/aventeira.com\\\/wp-content\\\/uploads\\\/2026\\\/07\\\/Imaxes-Sitio-Web-Aventeira-10-1.png\",\"datePublished\":\"2026-07-23T07:48:33+00:00\",\"dateModified\":\"2026-07-23T08:01:04+00:00\",\"description\":\"Co\u00f1ece como recompilamos, utilizamos e protexemos os teus datos persoais de acordo coa normativa vixente en materia de protecci\u00f3n de datos.\",\"breadcrumb\":{\"@id\":\"https:\\\/\\\/aventeira.com\\\/index.php\\\/politica-de-privacidade\\\/#breadcrumb\"},\"inLanguage\":\"es\",\"potentialAction\":[{\"@type\":\"ReadAction\",\"target\":[\"https:\\\/\\\/aventeira.com\\\/index.php\\\/politica-de-privacidade\\\/\"]}]},{\"@type\":\"ImageObject\",\"inLanguage\":\"es\",\"@id\":\"https:\\\/\\\/aventeira.com\\\/index.php\\\/politica-de-privacidade\\\/#primaryimage\",\"url\":\"https:\\\/\\\/aventeira.com\\\/wp-content\\\/uploads\\\/2026\\\/07\\\/Imaxes-Sitio-Web-Aventeira-10-1.png\",\"contentUrl\":\"https:\\\/\\\/aventeira.com\\\/wp-content\\\/uploads\\\/2026\\\/07\\\/Imaxes-Sitio-Web-Aventeira-10-1.png\",\"width\":1920,\"height\":1080},{\"@type\":\"BreadcrumbList\",\"@id\":\"https:\\\/\\\/aventeira.com\\\/index.php\\\/politica-de-privacidade\\\/#breadcrumb\",\"itemListElement\":[{\"@type\":\"ListItem\",\"position\":1,\"name\":\"Portada\",\"item\":\"https:\\\/\\\/aventeira.com\\\/\"},{\"@type\":\"ListItem\",\"position\":2,\"name\":\"Pol\u00edtica de Privacidade\"}]},{\"@type\":\"WebSite\",\"@id\":\"https:\\\/\\\/aventeira.com\\\/#website\",\"url\":\"https:\\\/\\\/aventeira.com\\\/\",\"name\":\"Aventeira S. Coop. Galega\",\"description\":\"\",\"publisher\":{\"@id\":\"https:\\\/\\\/aventeira.com\\\/#organization\"},\"potentialAction\":[{\"@type\":\"SearchAction\",\"target\":{\"@type\":\"EntryPoint\",\"urlTemplate\":\"https:\\\/\\\/aventeira.com\\\/?s={search_term_string}\"},\"query-input\":{\"@type\":\"PropertyValueSpecification\",\"valueRequired\":true,\"valueName\":\"search_term_string\"}}],\"inLanguage\":\"es\"},{\"@type\":\"Organization\",\"@id\":\"https:\\\/\\\/aventeira.com\\\/#organization\",\"name\":\"Aventeira S. Coop. Galega\",\"url\":\"https:\\\/\\\/aventeira.com\\\/\",\"logo\":{\"@type\":\"ImageObject\",\"inLanguage\":\"es\",\"@id\":\"https:\\\/\\\/aventeira.com\\\/#\\\/schema\\\/logo\\\/image\\\/\",\"url\":\"https:\\\/\\\/aventeira.com\\\/wp-content\\\/uploads\\\/2026\\\/07\\\/Logo-Verde-1.png\",\"contentUrl\":\"https:\\\/\\\/aventeira.com\\\/wp-content\\\/uploads\\\/2026\\\/07\\\/Logo-Verde-1.png\",\"width\":876,\"height\":242,\"caption\":\"Aventeira S. Coop. Galega\"},\"image\":{\"@id\":\"https:\\\/\\\/aventeira.com\\\/#\\\/schema\\\/logo\\\/image\\\/\"}}]}<\/script>\n<!-- \/ Yoast SEO plugin. -->","yoast_head_json":{"title":"Pol\u00edtica de Privacidade - Aventeira S. Coop. Galega","description":"Co\u00f1ece como recompilamos, utilizamos e protexemos os teus datos persoais de acordo coa normativa vixente en materia de protecci\u00f3n de datos.","robots":{"index":"index","follow":"follow","max-snippet":"max-snippet:-1","max-image-preview":"max-image-preview:large","max-video-preview":"max-video-preview:-1"},"canonical":"https:\/\/aventeira.com\/index.php\/politica-de-privacidade\/","og_locale":"es_ES","og_type":"article","og_title":"Pol\u00edtica de Privacidade","og_description":"Co\u00f1ece como recompilamos, utilizamos e protexemos os teus datos persoais de acordo coa normativa vixente en materia de protecci\u00f3n de datos.","og_url":"https:\/\/aventeira.com\/index.php\/politica-de-privacidade\/","og_site_name":"Aventeira S. Coop. Galega","article_modified_time":"2026-07-23T08:01:04+00:00","og_image":[{"width":1024,"height":576,"url":"https:\/\/aventeira.com\/wp-content\/uploads\/2026\/07\/Imaxes-Sitio-Web-Aventeira-10-1-1024x576.png","type":"image\/png"}],"twitter_card":"summary_large_image","twitter_misc":{"Tiempo de lectura":"5 minutos"},"schema":{"@context":"https:\/\/schema.org","@graph":[{"@type":"WebPage","@id":"https:\/\/aventeira.com\/index.php\/politica-de-privacidade\/","url":"https:\/\/aventeira.com\/index.php\/politica-de-privacidade\/","name":"Pol\u00edtica de Privacidade - Aventeira S. Coop. Galega","isPartOf":{"@id":"https:\/\/aventeira.com\/#website"},"primaryImageOfPage":{"@id":"https:\/\/aventeira.com\/index.php\/politica-de-privacidade\/#primaryimage"},"image":{"@id":"https:\/\/aventeira.com\/index.php\/politica-de-privacidade\/#primaryimage"},"thumbnailUrl":"https:\/\/aventeira.com\/wp-content\/uploads\/2026\/07\/Imaxes-Sitio-Web-Aventeira-10-1.png","datePublished":"2026-07-23T07:48:33+00:00","dateModified":"2026-07-23T08:01:04+00:00","description":"Co\u00f1ece como recompilamos, utilizamos e protexemos os teus datos persoais de acordo coa normativa vixente en materia de protecci\u00f3n de datos.","breadcrumb":{"@id":"https:\/\/aventeira.com\/index.php\/politica-de-privacidade\/#breadcrumb"},"inLanguage":"es","potentialAction":[{"@type":"ReadAction","target":["https:\/\/aventeira.com\/index.php\/politica-de-privacidade\/"]}]},{"@type":"ImageObject","inLanguage":"es","@id":"https:\/\/aventeira.com\/index.php\/politica-de-privacidade\/#primaryimage","url":"https:\/\/aventeira.com\/wp-content\/uploads\/2026\/07\/Imaxes-Sitio-Web-Aventeira-10-1.png","contentUrl":"https:\/\/aventeira.com\/wp-content\/uploads\/2026\/07\/Imaxes-Sitio-Web-Aventeira-10-1.png","width":1920,"height":1080},{"@type":"BreadcrumbList","@id":"https:\/\/aventeira.com\/index.php\/politica-de-privacidade\/#breadcrumb","itemListElement":[{"@type":"ListItem","position":1,"name":"Portada","item":"https:\/\/aventeira.com\/"},{"@type":"ListItem","position":2,"name":"Pol\u00edtica de Privacidade"}]},{"@type":"WebSite","@id":"https:\/\/aventeira.com\/#website","url":"https:\/\/aventeira.com\/","name":"Aventeira S. Coop. Galega","description":"","publisher":{"@id":"https:\/\/aventeira.com\/#organization"},"potentialAction":[{"@type":"SearchAction","target":{"@type":"EntryPoint","urlTemplate":"https:\/\/aventeira.com\/?s={search_term_string}"},"query-input":{"@type":"PropertyValueSpecification","valueRequired":true,"valueName":"search_term_string"}}],"inLanguage":"es"},{"@type":"Organization","@id":"https:\/\/aventeira.com\/#organization","name":"Aventeira S. Coop. Galega","url":"https:\/\/aventeira.com\/","logo":{"@type":"ImageObject","inLanguage":"es","@id":"https:\/\/aventeira.com\/#\/schema\/logo\/image\/","url":"https:\/\/aventeira.com\/wp-content\/uploads\/2026\/07\/Logo-Verde-1.png","contentUrl":"https:\/\/aventeira.com\/wp-content\/uploads\/2026\/07\/Logo-Verde-1.png","width":876,"height":242,"caption":"Aventeira S. Coop. Galega"},"image":{"@id":"https:\/\/aventeira.com\/#\/schema\/logo\/image\/"}}]}},"_links":{"self":[{"href":"https:\/\/aventeira.com\/index.php\/wp-json\/wp\/v2\/pages\/2069","targetHints":{"allow":["GET"]}}],"collection":[{"href":"https:\/\/aventeira.com\/index.php\/wp-json\/wp\/v2\/pages"}],"about":[{"href":"https:\/\/aventeira.com\/index.php\/wp-json\/wp\/v2\/types\/page"}],"author":[{"embeddable":true,"href":"https:\/\/aventeira.com\/index.php\/wp-json\/wp\/v2\/users\/1"}],"replies":[{"embeddable":true,"href":"https:\/\/aventeira.com\/index.php\/wp-json\/wp\/v2\/comments?post=2069"}],"version-history":[{"count":11,"href":"https:\/\/aventeira.com\/index.php\/wp-json\/wp\/v2\/pages\/2069\/revisions"}],"predecessor-version":[{"id":2090,"href":"https:\/\/aventeira.com\/index.php\/wp-json\/wp\/v2\/pages\/2069\/revisions\/2090"}],"wp:featuredmedia":[{"embeddable":true,"href":"https:\/\/aventeira.com\/index.php\/wp-json\/wp\/v2\/media\/664"}],"wp:attachment":[{"href":"https:\/\/aventeira.com\/index.php\/wp-json\/wp\/v2\/media?parent=2069"}],"curies":[{"name":"wp","href":"https:\/\/api.w.org\/{rel}","templated":true}]}}