{"id":2203,"date":"2026-08-19T15:39:19","date_gmt":"2026-08-19T15:39:19","guid":{"rendered":"https:\/\/probas.aventeira.com\/?page_id=2203"},"modified":"2026-09-03T17:22:03","modified_gmt":"2026-09-03T17:22:03","slug":"curso-oficial-de-direccion-de-actividades-de-tempo-libre","status":"publish","type":"page","link":"https:\/\/aventeira.com\/index.php\/curso-oficial-de-direccion-de-actividades-de-tempo-libre\/","title":{"rendered":"Curso Oficial de Direcci\u00f3n de Actividades de Tempo Libre"},"content":{"rendered":"\t\t<div data-elementor-type=\"wp-page\" data-elementor-id=\"2203\" class=\"elementor elementor-2203\">\n\t\t\t\t<div class=\"elementor-element elementor-element-f3f2700 e-con-full e-flex e-con e-parent\" data-id=\"f3f2700\" data-element_type=\"container\" data-e-type=\"container\">\n\t\t\t\t<div class=\"elementor-element elementor-element-8bd8a83 elementor-widget__width-inherit elementor-widget elementor-widget-image\" data-id=\"8bd8a83\" data-element_type=\"widget\" data-e-type=\"widget\" data-widget_type=\"image.default\">\n\t\t\t\t\t\t\t\t\t\t\t\t\t\t\t<img fetchpriority=\"high\" decoding=\"async\" width=\"1920\" height=\"350\" src=\"https:\/\/aventeira.com\/wp-content\/uploads\/2026\/08\/Imaxes-Banner-Sitio-Web-Aventeira.png\" class=\"attachment-full size-full wp-image-2206\" alt=\"\" srcset=\"https:\/\/aventeira.com\/wp-content\/uploads\/2026\/08\/Imaxes-Banner-Sitio-Web-Aventeira.png 1920w, https:\/\/aventeira.com\/wp-content\/uploads\/2026\/08\/Imaxes-Banner-Sitio-Web-Aventeira-300x55.png 300w, https:\/\/aventeira.com\/wp-content\/uploads\/2026\/08\/Imaxes-Banner-Sitio-Web-Aventeira-1024x187.png 1024w, https:\/\/aventeira.com\/wp-content\/uploads\/2026\/08\/Imaxes-Banner-Sitio-Web-Aventeira-768x140.png 768w, https:\/\/aventeira.com\/wp-content\/uploads\/2026\/08\/Imaxes-Banner-Sitio-Web-Aventeira-1536x280.png 1536w\" sizes=\"(max-width: 1920px) 100vw, 1920px\" \/>\t\t\t\t\t\t\t\t\t\t\t\t\t\t\t<\/div>\n\t\t\t\t<\/div>\n\t\t<div class=\"elementor-element elementor-element-40c4eaf e-flex e-con-boxed e-con e-parent\" data-id=\"40c4eaf\" data-element_type=\"container\" data-e-type=\"container\">\n\t\t\t\t\t<div class=\"e-con-inner\">\n\t\t\t\t<div class=\"elementor-element elementor-element-697bb49 elementor-widget-mobile__width-initial elementor-invisible elementor-widget elementor-widget-heading\" data-id=\"697bb49\" data-element_type=\"widget\" data-e-type=\"widget\" data-settings=\"{&quot;_animation&quot;:&quot;fadeIn&quot;}\" data-widget_type=\"heading.default\">\n\t\t\t\t\t<h2 class=\"elementor-heading-title elementor-size-default\">Curso Oficial de Direcci\u00f3n de Actividades de Tempo Libre (A Coru\u00f1a - Outono 2026)<\/h2>\t\t\t\t<\/div>\n\t\t\t\t<div class=\"elementor-element elementor-element-ce6575e elementor-widget-mobile__width-initial elementor-widget elementor-widget-text-editor\" data-id=\"ce6575e\" data-element_type=\"widget\" data-e-type=\"widget\" data-widget_type=\"text-editor.default\">\n\t\t\t\t\t\t\t\t\t<p>Se es desas persoas que estar\u00eda todo o ano de campamento&#8230;<\/p><p>Se sabes que o tempo libre \u00e9 moito m\u00e1is que un traballo; \u00e9 unha forma de vida repleta de intensidade, emoci\u00f3n e momentos m\u00e1xicos&#8230;<\/p><p>Se queres seguir form\u00e1ndote e tes interese pola xesti\u00f3n e a coordinaci\u00f3n de equipos\u2026<\/p><p>A <b>Escola de Tempo Libre Aventeira<\/b> imparte o <strong>Curso Oficial de<\/strong><b>\u00a0Director\/a de Actividades de Tempo Libre<\/b>, titulaci\u00f3n homologada pola\u00a0<i><strong>Direcci\u00f3n Xeral de Xuventude da Xunta de Galicia<\/strong>,<\/i>\u00a0neste outono do 2026.<\/p>\t\t\t\t\t\t\t\t<\/div>\n\t\t\t\t<div class=\"elementor-element elementor-element-1bc1e08 elementor-align-center elementor-tablet-align-center elementor-invisible elementor-widget elementor-widget-button\" data-id=\"1bc1e08\" data-element_type=\"widget\" data-e-type=\"widget\" data-settings=\"{&quot;_animation&quot;:&quot;fadeIn&quot;,&quot;_animation_delay&quot;:400}\" data-widget_type=\"button.default\">\n\t\t\t\t\t\t\t\t\t\t<a class=\"elementor-button elementor-button-link elementor-size-sm\" href=\"https:\/\/docs.google.com\/forms\/d\/e\/1FAIpQLSfZwQlJuZ-MhH5vtU6DfNGppvhPRs3buF1a2sAK8DcmY_NVFw\/viewform\">\n\t\t\t\t\t\t<span class=\"elementor-button-content-wrapper\">\n\t\t\t\t\t\t\t\t\t<span class=\"elementor-button-text\">Inscr\u00edbete agora!<\/span>\n\t\t\t\t\t<\/span>\n\t\t\t\t\t<\/a>\n\t\t\t\t\t\t\t\t<\/div>\n\t\t\t\t<div class=\"elementor-element elementor-element-dbb1345 elementor-widget-mobile__width-initial elementor-widget elementor-widget-heading\" data-id=\"dbb1345\" data-element_type=\"widget\" data-e-type=\"widget\" data-widget_type=\"heading.default\">\n\t\t\t\t\t<h6 class=\"elementor-heading-title elementor-size-default\">DATAS<\/h6>\t\t\t\t<\/div>\n\t\t\t\t<div class=\"elementor-element elementor-element-03f17bf elementor-widget-mobile__width-initial elementor-widget elementor-widget-text-editor\" data-id=\"03f17bf\" data-element_type=\"widget\" data-e-type=\"widget\" data-widget_type=\"text-editor.default\">\n\t\t\t\t\t\t\t\t\t<p><b>Do 17 de outubro ao 13 de decembro.<\/b><\/p><ul><li><b>Parte presencial\u00a0<\/b><strong>(100h, en fins de semana):<\/strong>\u00a017-18 de outubro, 31 de outubro, 1 de novembro, 14-15 de novembro, 28-29 de novembro, 12-13 de decembro.<\/li><li><b>Parte\u00a0<\/b><b><i>online<\/i>\u00a0(50h)<\/b><b>:<\/b>\u00a0Do 21 de outubro ao 25 de novembro.<\/li><\/ul>\t\t\t\t\t\t\t\t<\/div>\n\t\t\t\t<div class=\"elementor-element elementor-element-d522bce elementor-widget-mobile__width-initial elementor-widget elementor-widget-heading\" data-id=\"d522bce\" data-element_type=\"widget\" data-e-type=\"widget\" data-widget_type=\"heading.default\">\n\t\t\t\t\t<h6 class=\"elementor-heading-title elementor-size-default\">HORARIO<\/h6>\t\t\t\t<\/div>\n\t\t\t\t<div class=\"elementor-element elementor-element-5e1a6f5 elementor-widget-mobile__width-initial elementor-widget elementor-widget-text-editor\" data-id=\"5e1a6f5\" data-element_type=\"widget\" data-e-type=\"widget\" data-widget_type=\"text-editor.default\">\n\t\t\t\t\t\t\t\t\t<ul><li><strong>Parte presencial:<\/strong>\u00a0De\u00a0<b>9:00 a 14:00<\/b>\u00a0e de\u00a0<b>15:30 a 20:30<\/b>.<\/li><li><strong>Parte\u00a0<em>online<\/em>:<\/strong>\u00a0Horario flexible a trav\u00e9s dun m\u00e9todo as\u00edncrono para a auto-organizaci\u00f3n por parte do alumnado. V\u00eddeo-titor\u00edas de asistencia optativa, que quedar\u00e1n gravadas para consulta posterior. Prazos parciais de entrega de traballos para seguimento.<\/li><\/ul>\t\t\t\t\t\t\t\t<\/div>\n\t\t\t\t<div class=\"elementor-element elementor-element-db6845f elementor-widget-mobile__width-initial elementor-widget elementor-widget-heading\" data-id=\"db6845f\" data-element_type=\"widget\" data-e-type=\"widget\" data-widget_type=\"heading.default\">\n\t\t\t\t\t<h6 class=\"elementor-heading-title elementor-size-default\">LUGAR<\/h6>\t\t\t\t<\/div>\n\t\t\t\t<div class=\"elementor-element elementor-element-bb294cf elementor-widget-mobile__width-initial elementor-widget elementor-widget-text-editor\" data-id=\"bb294cf\" data-element_type=\"widget\" data-e-type=\"widget\" data-widget_type=\"text-editor.default\">\n\t\t\t\t\t\t\t\t\t<p>O espazo principal de realizaci\u00f3n do curso ser\u00e1 a nosa aula, situada no <strong>C.C. O Ventorrillo, Planta 1, Local 3<\/strong>, na cidade de\u00a0<strong>A<\/strong>\u00a0<b>Coru\u00f1a<\/b>.<\/p><p>As Li\u00f1as 7, 12A e 14 do bus urbano da cidade paran moi preto! A\u00ednda que hai dispo\u00f1ibles zonas para aparcar, recomendamos compartir coche ou usar transporte p\u00fablico.<\/p>\t\t\t\t\t\t\t\t<\/div>\n\t\t\t\t<div class=\"elementor-element elementor-element-22a11a6 elementor-widget-mobile__width-initial elementor-widget elementor-widget-heading\" data-id=\"22a11a6\" data-element_type=\"widget\" data-e-type=\"widget\" data-widget_type=\"heading.default\">\n\t\t\t\t\t<h6 class=\"elementor-heading-title elementor-size-default\">DURACI\u00d3N<\/h6>\t\t\t\t<\/div>\n\t\t\t\t<div class=\"elementor-element elementor-element-9ded4b4 elementor-widget-mobile__width-initial elementor-widget elementor-widget-text-editor\" data-id=\"9ded4b4\" data-element_type=\"widget\" data-e-type=\"widget\" data-widget_type=\"text-editor.default\">\n\t\t\t\t\t\t\t\t\t<ul><li aria-level=\"1\"><strong>150 horas<\/strong>\u00a0<strong>da<\/strong>\u00a0<strong>fase te\u00f3rico-pr\u00e1ctica<\/strong>\u00a0(100 horas presenciais e 50\u00a0<em>online<\/em>).\u00a0<\/li><li aria-level=\"1\"><strong>150 horas da fase de pr\u00e1cticas<\/strong>.<\/li><\/ul>\t\t\t\t\t\t\t\t<\/div>\n\t\t\t\t<div class=\"elementor-element elementor-element-f407b60 elementor-widget-mobile__width-initial elementor-widget elementor-widget-text-editor\" data-id=\"f407b60\" data-element_type=\"widget\" data-e-type=\"widget\" data-widget_type=\"text-editor.default\">\n\t\t\t\t\t\t\t\t\t<p><strong>As pr\u00e1cticas<\/strong><strong>\u00a0real\u00edzanse unha vez rematada a fase te\u00f3rico-pr\u00e1ctica<\/strong>, e xesti\u00f3nanse directamente desde a propia Escola.\u00a0<b>Encarg\u00e1monos de ofrecerche diferentes opci\u00f3ns<\/b> para que poidas realizalas, a\u00ednda que tam\u00e9n tes a liberdade de buscar ti mesma\/o unha entidade onde facelas. Disp\u00f3s dun <strong>prazo de ata 2 anos<\/strong>\u00a0para rematalas.<\/p>\t\t\t\t\t\t\t\t<\/div>\n\t\t\t\t<div class=\"elementor-element elementor-element-81ddbb4 elementor-widget-mobile__width-initial elementor-widget elementor-widget-heading\" data-id=\"81ddbb4\" data-element_type=\"widget\" data-e-type=\"widget\" data-widget_type=\"heading.default\">\n\t\t\t\t\t<h6 class=\"elementor-heading-title elementor-size-default\">ASISTENCIA<\/h6>\t\t\t\t<\/div>\n\t\t\t\t<div class=\"elementor-element elementor-element-9fa70da elementor-widget-mobile__width-initial elementor-widget elementor-widget-text-editor\" data-id=\"9fa70da\" data-element_type=\"widget\" data-e-type=\"widget\" data-widget_type=\"text-editor.default\">\n\t\t\t\t\t\t\t\t\t<p>Prec\u00edsase <strong>unha\u00a0asistencia ao 80% do total das horas te\u00f3rico-pr\u00e1cticas<\/strong>\u00a0para superar o curso, as\u00ed como superar a parte\u00a0<em>online<\/em>.<\/p>\t\t\t\t\t\t\t\t<\/div>\n\t\t\t\t<div class=\"elementor-element elementor-element-fa5eb70 elementor-widget-mobile__width-initial elementor-widget elementor-widget-heading\" data-id=\"fa5eb70\" data-element_type=\"widget\" data-e-type=\"widget\" data-widget_type=\"heading.default\">\n\t\t\t\t\t<h6 class=\"elementor-heading-title elementor-size-default\">CONTIDOS<\/h6>\t\t\t\t<\/div>\n\t\t\t\t<div class=\"elementor-element elementor-element-f6e75c6 elementor-widget-mobile__width-initial elementor-widget elementor-widget-text-editor\" data-id=\"f6e75c6\" data-element_type=\"widget\" data-e-type=\"widget\" data-widget_type=\"text-editor.default\">\n\t\t\t\t\t\t\t\t\t<ul><li><b>Psicosociolox\u00eda:<\/b> T\u00e9cnicas de facilitaci\u00f3n de grupos, liderado, Intelixencia Emocional, xesti\u00f3n de conflitos, Mediaci\u00f3n, toma de decisi\u00f3ns, intervenci\u00f3n social, asociacionismo, perspectiva de x\u00e9nero, emoci\u00f3ns e coidados.<\/li><li><b>Acci\u00f3n educativa:<\/b> Educaci\u00f3n en Valores, correntes pedag\u00f3xicas, modelos de intervenci\u00f3n socioeducativa, relaci\u00f3n con familias, espazos de participaci\u00f3n, reflexi\u00f3n e avaliaci\u00f3n.<\/li><li><b>Xesti\u00f3n:<\/b> Dese\u00f1o de proxectos, composici\u00f3n de equipos, relaci\u00f3n coa administraci\u00f3n, xesti\u00f3n econ\u00f3mica e xerencial, v\u00edas de financiamento, lexislaci\u00f3n, prevenci\u00f3n de riscos laborais, ferramentas e recursos para a pr\u00e1ctica coti\u00e1.<\/li><\/ul>\t\t\t\t\t\t\t\t<\/div>\n\t\t\t\t<div class=\"elementor-element elementor-element-f5f7dab elementor-widget-mobile__width-initial elementor-widget elementor-widget-heading\" data-id=\"f5f7dab\" data-element_type=\"widget\" data-e-type=\"widget\" data-widget_type=\"heading.default\">\n\t\t\t\t\t<h6 class=\"elementor-heading-title elementor-size-default\">REQUISITOS<\/h6>\t\t\t\t<\/div>\n\t\t\t\t<div class=\"elementor-element elementor-element-2223c71 elementor-widget-mobile__width-initial elementor-widget elementor-widget-text-editor\" data-id=\"2223c71\" data-element_type=\"widget\" data-e-type=\"widget\" data-widget_type=\"text-editor.default\">\n\t\t\t\t\t\t\t\t\t<p><strong>1\/<\/strong> Estar en posesi\u00f3n do <strong>T\u00edtulo Oficial de Monitor\/a<\/strong><strong>\u00a0de Actividades de Tempo Libre<\/strong>.<\/p><p><strong>2\/<\/strong> Posu\u00edr, como m\u00ednimo, un <b>T\u00edtulo Oficial de Educaci\u00f3n Secundaria<\/b>\u00a0(ESO ou equivalente).<\/p><p><strong>3\/<\/strong> Acreditar unha <b>experiencia previa como monitor\/a <\/b>no campo da educaci\u00f3n\/animaci\u00f3n no tempo libre de, polo menos, 250 horas, ou como integrante dun equipo en colonias ou campamentos por un total de 30 d\u00edas, despois de ter obtido o T\u00edtulo Oficial de Monitor\/a de Actividades de Tempo Libre.<\/p>\t\t\t\t\t\t\t\t<\/div>\n\t\t\t\t<div class=\"elementor-element elementor-element-62962c8 elementor-widget-mobile__width-initial elementor-widget elementor-widget-heading\" data-id=\"62962c8\" data-element_type=\"widget\" data-e-type=\"widget\" data-widget_type=\"heading.default\">\n\t\t\t\t\t<h6 class=\"elementor-heading-title elementor-size-default\">N\u00daMERO DE PRAZAS<\/h6>\t\t\t\t<\/div>\n\t\t\t\t<div class=\"elementor-element elementor-element-e5c1aca elementor-widget-mobile__width-initial elementor-widget elementor-widget-text-editor\" data-id=\"e5c1aca\" data-element_type=\"widget\" data-e-type=\"widget\" data-widget_type=\"text-editor.default\">\n\t\t\t\t\t\t\t\t\t<p><b>25<\/b><\/p>\t\t\t\t\t\t\t\t<\/div>\n\t\t\t\t<div class=\"elementor-element elementor-element-54b16b2 elementor-widget-mobile__width-initial elementor-widget elementor-widget-heading\" data-id=\"54b16b2\" data-element_type=\"widget\" data-e-type=\"widget\" data-widget_type=\"heading.default\">\n\t\t\t\t\t<h6 class=\"elementor-heading-title elementor-size-default\">PREZO E PRAZOS DE INSCRICI\u00d3N<\/h6>\t\t\t\t<\/div>\n\t\t\t\t<div class=\"elementor-element elementor-element-b52ad7c elementor-widget-mobile__width-initial elementor-widget elementor-widget-text-editor\" data-id=\"b52ad7c\" data-element_type=\"widget\" data-e-type=\"widget\" data-widget_type=\"text-editor.default\">\n\t\t\t\t\t\t\t\t\t<p>O prazo de inscrici\u00f3n<strong> remata o 1 de outubro<\/strong>.<\/p><ul><li><strong>Pago \u00fanico: 285\u20ac\u00a0<\/strong>no momento da reserva.<\/li><li><strong>Pago fraccionado: 100\u20ac<\/strong>\u00a0no momento da reserva e\u00a0<strong>185\u20ac<\/strong> na confirmaci\u00f3n do curso antes do 9 de outubro.<\/li><\/ul>\t\t\t\t\t\t\t\t<\/div>\n\t\t\t\t<div class=\"elementor-element elementor-element-c431784 elementor-widget-mobile__width-initial elementor-widget elementor-widget-heading\" data-id=\"c431784\" data-element_type=\"widget\" data-e-type=\"widget\" data-widget_type=\"heading.default\">\n\t\t\t\t\t<h6 class=\"elementor-heading-title elementor-size-default\">SISTEMA DE BOLSAS<\/h6>\t\t\t\t<\/div>\n\t\t\t\t<div class=\"elementor-element elementor-element-f2081d4 elementor-widget-mobile__width-initial elementor-widget elementor-widget-text-editor\" data-id=\"f2081d4\" data-element_type=\"widget\" data-e-type=\"widget\" data-widget_type=\"text-editor.default\">\n\t\t\t\t\t\t\t\t\t<p>Existe a posibilidade de recibir\u00a0<strong>unha\u00a0<\/strong><strong>bolsa que cubra o custe parcial do curs<\/strong><strong>o<\/strong>. A apertura do sistema de bolsas est\u00e1\u00a0<b>supeditada ao n\u00famero de prazas cubertas<\/b>\u00a0e o seu n\u00famero \u00e9 limitado. Ademais, o seu desfrute est\u00e1 vinculado \u00e1 realizaci\u00f3n dun voluntariado nun n\u00famero de horas equivalente ao subvencionado, nunha entidade da t\u00faa elecci\u00f3n.<\/p><p>Se tes interese nesta cuesti\u00f3n, com\u00e9ntao no formulario de inscrici\u00f3n. Se conseguimos un n\u00famero de participantes suficiente para financiar as bolsas, por\u00e9monos en contacto contigo.<\/p>\t\t\t\t\t\t\t\t<\/div>\n\t\t\t\t<div class=\"elementor-element elementor-element-ccb518d elementor-widget-mobile__width-initial elementor-widget elementor-widget-heading\" data-id=\"ccb518d\" data-element_type=\"widget\" data-e-type=\"widget\" data-widget_type=\"heading.default\">\n\t\t\t\t\t<h6 class=\"elementor-heading-title elementor-size-default\">INSTRUCI\u00d3NS DE MATR\u00cdCULA<\/h6>\t\t\t\t<\/div>\n\t\t\t\t<div class=\"elementor-element elementor-element-f852b43 elementor-widget-mobile__width-initial elementor-widget elementor-widget-text-editor\" data-id=\"f852b43\" data-element_type=\"widget\" data-e-type=\"widget\" data-widget_type=\"text-editor.default\">\n\t\t\t\t\t\t\t\t\t<p><strong>1\/<\/strong> Cobre o <strong><a href=\"https:\/\/docs.google.com\/forms\/d\/e\/1FAIpQLSfZwQlJuZ-MhH5vtU6DfNGppvhPRs3buF1a2sAK8DcmY_NVFw\/viewform\">formulario de inscrici\u00f3n<\/a><\/strong>.<\/p><p><strong>2\/<\/strong> Realiza o <strong>ingreso correspondente \u00e1 matr\u00edcula<\/strong> do curso:\u00a0<\/p><p><strong>\u279c Modalidade de pago \u00fanico:\u00a0<\/strong><\/p><ul><li>Ingresa <strong>285\u20ac<\/strong> en concepto de pago do curso na seguinte conta de Triodos:\u00a0<b>ES61 1491 0001 2630 0011 1277<\/b>.\u00a0<\/li><li><strong>Concepto:<\/strong>\u00a0\u201cDATL + Nome e Apelidos\u201d.\u00a0<\/li><li>Esta cantidade non \u00e9 reembolsable baixo ningunha circunstancia, no caso de que te deas de baixa durante o proceso de inscrici\u00f3n ou unha vez comezada a formaci\u00f3n (\u00e9 a cantidade que asegura a viabilidade da celebraci\u00f3n do curso!). Si se reembolsar\u00e1 na s\u00faa totalidade no caso de que a Escola non puidese realizar o curso porque non se cubrisen as prazas m\u00ednimas.<\/li><li style=\"list-style-type: none;\">\u00a0<\/li><\/ul>\t\t\t\t\t\t\t\t<\/div>\n\t\t\t\t<div class=\"elementor-element elementor-element-afe419d elementor-widget-mobile__width-initial elementor-widget elementor-widget-text-editor\" data-id=\"afe419d\" data-element_type=\"widget\" data-e-type=\"widget\" data-widget_type=\"text-editor.default\">\n\t\t\t\t\t\t\t\t\t<p><strong>\u279c Modalidade de pago fraccionado:<\/strong><\/p><ul><li>Ingresa <strong>100\u20ac<\/strong> no momento da inscrici\u00f3n e <strong>185\u20ac<\/strong> na confirmaci\u00f3n do curso, en concepto de inscrici\u00f3n do curso, na seguinte conta de Triodos:\u00a0<b>ES61 1491 0001 2630 0011 1277<\/b>.\u00a0<\/li><li><strong>Concepto:<\/strong>\u00a0\u201cDATL inscrici\u00f3n + Nome e Apelidos\u201d.\u00a0<\/li><li>A segunda cota ser\u00e1 ingresada cando confirmemos a realizaci\u00f3n do curso.\u00a0<\/li><li>Estas cantidades non ser\u00e1n reembolsables baixo ningunha circunstancia, no caso de que te deas de baixa durante o proceso de inscrici\u00f3n ou unha vez comezada a formaci\u00f3n (\u00e9 a cantidade que asegura a viabilidade da celebraci\u00f3n do curso!). Si se reembolsar\u00e1 na s\u00faa totalidade no caso de que a Escola non puidese realizar o curso porque non se cubrisen as prazas m\u00ednimas.<\/li><li style=\"list-style-type: none;\">\u00a0<\/li><\/ul>\t\t\t\t\t\t\t\t<\/div>\n\t\t\t\t<div class=\"elementor-element elementor-element-9399856 elementor-widget-mobile__width-initial elementor-widget elementor-widget-text-editor\" data-id=\"9399856\" data-element_type=\"widget\" data-e-type=\"widget\" data-widget_type=\"text-editor.default\">\n\t\t\t\t\t\t\t\t\t<p><strong>3\/<\/strong>\u00a0Env\u00eda <strong style=\"background-color: transparent; letter-spacing: 0px;\">o resgardo\u00a0do ingreso<\/strong><span style=\"background-color: transparent; letter-spacing: 0px;\"> ou da transferencia na conta ao e-mail\u00a0<\/span><strong style=\"background-color: transparent; letter-spacing: 0px;\">escola@aventeira.com<\/strong><span style=\"background-color: transparent; letter-spacing: 0px;\">.<\/span><\/p>\t\t\t\t\t\t\t\t<\/div>\n\t\t\t\t<div class=\"elementor-element elementor-element-9e749f5 elementor-widget-mobile__width-initial elementor-widget elementor-widget-heading\" data-id=\"9e749f5\" data-element_type=\"widget\" data-e-type=\"widget\" data-widget_type=\"heading.default\">\n\t\t\t\t\t<h6 class=\"elementor-heading-title elementor-size-default\">CONFIRMACI\u00d3N DA INSCRICI\u00d3N<\/h6>\t\t\t\t<\/div>\n\t\t\t\t<div class=\"elementor-element elementor-element-919b8f8 elementor-widget-mobile__width-initial elementor-widget elementor-widget-text-editor\" data-id=\"919b8f8\" data-element_type=\"widget\" data-e-type=\"widget\" data-widget_type=\"text-editor.default\">\n\t\t\t\t\t\t\t\t\t<p><strong>Po\u00f1er\u00e9monos en contacto contigo, a trav\u00e9s de correo electr\u00f3nico, d\u00faas veces.<\/strong> Unha primeira para confirmar a recepci\u00f3n da inscrici\u00f3n e do pago, e unha segunda para confirmar a celebraci\u00f3n do curso, darche informaci\u00f3n pr\u00e1ctica e pedirche algunha documentaci\u00f3n.<\/p>\t\t\t\t\t\t\t\t<\/div>\n\t\t<div class=\"elementor-element elementor-element-e50a7a8 e-con-full e-flex e-con e-child\" data-id=\"e50a7a8\" data-element_type=\"container\" data-e-type=\"container\">\n\t\t<div class=\"elementor-element elementor-element-c5a87e7 e-con-full e-flex e-con e-child\" data-id=\"c5a87e7\" data-element_type=\"container\" data-e-type=\"container\">\n\t\t<div class=\"elementor-element elementor-element-27debcb e-con-full e-flex e-con e-child\" data-id=\"27debcb\" data-element_type=\"container\" data-e-type=\"container\">\n\t\t<div class=\"elementor-element elementor-element-737dfd1 e-con-full e-flex e-con e-child\" data-id=\"737dfd1\" data-element_type=\"container\" data-e-type=\"container\">\n\t\t<div class=\"elementor-element elementor-element-259ed22 e-con-full e-flex e-con e-child\" data-id=\"259ed22\" data-element_type=\"container\" data-e-type=\"container\" data-settings=\"{&quot;background_background&quot;:&quot;classic&quot;}\">\n\t\t\t\t<div class=\"elementor-element elementor-element-38f386c elementor-widget elementor-widget-image\" data-id=\"38f386c\" data-element_type=\"widget\" data-e-type=\"widget\" data-widget_type=\"image.default\">\n\t\t\t\t\t\t\t\t\t\t\t\t\t\t\t<img decoding=\"async\" width=\"300\" height=\"169\" src=\"https:\/\/aventeira.com\/wp-content\/uploads\/2026\/07\/Imaxes-Sitio-Web-Aventeira-12-300x169.png\" class=\"attachment-medium size-medium wp-image-947\" alt=\"\" srcset=\"https:\/\/aventeira.com\/wp-content\/uploads\/2026\/07\/Imaxes-Sitio-Web-Aventeira-12-300x169.png 300w, https:\/\/aventeira.com\/wp-content\/uploads\/2026\/07\/Imaxes-Sitio-Web-Aventeira-12-1024x576.png 1024w, https:\/\/aventeira.com\/wp-content\/uploads\/2026\/07\/Imaxes-Sitio-Web-Aventeira-12-768x432.png 768w, https:\/\/aventeira.com\/wp-content\/uploads\/2026\/07\/Imaxes-Sitio-Web-Aventeira-12-1536x864.png 1536w, https:\/\/aventeira.com\/wp-content\/uploads\/2026\/07\/Imaxes-Sitio-Web-Aventeira-12.png 1920w\" sizes=\"(max-width: 300px) 100vw, 300px\" \/>\t\t\t\t\t\t\t\t\t\t\t\t\t\t\t<\/div>\n\t\t\t\t<\/div>\n\t\t<div class=\"elementor-element elementor-element-26be5a5 e-con-full e-flex e-con e-child\" data-id=\"26be5a5\" data-element_type=\"container\" data-e-type=\"container\">\n\t\t\t\t<div class=\"elementor-element elementor-element-d8629c6 elementor-invisible elementor-widget elementor-widget-heading\" data-id=\"d8629c6\" data-element_type=\"widget\" data-e-type=\"widget\" data-settings=\"{&quot;_animation&quot;:&quot;fadeIn&quot;}\" data-widget_type=\"heading.default\">\n\t\t\t\t\t<h2 class=\"elementor-heading-title elementor-size-default\">Falamos?<\/h2>\t\t\t\t<\/div>\n\t\t\t\t<div class=\"elementor-element elementor-element-e43b7f8 elementor-widget elementor-widget-text-editor\" data-id=\"e43b7f8\" data-element_type=\"widget\" data-e-type=\"widget\" data-widget_type=\"text-editor.default\">\n\t\t\t\t\t\t\t\t\t<p class=\"isSelectedEnd\">Tes algunha d\u00fabida sobre o curso ou precisas m\u00e1is informaci\u00f3n? <strong>Estamos aqu\u00ed para axudarche!<\/strong><\/p><p>Podes contactar con n\u00f3s chamando ao tel\u00e9fono <strong>722 349 497<\/strong> ou a trav\u00e9s do correo electr\u00f3nico <strong>escola@aventeira.com<\/strong>.<\/p>\t\t\t\t\t\t\t\t<\/div>\n\t\t\t\t<\/div>\n\t\t\t\t<\/div>\n\t\t\t\t<\/div>\n\t\t\t\t<\/div>\n\t\t\t\t<\/div>\n\t\t\t\t\t<\/div>\n\t\t\t\t<\/div>\n\t\t\t\t<\/div>\n\t\t","protected":false},"excerpt":{"rendered":"<p>Curso Oficial de Direcci\u00f3n de Actividades de Tempo Libre (A Coru\u00f1a &#8211; Outono 2026) Se es desas persoas que estar\u00eda todo o ano de campamento&#8230; Se sabes que o tempo libre \u00e9 moito m\u00e1is que un traballo; \u00e9 unha forma de vida repleta de intensidade, emoci\u00f3n e momentos m\u00e1xicos&#8230; Se queres seguir form\u00e1ndote e tes [&hellip;]<\/p>\n","protected":false},"author":1,"featured_media":2205,"parent":0,"menu_order":0,"comment_status":"closed","ping_status":"closed","template":"elementor_header_footer","meta":{"footnotes":""},"class_list":["post-2203","page","type-page","status-publish","has-post-thumbnail","hentry"],"yoast_head":"<!-- This site is optimized with the Yoast SEO plugin v28.1 - https:\/\/yoast.com\/product\/yoast-seo-wordpress\/ -->\n<title>Curso Oficial de Direcci\u00f3n de Actividades de Tempo Libre - Aventeira S. Coop. Galega<\/title>\n<meta name=\"description\" content=\"Descobre o noso Curso de Director\/a de Actividades de Tempo Libre e f\u00f3rmate para dar o seguinte paso profesional no \u00e1mbito do lecer educativo.\" \/>\n<meta name=\"robots\" content=\"index, follow, max-snippet:-1, max-image-preview:large, max-video-preview:-1\" \/>\n<link rel=\"canonical\" href=\"https:\/\/aventeira.com\/index.php\/curso-oficial-de-direccion-de-actividades-de-tempo-libre\/\" \/>\n<meta property=\"og:locale\" content=\"es_ES\" \/>\n<meta property=\"og:type\" content=\"article\" \/>\n<meta property=\"og:title\" content=\"Curso Oficial de Direcci\u00f3n de Actividades de Tempo Libre\" \/>\n<meta property=\"og:description\" content=\"Descobre o noso Curso de Director\/a de Actividades de Tempo Libre e f\u00f3rmate para dar o seguinte paso profesional no \u00e1mbito do lecer educativo.\" \/>\n<meta property=\"og:url\" content=\"https:\/\/aventeira.com\/index.php\/curso-oficial-de-direccion-de-actividades-de-tempo-libre\/\" \/>\n<meta property=\"og:site_name\" content=\"Aventeira S. Coop. Galega\" \/>\n<meta property=\"article:modified_time\" content=\"2026-09-03T17:22:03+00:00\" \/>\n<meta property=\"og:image\" content=\"https:\/\/aventeira.com\/wp-content\/uploads\/2026\/08\/Imaxes-Sitio-Web-Aventeira-1024x576.png\" \/>\n\t<meta property=\"og:image:width\" content=\"1024\" \/>\n\t<meta property=\"og:image:height\" content=\"576\" \/>\n\t<meta property=\"og:image:type\" content=\"image\/png\" \/>\n<meta name=\"twitter:card\" content=\"summary_large_image\" \/>\n<meta name=\"twitter:label1\" content=\"Tiempo de lectura\" \/>\n\t<meta name=\"twitter:data1\" content=\"5 minutos\" \/>\n<script type=\"application\/ld+json\" class=\"yoast-schema-graph\">{\"@context\":\"https:\\\/\\\/schema.org\",\"@graph\":[{\"@type\":\"WebPage\",\"@id\":\"https:\\\/\\\/aventeira.com\\\/index.php\\\/curso-oficial-de-direccion-de-actividades-de-tempo-libre\\\/\",\"url\":\"https:\\\/\\\/aventeira.com\\\/index.php\\\/curso-oficial-de-direccion-de-actividades-de-tempo-libre\\\/\",\"name\":\"Curso Oficial de Direcci\u00f3n de Actividades de Tempo Libre - Aventeira S. Coop. Galega\",\"isPartOf\":{\"@id\":\"https:\\\/\\\/aventeira.com\\\/#website\"},\"primaryImageOfPage\":{\"@id\":\"https:\\\/\\\/aventeira.com\\\/index.php\\\/curso-oficial-de-direccion-de-actividades-de-tempo-libre\\\/#primaryimage\"},\"image\":{\"@id\":\"https:\\\/\\\/aventeira.com\\\/index.php\\\/curso-oficial-de-direccion-de-actividades-de-tempo-libre\\\/#primaryimage\"},\"thumbnailUrl\":\"https:\\\/\\\/aventeira.com\\\/wp-content\\\/uploads\\\/2026\\\/08\\\/Imaxes-Sitio-Web-Aventeira.png\",\"datePublished\":\"2026-08-19T15:39:19+00:00\",\"dateModified\":\"2026-09-03T17:22:03+00:00\",\"description\":\"Descobre o noso Curso de Director\\\/a de Actividades de Tempo Libre e f\u00f3rmate para dar o seguinte paso profesional no \u00e1mbito do lecer educativo.\",\"breadcrumb\":{\"@id\":\"https:\\\/\\\/aventeira.com\\\/index.php\\\/curso-oficial-de-direccion-de-actividades-de-tempo-libre\\\/#breadcrumb\"},\"inLanguage\":\"es\",\"potentialAction\":[{\"@type\":\"ReadAction\",\"target\":[\"https:\\\/\\\/aventeira.com\\\/index.php\\\/curso-oficial-de-direccion-de-actividades-de-tempo-libre\\\/\"]}]},{\"@type\":\"ImageObject\",\"inLanguage\":\"es\",\"@id\":\"https:\\\/\\\/aventeira.com\\\/index.php\\\/curso-oficial-de-direccion-de-actividades-de-tempo-libre\\\/#primaryimage\",\"url\":\"https:\\\/\\\/aventeira.com\\\/wp-content\\\/uploads\\\/2026\\\/08\\\/Imaxes-Sitio-Web-Aventeira.png\",\"contentUrl\":\"https:\\\/\\\/aventeira.com\\\/wp-content\\\/uploads\\\/2026\\\/08\\\/Imaxes-Sitio-Web-Aventeira.png\",\"width\":1920,\"height\":1080},{\"@type\":\"BreadcrumbList\",\"@id\":\"https:\\\/\\\/aventeira.com\\\/index.php\\\/curso-oficial-de-direccion-de-actividades-de-tempo-libre\\\/#breadcrumb\",\"itemListElement\":[{\"@type\":\"ListItem\",\"position\":1,\"name\":\"Portada\",\"item\":\"https:\\\/\\\/aventeira.com\\\/\"},{\"@type\":\"ListItem\",\"position\":2,\"name\":\"Curso Oficial de Direcci\u00f3n de Actividades de Tempo Libre\"}]},{\"@type\":\"WebSite\",\"@id\":\"https:\\\/\\\/aventeira.com\\\/#website\",\"url\":\"https:\\\/\\\/aventeira.com\\\/\",\"name\":\"Aventeira S. Coop. Galega\",\"description\":\"\",\"publisher\":{\"@id\":\"https:\\\/\\\/aventeira.com\\\/#organization\"},\"potentialAction\":[{\"@type\":\"SearchAction\",\"target\":{\"@type\":\"EntryPoint\",\"urlTemplate\":\"https:\\\/\\\/aventeira.com\\\/?s={search_term_string}\"},\"query-input\":{\"@type\":\"PropertyValueSpecification\",\"valueRequired\":true,\"valueName\":\"search_term_string\"}}],\"inLanguage\":\"es\"},{\"@type\":\"Organization\",\"@id\":\"https:\\\/\\\/aventeira.com\\\/#organization\",\"name\":\"Aventeira S. Coop. Galega\",\"url\":\"https:\\\/\\\/aventeira.com\\\/\",\"logo\":{\"@type\":\"ImageObject\",\"inLanguage\":\"es\",\"@id\":\"https:\\\/\\\/aventeira.com\\\/#\\\/schema\\\/logo\\\/image\\\/\",\"url\":\"https:\\\/\\\/aventeira.com\\\/wp-content\\\/uploads\\\/2026\\\/07\\\/Logo-Verde-1.png\",\"contentUrl\":\"https:\\\/\\\/aventeira.com\\\/wp-content\\\/uploads\\\/2026\\\/07\\\/Logo-Verde-1.png\",\"width\":876,\"height\":242,\"caption\":\"Aventeira S. Coop. Galega\"},\"image\":{\"@id\":\"https:\\\/\\\/aventeira.com\\\/#\\\/schema\\\/logo\\\/image\\\/\"}}]}<\/script>\n<!-- \/ Yoast SEO plugin. -->","yoast_head_json":{"title":"Curso Oficial de Direcci\u00f3n de Actividades de Tempo Libre - Aventeira S. Coop. Galega","description":"Descobre o noso Curso de Director\/a de Actividades de Tempo Libre e f\u00f3rmate para dar o seguinte paso profesional no \u00e1mbito do lecer educativo.","robots":{"index":"index","follow":"follow","max-snippet":"max-snippet:-1","max-image-preview":"max-image-preview:large","max-video-preview":"max-video-preview:-1"},"canonical":"https:\/\/aventeira.com\/index.php\/curso-oficial-de-direccion-de-actividades-de-tempo-libre\/","og_locale":"es_ES","og_type":"article","og_title":"Curso Oficial de Direcci\u00f3n de Actividades de Tempo Libre","og_description":"Descobre o noso Curso de Director\/a de Actividades de Tempo Libre e f\u00f3rmate para dar o seguinte paso profesional no \u00e1mbito do lecer educativo.","og_url":"https:\/\/aventeira.com\/index.php\/curso-oficial-de-direccion-de-actividades-de-tempo-libre\/","og_site_name":"Aventeira S. Coop. Galega","article_modified_time":"2026-09-03T17:22:03+00:00","og_image":[{"width":1024,"height":576,"url":"https:\/\/aventeira.com\/wp-content\/uploads\/2026\/08\/Imaxes-Sitio-Web-Aventeira-1024x576.png","type":"image\/png"}],"twitter_card":"summary_large_image","twitter_misc":{"Tiempo de lectura":"5 minutos"},"schema":{"@context":"https:\/\/schema.org","@graph":[{"@type":"WebPage","@id":"https:\/\/aventeira.com\/index.php\/curso-oficial-de-direccion-de-actividades-de-tempo-libre\/","url":"https:\/\/aventeira.com\/index.php\/curso-oficial-de-direccion-de-actividades-de-tempo-libre\/","name":"Curso Oficial de Direcci\u00f3n de Actividades de Tempo Libre - Aventeira S. Coop. Galega","isPartOf":{"@id":"https:\/\/aventeira.com\/#website"},"primaryImageOfPage":{"@id":"https:\/\/aventeira.com\/index.php\/curso-oficial-de-direccion-de-actividades-de-tempo-libre\/#primaryimage"},"image":{"@id":"https:\/\/aventeira.com\/index.php\/curso-oficial-de-direccion-de-actividades-de-tempo-libre\/#primaryimage"},"thumbnailUrl":"https:\/\/aventeira.com\/wp-content\/uploads\/2026\/08\/Imaxes-Sitio-Web-Aventeira.png","datePublished":"2026-08-19T15:39:19+00:00","dateModified":"2026-09-03T17:22:03+00:00","description":"Descobre o noso Curso de Director\/a de Actividades de Tempo Libre e f\u00f3rmate para dar o seguinte paso profesional no \u00e1mbito do lecer educativo.","breadcrumb":{"@id":"https:\/\/aventeira.com\/index.php\/curso-oficial-de-direccion-de-actividades-de-tempo-libre\/#breadcrumb"},"inLanguage":"es","potentialAction":[{"@type":"ReadAction","target":["https:\/\/aventeira.com\/index.php\/curso-oficial-de-direccion-de-actividades-de-tempo-libre\/"]}]},{"@type":"ImageObject","inLanguage":"es","@id":"https:\/\/aventeira.com\/index.php\/curso-oficial-de-direccion-de-actividades-de-tempo-libre\/#primaryimage","url":"https:\/\/aventeira.com\/wp-content\/uploads\/2026\/08\/Imaxes-Sitio-Web-Aventeira.png","contentUrl":"https:\/\/aventeira.com\/wp-content\/uploads\/2026\/08\/Imaxes-Sitio-Web-Aventeira.png","width":1920,"height":1080},{"@type":"BreadcrumbList","@id":"https:\/\/aventeira.com\/index.php\/curso-oficial-de-direccion-de-actividades-de-tempo-libre\/#breadcrumb","itemListElement":[{"@type":"ListItem","position":1,"name":"Portada","item":"https:\/\/aventeira.com\/"},{"@type":"ListItem","position":2,"name":"Curso Oficial de Direcci\u00f3n de Actividades de Tempo Libre"}]},{"@type":"WebSite","@id":"https:\/\/aventeira.com\/#website","url":"https:\/\/aventeira.com\/","name":"Aventeira S. Coop. Galega","description":"","publisher":{"@id":"https:\/\/aventeira.com\/#organization"},"potentialAction":[{"@type":"SearchAction","target":{"@type":"EntryPoint","urlTemplate":"https:\/\/aventeira.com\/?s={search_term_string}"},"query-input":{"@type":"PropertyValueSpecification","valueRequired":true,"valueName":"search_term_string"}}],"inLanguage":"es"},{"@type":"Organization","@id":"https:\/\/aventeira.com\/#organization","name":"Aventeira S. Coop. Galega","url":"https:\/\/aventeira.com\/","logo":{"@type":"ImageObject","inLanguage":"es","@id":"https:\/\/aventeira.com\/#\/schema\/logo\/image\/","url":"https:\/\/aventeira.com\/wp-content\/uploads\/2026\/07\/Logo-Verde-1.png","contentUrl":"https:\/\/aventeira.com\/wp-content\/uploads\/2026\/07\/Logo-Verde-1.png","width":876,"height":242,"caption":"Aventeira S. Coop. Galega"},"image":{"@id":"https:\/\/aventeira.com\/#\/schema\/logo\/image\/"}}]}},"_links":{"self":[{"href":"https:\/\/aventeira.com\/index.php\/wp-json\/wp\/v2\/pages\/2203","targetHints":{"allow":["GET"]}}],"collection":[{"href":"https:\/\/aventeira.com\/index.php\/wp-json\/wp\/v2\/pages"}],"about":[{"href":"https:\/\/aventeira.com\/index.php\/wp-json\/wp\/v2\/types\/page"}],"author":[{"embeddable":true,"href":"https:\/\/aventeira.com\/index.php\/wp-json\/wp\/v2\/users\/1"}],"replies":[{"embeddable":true,"href":"https:\/\/aventeira.com\/index.php\/wp-json\/wp\/v2\/comments?post=2203"}],"version-history":[{"count":28,"href":"https:\/\/aventeira.com\/index.php\/wp-json\/wp\/v2\/pages\/2203\/revisions"}],"predecessor-version":[{"id":2364,"href":"https:\/\/aventeira.com\/index.php\/wp-json\/wp\/v2\/pages\/2203\/revisions\/2364"}],"wp:featuredmedia":[{"embeddable":true,"href":"https:\/\/aventeira.com\/index.php\/wp-json\/wp\/v2\/media\/2205"}],"wp:attachment":[{"href":"https:\/\/aventeira.com\/index.php\/wp-json\/wp\/v2\/media?parent=2203"}],"curies":[{"name":"wp","href":"https:\/\/api.w.org\/{rel}","templated":true}]}}