{"id":2246,"date":"2026-08-27T17:02:03","date_gmt":"2026-08-27T17:02:03","guid":{"rendered":"https:\/\/probas.aventeira.com\/?page_id=2246"},"modified":"2026-09-03T10:02:25","modified_gmt":"2026-09-03T10:02:25","slug":"olas-de-cambio","status":"publish","type":"page","link":"https:\/\/aventeira.com\/index.php\/olas-de-cambio\/","title":{"rendered":"Olas de Cambio"},"content":{"rendered":"\t\t<div data-elementor-type=\"wp-page\" data-elementor-id=\"2246\" class=\"elementor elementor-2246\">\n\t\t\t\t<div class=\"elementor-element elementor-element-f3f2700 e-con-full e-flex e-con e-parent\" data-id=\"f3f2700\" data-element_type=\"container\" data-e-type=\"container\">\n\t\t\t\t<div class=\"elementor-element elementor-element-8bd8a83 elementor-widget__width-inherit elementor-widget elementor-widget-image\" data-id=\"8bd8a83\" data-element_type=\"widget\" data-e-type=\"widget\" data-widget_type=\"image.default\">\n\t\t\t\t\t\t\t\t\t\t\t\t\t\t\t<img fetchpriority=\"high\" decoding=\"async\" width=\"1920\" height=\"350\" src=\"https:\/\/aventeira.com\/wp-content\/uploads\/2026\/08\/Imaxes-Banner-Sitio-Web-Aventeira-1.png\" class=\"attachment-full size-full wp-image-2248\" alt=\"\" srcset=\"https:\/\/aventeira.com\/wp-content\/uploads\/2026\/08\/Imaxes-Banner-Sitio-Web-Aventeira-1.png 1920w, https:\/\/aventeira.com\/wp-content\/uploads\/2026\/08\/Imaxes-Banner-Sitio-Web-Aventeira-1-300x55.png 300w, https:\/\/aventeira.com\/wp-content\/uploads\/2026\/08\/Imaxes-Banner-Sitio-Web-Aventeira-1-1024x187.png 1024w, https:\/\/aventeira.com\/wp-content\/uploads\/2026\/08\/Imaxes-Banner-Sitio-Web-Aventeira-1-768x140.png 768w, https:\/\/aventeira.com\/wp-content\/uploads\/2026\/08\/Imaxes-Banner-Sitio-Web-Aventeira-1-1536x280.png 1536w\" sizes=\"(max-width: 1920px) 100vw, 1920px\" \/>\t\t\t\t\t\t\t\t\t\t\t\t\t\t\t<\/div>\n\t\t\t\t<\/div>\n\t\t<div class=\"elementor-element elementor-element-40c4eaf e-flex e-con-boxed e-con e-parent\" data-id=\"40c4eaf\" data-element_type=\"container\" data-e-type=\"container\">\n\t\t\t\t\t<div class=\"e-con-inner\">\n\t\t\t\t<div class=\"elementor-element elementor-element-697bb49 elementor-widget-mobile__width-initial elementor-invisible elementor-widget elementor-widget-heading\" data-id=\"697bb49\" data-element_type=\"widget\" data-e-type=\"widget\" data-settings=\"{&quot;_animation&quot;:&quot;fadeIn&quot;}\" data-widget_type=\"heading.default\">\n\t\t\t\t\t<h2 class=\"elementor-heading-title elementor-size-default\">Olas de Cambio: Proyecto Participativo para Impulsar la Educaci\u00f3n en Igualdad, Diversidad y Prevenci\u00f3n de las Violencias Machistas<\/h2>\t\t\t\t<\/div>\n\t\t\t\t<div class=\"elementor-element elementor-element-ba53c0d elementor-widget-mobile__width-initial elementor-widget elementor-widget-heading\" data-id=\"ba53c0d\" data-element_type=\"widget\" data-e-type=\"widget\" data-widget_type=\"heading.default\">\n\t\t\t\t\t<h6 class=\"elementor-heading-title elementor-size-default\">EL PROYECTO<\/h6>\t\t\t\t<\/div>\n\t\t\t\t<div class=\"elementor-element elementor-element-ce6575e elementor-widget-mobile__width-initial elementor-widget elementor-widget-text-editor\" data-id=\"ce6575e\" data-element_type=\"widget\" data-e-type=\"widget\" data-widget_type=\"text-editor.default\">\n\t\t\t\t\t\t\t\t\t<p class=\"cvGsUA direction-ltr align-justify para-style-body\"><span class=\"a_GcMg font-feature-liga-off font-feature-clig-off font-feature-calt-off text-decoration-none text-strikethrough-none\">En un contexto donde la pornograf\u00eda se ha convertido en la principal fuente de Educaci\u00f3n Sexual para la juventud, donde los discursos masculinistas han trascendido la manosfera hasta volverse\u00a0<\/span><em><span class=\"a_GcMg font-feature-liga-off font-feature-clig-off font-feature-calt-off text-decoration-none text-strikethrough-none\">mainstream<\/span><\/em><span class=\"a_GcMg font-feature-liga-off font-feature-clig-off font-feature-calt-off text-decoration-none text-strikethrough-none\">, y donde la manifestaci\u00f3n de diferentes formas de violencia machista entre adolescentes y j\u00f3venes sigue en aumento, surge la necesidad de generar espacios de encuentro, reflexi\u00f3n e impulso colectivo.<\/span><\/p><p class=\"cvGsUA direction-ltr align-justify para-style-body\"><strong><em><span class=\"a_GcMg font-feature-liga-off font-feature-clig-off font-feature-calt-off text-decoration-none text-strikethrough-none\">Olas de Cambio<\/span><\/em>\u00a0<\/strong><span class=\"a_GcMg font-feature-liga-off font-feature-clig-off font-feature-calt-off text-decoration-none text-strikethrough-none\">es un proyecto\u00a0<\/span><span class=\"a_GcMg font-feature-liga-off font-feature-clig-off font-feature-calt-off text-decoration-none text-strikethrough-none\">subvencionado por el Ministerio de Igualdad<\/span><span class=\"a_GcMg font-feature-liga-off font-feature-clig-off font-feature-calt-off text-decoration-none text-strikethrough-none\">, con cargo a los fondos del\u00a0<\/span><span class=\"a_GcMg font-feature-liga-off font-feature-clig-off font-feature-calt-off text-decoration-none text-strikethrough-none\">Pacto de Estado contra la Violencia de G\u00e9nero<\/span><span class=\"a_GcMg font-feature-liga-off font-feature-clig-off font-feature-calt-off text-decoration-none text-strikethrough-none\">,<\/span><span class=\"a_GcMg font-feature-liga-off font-feature-clig-off font-feature-calt-off text-decoration-none text-strikethrough-none\">\u00a0que\u00a0<strong>busca reunir a profesionales<\/strong>\u00a0de la Educaci\u00f3n en Igualdad y Diversidad\u00a0<strong>para identificar y abordar cada uno de estos desaf\u00edos contempor\u00e1neos<\/strong>.<\/span><\/p><p class=\"cvGsUA direction-ltr align-justify para-style-body\"><span class=\"a_GcMg font-feature-liga-off font-feature-clig-off font-feature-calt-off text-decoration-none text-strikethrough-none\">Inspirado en la idea de las olas feministas, este proceso participativo pretende<\/span><span class=\"a_GcMg font-feature-liga-off font-feature-clig-off font-feature-calt-off text-decoration-none text-strikethrough-none\">\u00a0abrir un debate constructivo para\u00a0<strong>desarrollar <\/strong><\/span><strong><span class=\"a_GcMg font-feature-liga-off font-feature-clig-off font-feature-calt-off text-decoration-none text-strikethrough-none\">y compartir estrategias y herramientas educativas innovadoras<\/span><span class=\"a_GcMg font-feature-liga-off font-feature-clig-off font-feature-calt-off text-decoration-none text-strikethrough-none\">, que impulsen la transformaci\u00f3n social desde el compromiso colectivo<\/span><\/strong><span class=\"a_GcMg font-feature-liga-off font-feature-clig-off font-feature-calt-off text-decoration-none text-strikethrough-none\">.<\/span><\/p>\t\t\t\t\t\t\t\t<\/div>\n\t\t\t\t<div class=\"elementor-element elementor-element-dbb1345 elementor-widget-mobile__width-initial elementor-widget elementor-widget-heading\" data-id=\"dbb1345\" data-element_type=\"widget\" data-e-type=\"widget\" data-widget_type=\"heading.default\">\n\t\t\t\t\t<h6 class=\"elementor-heading-title elementor-size-default\">ENCUESTA INICIAL: UNA OLA QUE COGE IMPULSO<\/h6>\t\t\t\t<\/div>\n\t\t\t\t<div class=\"elementor-element elementor-element-03f17bf elementor-widget-mobile__width-initial elementor-widget elementor-widget-text-editor\" data-id=\"03f17bf\" data-element_type=\"widget\" data-e-type=\"widget\" data-widget_type=\"text-editor.default\">\n\t\t\t\t\t\t\t\t\t<p class=\"cvGsUA direction-ltr align-justify para-style-body\"><span class=\"a_GcMg font-feature-liga-off font-feature-clig-off font-feature-calt-off text-decoration-none text-strikethrough-none\">Difundimos una\u00a0<\/span><strong><span class=\"a_GcMg font-feature-liga-off font-feature-clig-off font-feature-calt-off text-decoration-none text-strikethrough-none\">encuesta\u00a0<\/span><em><span class=\"a_GcMg font-feature-liga-off font-feature-clig-off font-feature-calt-off text-decoration-none text-strikethrough-none\">online\u00a0<\/span><\/em><\/strong><span class=\"a_GcMg font-feature-liga-off font-feature-clig-off font-feature-calt-off text-decoration-none text-strikethrough-none\">de alcance estatal<\/span><span class=\"a_GcMg font-feature-liga-off font-feature-clig-off font-feature-calt-off text-decoration-none text-strikethrough-none\">, <strong>dirigida a profesionales y personas usuarias del \u00e1mbito socioeducativo<\/strong>. El objetivo de este formulario ha sido recoger<\/span><span class=\"a_GcMg font-feature-liga-off font-feature-clig-off font-feature-calt-off text-decoration-none text-strikethrough-none\">\u00a0inquietudes, barreras, necesidades y tem\u00e1ticas prioritarias detectadas en la pr\u00e1ctica diaria<\/span><span class=\"a_GcMg font-feature-liga-off font-feature-clig-off font-feature-calt-off text-decoration-none text-strikethrough-none\">,\u00a0<strong>con el fin de realizar un primer diagn\u00f3stico colectivo del estado actual de la Educaci\u00f3n para la Igualdad y Diversidad<\/strong>.<\/span><\/p><p class=\"cvGsUA direction-ltr align-justify para-style-body\"><span class=\"a_GcMg font-feature-liga-off font-feature-clig-off font-feature-calt-off text-decoration-none text-strikethrough-none\">La informaci\u00f3n recopilada a trav\u00e9s de esta encuesta\u00a0<\/span><strong><span class=\"a_GcMg font-feature-liga-off font-feature-clig-off font-feature-calt-off text-decoration-none text-strikethrough-none\">ha constituido la base para el dise\u00f1o del foro de profesionales<\/span><\/strong><span class=\"a_GcMg font-feature-liga-off font-feature-clig-off font-feature-calt-off text-decoration-none text-strikethrough-none\">, permitiendo que sus contenidos y din\u00e1micas respondan a las demandas reales del sector y fomenten un enfoque participativo, contextualizado y alineado con los retos actuales.<\/span><\/p>\t\t\t\t\t\t\t\t<\/div>\n\t\t\t\t<div class=\"elementor-element elementor-element-d522bce elementor-widget-mobile__width-initial elementor-widget elementor-widget-heading\" data-id=\"d522bce\" data-element_type=\"widget\" data-e-type=\"widget\" data-widget_type=\"heading.default\">\n\t\t\t\t\t<h6 class=\"elementor-heading-title elementor-size-default\">FORO DE TRABAJO CON PROFESIONALES: MAREM\u00c1GNUM<\/h6>\t\t\t\t<\/div>\n\t\t\t\t<div class=\"elementor-element elementor-element-5e1a6f5 elementor-widget-mobile__width-initial elementor-widget elementor-widget-text-editor\" data-id=\"5e1a6f5\" data-element_type=\"widget\" data-e-type=\"widget\" data-widget_type=\"text-editor.default\">\n\t\t\t\t\t\t\t\t\t<p>El <strong>15 de mayo de 2026<\/strong> celebramos en A Coru\u00f1a el <strong>Foro de Trabajo con Profesionales<\/strong>, un espacio de encuentro, reflexi\u00f3n y construcci\u00f3n colectiva en torno a la <strong>educaci\u00f3n en igualdad, la diversidad afectivo-sexual y de g\u00e9nero y la prevenci\u00f3n de las violencias machistas y LGTBIf\u00f3bicas<\/strong>.<\/p><p class=\"isSelectedEnd\">El foro reuni\u00f3 a profesionales del \u00e1mbito educativo y socioeducativo para compartir experiencias, identificar las principales <strong>resistencias, necesidades y desaf\u00edos<\/strong> que encuentran en su pr\u00e1ctica diaria y, especialmente, para pensar colectivamente en <strong>estrategias y herramientas que permitan dar respuesta a estas dificultades<\/strong>.<\/p><p class=\"isSelectedEnd\">La jornada cont\u00f3 con la colaboraci\u00f3n de la <strong>Universidad de A Coru\u00f1a (UDC)<\/strong> y se desarroll\u00f3 en <a href=\"https:\/\/normal.udc.es\/es\/index\/\"><strong>NORMAL<\/strong><\/a>, espacio de intervenci\u00f3n cultural de la UDC, combinando diferentes formatos de participaci\u00f3n:<\/p><p><strong>1\/ Mesa redonda<\/strong>, con la participaci\u00f3n de personas expertas y divulgadoras, que permiti\u00f3 abordar diferentes perspectivas sobre algunos de los principales retos actuales de la educaci\u00f3n en igualdad. La mesa cont\u00f3 con la apertura institucional de <strong>Cristina L\u00f3pez Villar<\/strong>, Vicerrectora de Igualdad y Diversidad de la UDC, y con la participaci\u00f3n de <a href=\"https:\/\/www.instagram.com\/lio.delg\/\"><strong>Lionel Delgado Ontivero<\/strong><\/a> (<a href=\"https:\/\/www.broders.es\/\">Proyecto BR\u00d3DERS<\/a>), investigador, divulgador y formador en masculinidades igualitarias, y de <a href=\"https:\/\/www.instagram.com\/jimena.cfelipe\/\"><strong>Jimena Cardona Felipe<\/strong><\/a>, reconocida con el <a href=\"https:\/\/www.valedordopobo.gal\/es\/sobre-feminismo\/trabajo-de-jimena-cardona-felipe-violencia-na-pornografia-e-o-seu-impacto-nas-practicas-sexuais-da-mocidade-universitaria-un-estudo-cualitativo-na-udc\/\"><em>Premio Valedora do Pobo<\/em><\/a> en 2026 por su trabajo de investigaci\u00f3n sobre la violencia en la pornograf\u00eda y su impacto en las pr\u00e1cticas sexuales de la juventud universitaria<\/p><p><strong>2\/ Mesas de trabajo participativas<\/strong>, en las que profesionales de diferentes \u00e1mbitos pudieron compartir experiencias, detectar dificultades y resistencias e identificar necesidades y posibles respuestas ante los retos que actualmente plantea la educaci\u00f3n en igualdad, diversidad y prevenci\u00f3n de las violencias.<\/p>\t\t\t\t\t\t\t\t<\/div>\n\t\t<div class=\"elementor-element elementor-element-f12bd35 e-con-full e-flex e-con e-child\" data-id=\"f12bd35\" data-element_type=\"container\" data-e-type=\"container\">\n\t\t\t\t<div class=\"elementor-element elementor-element-833b87e elementor-widget__width-initial elementor-widget elementor-widget-video\" data-id=\"833b87e\" data-element_type=\"widget\" data-e-type=\"widget\" data-settings=\"{&quot;youtube_url&quot;:&quot;https:\\\/\\\/youtu.be\\\/j_YbTjmK3_g&quot;,&quot;video_type&quot;:&quot;youtube&quot;,&quot;controls&quot;:&quot;yes&quot;}\" data-widget_type=\"video.default\">\n\t\t\t\t\t\t\t<div class=\"elementor-wrapper elementor-open-inline\">\n\t\t\t<div class=\"elementor-video\"><\/div>\t\t<\/div>\n\t\t\t\t\t\t<\/div>\n\t\t\t\t<div class=\"elementor-element elementor-element-06c56a9 elementor-widget elementor-widget-spacer\" data-id=\"06c56a9\" data-element_type=\"widget\" data-e-type=\"widget\" data-widget_type=\"spacer.default\">\n\t\t\t\t\t\t\t<div class=\"elementor-spacer\">\n\t\t\t<div class=\"elementor-spacer-inner\"><\/div>\n\t\t<\/div>\n\t\t\t\t\t\t<\/div>\n\t\t\t\t<\/div>\n\t\t\t\t<div class=\"elementor-element elementor-element-f407b60 elementor-widget-mobile__width-initial elementor-widget elementor-widget-text-editor\" data-id=\"f407b60\" data-element_type=\"widget\" data-e-type=\"widget\" data-widget_type=\"text-editor.default\">\n\t\t\t\t\t\t\t\t\t<p><strong>3\/ Cierre art\u00edstico<\/strong>, con la actuaci\u00f3n musical de <a href=\"https:\/\/www.instagram.com\/lucialdao\/\"><strong>Luc\u00eda Aldao<\/strong><\/a>, que puso el broche final a una jornada concebida tambi\u00e9n como un espacio de cuidado, encuentro y conexi\u00f3n entre profesionales.<\/p><p>Las aportaciones recogidas a lo largo del foro forman parte del proceso participativo de <em><strong>Olas de Cambio<\/strong><\/em> y han sido fundamentales para la siguiente fase del proyecto: el <strong>an\u00e1lisis de los resultados y la elaboraci\u00f3n de nuevos recursos y gu\u00edas educativas<\/strong>, dise\u00f1ados a partir de las necesidades identificadas por las propias profesionales.<\/p>\t\t\t\t\t\t\t\t<\/div>\n\t\t\t\t<div class=\"elementor-element elementor-element-db6845f elementor-widget-mobile__width-initial elementor-widget elementor-widget-heading\" data-id=\"db6845f\" data-element_type=\"widget\" data-e-type=\"widget\" data-widget_type=\"heading.default\">\n\t\t\t\t\t<h6 class=\"elementor-heading-title elementor-size-default\">PUBLICACI\u00d3N DE RESULTADOS: GU\u00cdA DE ORIENTACIONES PR\u00c1CTICAS<\/h6>\t\t\t\t<\/div>\n\t\t\t\t<div class=\"elementor-element elementor-element-bb294cf elementor-widget-mobile__width-initial elementor-widget elementor-widget-text-editor\" data-id=\"bb294cf\" data-element_type=\"widget\" data-e-type=\"widget\" data-widget_type=\"text-editor.default\">\n\t\t\t\t\t\t\t\t\t<p class=\"isSelectedEnd\">Tras la celebraci\u00f3n del foro tem\u00e1tico y las mesas de trabajo, <strong>analizamos y sistematizamos las aportaciones recogidas<\/strong> para identificar las principales dificultades, resistencias y necesidades que afrontan las y los profesionales en el \u00e1mbito de la <strong>Educaci\u00f3n en Igualdad, la diversidad afectivo-sexual y de g\u00e9nero, y la prevenci\u00f3n de las violencias machistas y LGTBIf\u00f3bicas<\/strong>.<\/p><p class=\"isSelectedEnd\">El proceso permiti\u00f3 tambi\u00e9n recopilar <strong>recursos, metodolog\u00edas y estrategias de intervenci\u00f3n<\/strong> compartidas por las personas participantes, poniendo en valor su experiencia y conocimiento profesional.<\/p><p>Las principales conclusiones se recogen en una <em><strong>Gu\u00eda de Orientaciones Pr\u00e1cticas<\/strong><\/em>, un recurso p\u00fablico dirigido a profesionales de la Educaci\u00f3n Formal y No Formal, as\u00ed como a otros agentes educativos, con herramientas y recomendaciones para afrontar algunos de los retos identificados.<\/p>\t\t\t\t\t\t\t\t<\/div>\n\t\t\t\t<div class=\"elementor-element elementor-element-1bc1e08 elementor-align-center elementor-tablet-align-center elementor-invisible elementor-widget elementor-widget-button\" data-id=\"1bc1e08\" data-element_type=\"widget\" data-e-type=\"widget\" data-settings=\"{&quot;_animation&quot;:&quot;fadeIn&quot;,&quot;_animation_delay&quot;:400}\" data-widget_type=\"button.default\">\n\t\t\t\t\t\t\t\t\t\t<a class=\"elementor-button elementor-size-sm\" role=\"button\">\n\t\t\t\t\t\t<span class=\"elementor-button-content-wrapper\">\n\t\t\t\t\t\t\t\t\t<span class=\"elementor-button-text\">Consulta la gu\u00eda!<\/span>\n\t\t\t\t\t<\/span>\n\t\t\t\t\t<\/a>\n\t\t\t\t\t\t\t\t<\/div>\n\t\t\t\t\t<\/div>\n\t\t\t\t<\/div>\n\t\t<div class=\"elementor-element elementor-element-031128a e-flex e-con-boxed e-con e-parent\" data-id=\"031128a\" data-element_type=\"container\" data-e-type=\"container\" data-settings=\"{&quot;background_background&quot;:&quot;classic&quot;}\">\n\t\t\t\t\t<div class=\"e-con-inner\">\n\t\t<div class=\"elementor-element elementor-element-2f42c9b e-con-full e-flex e-con e-child\" data-id=\"2f42c9b\" data-element_type=\"container\" data-e-type=\"container\" data-settings=\"{&quot;background_background&quot;:&quot;classic&quot;}\">\n\t\t\t\t<div class=\"elementor-element elementor-element-1bdc952 elementor-widget elementor-widget-spacer\" data-id=\"1bdc952\" data-element_type=\"widget\" data-e-type=\"widget\" data-widget_type=\"spacer.default\">\n\t\t\t\t\t\t\t<div class=\"elementor-spacer\">\n\t\t\t<div class=\"elementor-spacer-inner\"><\/div>\n\t\t<\/div>\n\t\t\t\t\t\t<\/div>\n\t\t\t\t<div class=\"elementor-element elementor-element-c848201 elementor-widget elementor-widget-heading\" data-id=\"c848201\" data-element_type=\"widget\" data-e-type=\"widget\" data-widget_type=\"heading.default\">\n\t\t\t\t\t<h2 class=\"elementor-heading-title elementor-size-default\">Olas de Cambio<\/h2>\t\t\t\t<\/div>\n\t\t\t\t<div class=\"elementor-element elementor-element-1b6c403 elementor-widget-divider--view-line elementor-widget elementor-widget-divider\" data-id=\"1b6c403\" data-element_type=\"widget\" data-e-type=\"widget\" data-widget_type=\"divider.default\">\n\t\t\t\t\t\t\t<div class=\"elementor-divider\">\n\t\t\t<span class=\"elementor-divider-separator\">\n\t\t\t\t\t\t<\/span>\n\t\t<\/div>\n\t\t\t\t\t\t<\/div>\n\t\t\t\t<div class=\"elementor-element elementor-element-4ca0619 elementor-widget elementor-widget-text-editor\" data-id=\"4ca0619\" data-element_type=\"widget\" data-e-type=\"widget\" data-widget_type=\"text-editor.default\">\n\t\t\t\t\t\t\t\t\t<p>Proyecto subvencionado en el a\u00f1o 2025 con 12.343,46\u20ac en el marco de la convocatoria de subvenciones p\u00fablicas destinadas a programas y proyectos de concienciaci\u00f3n, prevenci\u00f3n, sensibilizaci\u00f3n e investigaci\u00f3n de las distintas formas de violencia contra las mujeres, financiado por el Ministerio de Igualdad, con cargo a los fondos del Pacto de Estado contra la Violencia de G\u00e9nero.<\/p>\t\t\t\t\t\t\t\t<\/div>\n\t\t\t\t<div class=\"elementor-element elementor-element-cb0a131 elementor-widget elementor-widget-spacer\" data-id=\"cb0a131\" data-element_type=\"widget\" data-e-type=\"widget\" data-widget_type=\"spacer.default\">\n\t\t\t\t\t\t\t<div class=\"elementor-spacer\">\n\t\t\t<div class=\"elementor-spacer-inner\"><\/div>\n\t\t<\/div>\n\t\t\t\t\t\t<\/div>\n\t\t\t\t<\/div>\n\t\t\t\t\t<\/div>\n\t\t\t\t<\/div>\n\t\t<div class=\"elementor-element elementor-element-cfe0485 e-flex e-con-boxed e-con e-parent\" data-id=\"cfe0485\" data-element_type=\"container\" data-e-type=\"container\">\n\t\t\t\t\t<div class=\"e-con-inner\">\n\t\t\t\t<div class=\"elementor-element elementor-element-1ad0206 elementor-invisible elementor-widget elementor-widget-image\" data-id=\"1ad0206\" data-element_type=\"widget\" data-e-type=\"widget\" data-settings=\"{&quot;_animation&quot;:&quot;fadeIn&quot;}\" data-widget_type=\"image.default\">\n\t\t\t\t\t\t\t\t\t\t\t\t\t\t\t<img decoding=\"async\" width=\"768\" height=\"192\" src=\"https:\/\/aventeira.com\/wp-content\/uploads\/2026\/08\/001-768x192.png\" class=\"attachment-medium_large size-medium_large wp-image-2283\" alt=\"\" srcset=\"https:\/\/aventeira.com\/wp-content\/uploads\/2026\/08\/001-768x192.png 768w, https:\/\/aventeira.com\/wp-content\/uploads\/2026\/08\/001-300x75.png 300w, https:\/\/aventeira.com\/wp-content\/uploads\/2026\/08\/001.png 1000w\" sizes=\"(max-width: 768px) 100vw, 768px\" \/>\t\t\t\t\t\t\t\t\t\t\t\t\t\t\t<\/div>\n\t\t\t\t\t<\/div>\n\t\t\t\t<\/div>\n\t\t\t\t<\/div>\n\t\t","protected":false},"excerpt":{"rendered":"<p>Olas de Cambio: Proyecto Participativo para Impulsar la Educaci\u00f3n en Igualdad, Diversidad y Prevenci\u00f3n de las Violencias Machistas EL PROYECTO En un contexto donde la pornograf\u00eda se ha convertido en la principal fuente de Educaci\u00f3n Sexual para la juventud, donde los discursos masculinistas han trascendido la manosfera hasta volverse\u00a0mainstream, y donde la manifestaci\u00f3n de diferentes [&hellip;]<\/p>\n","protected":false},"author":1,"featured_media":2304,"parent":0,"menu_order":0,"comment_status":"closed","ping_status":"closed","template":"","meta":{"footnotes":""},"class_list":["post-2246","page","type-page","status-publish","has-post-thumbnail","hentry"],"yoast_head":"<!-- This site is optimized with the Yoast SEO plugin v28.1 - https:\/\/yoast.com\/product\/yoast-seo-wordpress\/ -->\n<title>Olas de Cambio - Aventeira S. Coop. Galega<\/title>\n<meta name=\"description\" content=\"Olas de Cambio es un proyecto participativo que impulsa la educaci\u00f3n en igualdad, diversidad y prevenci\u00f3n de las violencias de g\u00e9nero y LGTBIf\u00f3bicas. Re\u00fane a profesionales y agentes educativos para identificar retos y resistencias, compartir estrategias y crear recursos y herramientas para una educaci\u00f3n m\u00e1s igualitaria, diversa y libre de violencias.\" \/>\n<meta name=\"robots\" content=\"index, follow, max-snippet:-1, max-image-preview:large, max-video-preview:-1\" \/>\n<link rel=\"canonical\" href=\"https:\/\/aventeira.com\/index.php\/olas-de-cambio\/\" \/>\n<meta property=\"og:locale\" content=\"es_ES\" \/>\n<meta property=\"og:type\" content=\"article\" \/>\n<meta property=\"og:title\" content=\"Olas de Cambio\" \/>\n<meta property=\"og:description\" content=\"Olas de Cambio es un proyecto participativo que impulsa la educaci\u00f3n en igualdad, diversidad y prevenci\u00f3n de las violencias de g\u00e9nero y LGTBIf\u00f3bicas. Re\u00fane a profesionales y agentes educativos para identificar retos y resistencias, compartir estrategias y crear recursos y herramientas para una educaci\u00f3n m\u00e1s igualitaria, diversa y libre de violencias.\" \/>\n<meta property=\"og:url\" content=\"https:\/\/aventeira.com\/index.php\/olas-de-cambio\/\" \/>\n<meta property=\"og:site_name\" content=\"Aventeira S. Coop. Galega\" \/>\n<meta property=\"article:modified_time\" content=\"2026-09-03T10:02:25+00:00\" \/>\n<meta property=\"og:image\" content=\"https:\/\/aventeira.com\/wp-content\/uploads\/2026\/08\/Miniaturas-YouTube_Olas-de-Cambio.png\" \/>\n\t<meta property=\"og:image:width\" content=\"1280\" \/>\n\t<meta property=\"og:image:height\" content=\"720\" \/>\n\t<meta property=\"og:image:type\" content=\"image\/png\" \/>\n<meta name=\"twitter:card\" content=\"summary_large_image\" \/>\n<meta name=\"twitter:label1\" content=\"Tiempo de lectura\" \/>\n\t<meta name=\"twitter:data1\" content=\"5 minutos\" \/>\n<script type=\"application\/ld+json\" class=\"yoast-schema-graph\">{\"@context\":\"https:\\\/\\\/schema.org\",\"@graph\":[{\"@type\":\"WebPage\",\"@id\":\"https:\\\/\\\/aventeira.com\\\/index.php\\\/olas-de-cambio\\\/\",\"url\":\"https:\\\/\\\/aventeira.com\\\/index.php\\\/olas-de-cambio\\\/\",\"name\":\"Olas de Cambio - Aventeira S. Coop. Galega\",\"isPartOf\":{\"@id\":\"https:\\\/\\\/aventeira.com\\\/#website\"},\"primaryImageOfPage\":{\"@id\":\"https:\\\/\\\/aventeira.com\\\/index.php\\\/olas-de-cambio\\\/#primaryimage\"},\"image\":{\"@id\":\"https:\\\/\\\/aventeira.com\\\/index.php\\\/olas-de-cambio\\\/#primaryimage\"},\"thumbnailUrl\":\"https:\\\/\\\/aventeira.com\\\/wp-content\\\/uploads\\\/2026\\\/08\\\/Miniaturas-YouTube_Olas-de-Cambio.png\",\"datePublished\":\"2026-08-27T17:02:03+00:00\",\"dateModified\":\"2026-09-03T10:02:25+00:00\",\"description\":\"Olas de Cambio es un proyecto participativo que impulsa la educaci\u00f3n en igualdad, diversidad y prevenci\u00f3n de las violencias de g\u00e9nero y LGTBIf\u00f3bicas. Re\u00fane a profesionales y agentes educativos para identificar retos y resistencias, compartir estrategias y crear recursos y herramientas para una educaci\u00f3n m\u00e1s igualitaria, diversa y libre de violencias.\",\"breadcrumb\":{\"@id\":\"https:\\\/\\\/aventeira.com\\\/index.php\\\/olas-de-cambio\\\/#breadcrumb\"},\"inLanguage\":\"es\",\"potentialAction\":[{\"@type\":\"ReadAction\",\"target\":[\"https:\\\/\\\/aventeira.com\\\/index.php\\\/olas-de-cambio\\\/\"]}]},{\"@type\":\"ImageObject\",\"inLanguage\":\"es\",\"@id\":\"https:\\\/\\\/aventeira.com\\\/index.php\\\/olas-de-cambio\\\/#primaryimage\",\"url\":\"https:\\\/\\\/aventeira.com\\\/wp-content\\\/uploads\\\/2026\\\/08\\\/Miniaturas-YouTube_Olas-de-Cambio.png\",\"contentUrl\":\"https:\\\/\\\/aventeira.com\\\/wp-content\\\/uploads\\\/2026\\\/08\\\/Miniaturas-YouTube_Olas-de-Cambio.png\",\"width\":1280,\"height\":720},{\"@type\":\"BreadcrumbList\",\"@id\":\"https:\\\/\\\/aventeira.com\\\/index.php\\\/olas-de-cambio\\\/#breadcrumb\",\"itemListElement\":[{\"@type\":\"ListItem\",\"position\":1,\"name\":\"Portada\",\"item\":\"https:\\\/\\\/aventeira.com\\\/\"},{\"@type\":\"ListItem\",\"position\":2,\"name\":\"Olas de Cambio\"}]},{\"@type\":\"WebSite\",\"@id\":\"https:\\\/\\\/aventeira.com\\\/#website\",\"url\":\"https:\\\/\\\/aventeira.com\\\/\",\"name\":\"Aventeira S. Coop. Galega\",\"description\":\"\",\"publisher\":{\"@id\":\"https:\\\/\\\/aventeira.com\\\/#organization\"},\"potentialAction\":[{\"@type\":\"SearchAction\",\"target\":{\"@type\":\"EntryPoint\",\"urlTemplate\":\"https:\\\/\\\/aventeira.com\\\/?s={search_term_string}\"},\"query-input\":{\"@type\":\"PropertyValueSpecification\",\"valueRequired\":true,\"valueName\":\"search_term_string\"}}],\"inLanguage\":\"es\"},{\"@type\":\"Organization\",\"@id\":\"https:\\\/\\\/aventeira.com\\\/#organization\",\"name\":\"Aventeira S. Coop. Galega\",\"url\":\"https:\\\/\\\/aventeira.com\\\/\",\"logo\":{\"@type\":\"ImageObject\",\"inLanguage\":\"es\",\"@id\":\"https:\\\/\\\/aventeira.com\\\/#\\\/schema\\\/logo\\\/image\\\/\",\"url\":\"https:\\\/\\\/aventeira.com\\\/wp-content\\\/uploads\\\/2026\\\/07\\\/Logo-Verde-1.png\",\"contentUrl\":\"https:\\\/\\\/aventeira.com\\\/wp-content\\\/uploads\\\/2026\\\/07\\\/Logo-Verde-1.png\",\"width\":876,\"height\":242,\"caption\":\"Aventeira S. Coop. Galega\"},\"image\":{\"@id\":\"https:\\\/\\\/aventeira.com\\\/#\\\/schema\\\/logo\\\/image\\\/\"}}]}<\/script>\n<!-- \/ Yoast SEO plugin. -->","yoast_head_json":{"title":"Olas de Cambio - Aventeira S. Coop. Galega","description":"Olas de Cambio es un proyecto participativo que impulsa la educaci\u00f3n en igualdad, diversidad y prevenci\u00f3n de las violencias de g\u00e9nero y LGTBIf\u00f3bicas. Re\u00fane a profesionales y agentes educativos para identificar retos y resistencias, compartir estrategias y crear recursos y herramientas para una educaci\u00f3n m\u00e1s igualitaria, diversa y libre de violencias.","robots":{"index":"index","follow":"follow","max-snippet":"max-snippet:-1","max-image-preview":"max-image-preview:large","max-video-preview":"max-video-preview:-1"},"canonical":"https:\/\/aventeira.com\/index.php\/olas-de-cambio\/","og_locale":"es_ES","og_type":"article","og_title":"Olas de Cambio","og_description":"Olas de Cambio es un proyecto participativo que impulsa la educaci\u00f3n en igualdad, diversidad y prevenci\u00f3n de las violencias de g\u00e9nero y LGTBIf\u00f3bicas. Re\u00fane a profesionales y agentes educativos para identificar retos y resistencias, compartir estrategias y crear recursos y herramientas para una educaci\u00f3n m\u00e1s igualitaria, diversa y libre de violencias.","og_url":"https:\/\/aventeira.com\/index.php\/olas-de-cambio\/","og_site_name":"Aventeira S. Coop. Galega","article_modified_time":"2026-09-03T10:02:25+00:00","og_image":[{"width":1280,"height":720,"url":"https:\/\/aventeira.com\/wp-content\/uploads\/2026\/08\/Miniaturas-YouTube_Olas-de-Cambio.png","type":"image\/png"}],"twitter_card":"summary_large_image","twitter_misc":{"Tiempo de lectura":"5 minutos"},"schema":{"@context":"https:\/\/schema.org","@graph":[{"@type":"WebPage","@id":"https:\/\/aventeira.com\/index.php\/olas-de-cambio\/","url":"https:\/\/aventeira.com\/index.php\/olas-de-cambio\/","name":"Olas de Cambio - Aventeira S. Coop. Galega","isPartOf":{"@id":"https:\/\/aventeira.com\/#website"},"primaryImageOfPage":{"@id":"https:\/\/aventeira.com\/index.php\/olas-de-cambio\/#primaryimage"},"image":{"@id":"https:\/\/aventeira.com\/index.php\/olas-de-cambio\/#primaryimage"},"thumbnailUrl":"https:\/\/aventeira.com\/wp-content\/uploads\/2026\/08\/Miniaturas-YouTube_Olas-de-Cambio.png","datePublished":"2026-08-27T17:02:03+00:00","dateModified":"2026-09-03T10:02:25+00:00","description":"Olas de Cambio es un proyecto participativo que impulsa la educaci\u00f3n en igualdad, diversidad y prevenci\u00f3n de las violencias de g\u00e9nero y LGTBIf\u00f3bicas. Re\u00fane a profesionales y agentes educativos para identificar retos y resistencias, compartir estrategias y crear recursos y herramientas para una educaci\u00f3n m\u00e1s igualitaria, diversa y libre de violencias.","breadcrumb":{"@id":"https:\/\/aventeira.com\/index.php\/olas-de-cambio\/#breadcrumb"},"inLanguage":"es","potentialAction":[{"@type":"ReadAction","target":["https:\/\/aventeira.com\/index.php\/olas-de-cambio\/"]}]},{"@type":"ImageObject","inLanguage":"es","@id":"https:\/\/aventeira.com\/index.php\/olas-de-cambio\/#primaryimage","url":"https:\/\/aventeira.com\/wp-content\/uploads\/2026\/08\/Miniaturas-YouTube_Olas-de-Cambio.png","contentUrl":"https:\/\/aventeira.com\/wp-content\/uploads\/2026\/08\/Miniaturas-YouTube_Olas-de-Cambio.png","width":1280,"height":720},{"@type":"BreadcrumbList","@id":"https:\/\/aventeira.com\/index.php\/olas-de-cambio\/#breadcrumb","itemListElement":[{"@type":"ListItem","position":1,"name":"Portada","item":"https:\/\/aventeira.com\/"},{"@type":"ListItem","position":2,"name":"Olas de Cambio"}]},{"@type":"WebSite","@id":"https:\/\/aventeira.com\/#website","url":"https:\/\/aventeira.com\/","name":"Aventeira S. Coop. Galega","description":"","publisher":{"@id":"https:\/\/aventeira.com\/#organization"},"potentialAction":[{"@type":"SearchAction","target":{"@type":"EntryPoint","urlTemplate":"https:\/\/aventeira.com\/?s={search_term_string}"},"query-input":{"@type":"PropertyValueSpecification","valueRequired":true,"valueName":"search_term_string"}}],"inLanguage":"es"},{"@type":"Organization","@id":"https:\/\/aventeira.com\/#organization","name":"Aventeira S. Coop. Galega","url":"https:\/\/aventeira.com\/","logo":{"@type":"ImageObject","inLanguage":"es","@id":"https:\/\/aventeira.com\/#\/schema\/logo\/image\/","url":"https:\/\/aventeira.com\/wp-content\/uploads\/2026\/07\/Logo-Verde-1.png","contentUrl":"https:\/\/aventeira.com\/wp-content\/uploads\/2026\/07\/Logo-Verde-1.png","width":876,"height":242,"caption":"Aventeira S. Coop. Galega"},"image":{"@id":"https:\/\/aventeira.com\/#\/schema\/logo\/image\/"}}]}},"_links":{"self":[{"href":"https:\/\/aventeira.com\/index.php\/wp-json\/wp\/v2\/pages\/2246","targetHints":{"allow":["GET"]}}],"collection":[{"href":"https:\/\/aventeira.com\/index.php\/wp-json\/wp\/v2\/pages"}],"about":[{"href":"https:\/\/aventeira.com\/index.php\/wp-json\/wp\/v2\/types\/page"}],"author":[{"embeddable":true,"href":"https:\/\/aventeira.com\/index.php\/wp-json\/wp\/v2\/users\/1"}],"replies":[{"embeddable":true,"href":"https:\/\/aventeira.com\/index.php\/wp-json\/wp\/v2\/comments?post=2246"}],"version-history":[{"count":58,"href":"https:\/\/aventeira.com\/index.php\/wp-json\/wp\/v2\/pages\/2246\/revisions"}],"predecessor-version":[{"id":2332,"href":"https:\/\/aventeira.com\/index.php\/wp-json\/wp\/v2\/pages\/2246\/revisions\/2332"}],"wp:featuredmedia":[{"embeddable":true,"href":"https:\/\/aventeira.com\/index.php\/wp-json\/wp\/v2\/media\/2304"}],"wp:attachment":[{"href":"https:\/\/aventeira.com\/index.php\/wp-json\/wp\/v2\/media?parent=2246"}],"curies":[{"name":"wp","href":"https:\/\/api.w.org\/{rel}","templated":true}]}}