{"id":38,"date":"2026-07-09T16:23:24","date_gmt":"2026-07-09T16:23:24","guid":{"rendered":"https:\/\/probas.aventeira.com\/index.php\/home\/"},"modified":"2026-09-03T15:10:37","modified_gmt":"2026-09-03T15:10:37","slug":"inicio","status":"publish","type":"page","link":"https:\/\/aventeira.com\/","title":{"rendered":"Inicio"},"content":{"rendered":"\t\t<div data-elementor-type=\"wp-page\" data-elementor-id=\"38\" class=\"elementor elementor-38\">\n\t\t\t\t<div class=\"elementor-element elementor-element-f8e0abb e-flex e-con-boxed e-con e-parent\" data-id=\"f8e0abb\" data-element_type=\"container\" data-e-type=\"container\" data-settings=\"{&quot;background_background&quot;:&quot;classic&quot;}\">\n\t\t\t\t\t<div class=\"e-con-inner\">\n\t\t\t\t<div class=\"elementor-element elementor-element-77a785f elementor-widget elementor-widget-spacer\" data-id=\"77a785f\" data-element_type=\"widget\" data-e-type=\"widget\" data-widget_type=\"spacer.default\">\n\t\t\t\t\t\t\t<div class=\"elementor-spacer\">\n\t\t\t<div class=\"elementor-spacer-inner\"><\/div>\n\t\t<\/div>\n\t\t\t\t\t\t<\/div>\n\t\t\t\t<div class=\"elementor-element elementor-element-16e2460 elementor-widget elementor-widget-heading\" data-id=\"16e2460\" data-element_type=\"widget\" data-e-type=\"widget\" data-widget_type=\"heading.default\">\n\t\t\t\t\t<h2 class=\"elementor-heading-title elementor-size-default\">Aventeira 360<\/h2>\t\t\t\t<\/div>\n\t\t\t\t<div class=\"elementor-element elementor-element-470c3885 elementor-widget-divider--view-line elementor-widget elementor-widget-divider\" data-id=\"470c3885\" data-element_type=\"widget\" data-e-type=\"widget\" data-widget_type=\"divider.default\">\n\t\t\t\t\t\t\t<div class=\"elementor-divider\">\n\t\t\t<span class=\"elementor-divider-separator\">\n\t\t\t\t\t\t<\/span>\n\t\t<\/div>\n\t\t\t\t\t\t<\/div>\n\t\t\t\t<div class=\"elementor-element elementor-element-4e033e3 elementor-widget elementor-widget-text-editor\" data-id=\"4e033e3\" data-element_type=\"widget\" data-e-type=\"widget\" data-widget_type=\"text-editor.default\">\n\t\t\t\t\t\t\t\t\t<p>Proxecto de fortalecemento e consolidaci\u00f3n da nosa cooperativa, cofinanciado pola UE a trav\u00e9s do<strong data-start=\"404\" data-end=\"507\"> Fondo Social Europeo Plus (FSE+) <\/strong>e xestionado por <strong data-start=\"404\" data-end=\"507\">CEPES<\/strong> no marco do <strong>Programa EFESO<\/strong>.<\/p>\t\t\t\t\t\t\t\t<\/div>\n\t\t\t\t<div class=\"elementor-element elementor-element-d5b0ca7 elementor-widget elementor-widget-spacer\" data-id=\"d5b0ca7\" data-element_type=\"widget\" data-e-type=\"widget\" data-widget_type=\"spacer.default\">\n\t\t\t\t\t\t\t<div class=\"elementor-spacer\">\n\t\t\t<div class=\"elementor-spacer-inner\"><\/div>\n\t\t<\/div>\n\t\t\t\t\t\t<\/div>\n\t\t\t\t<div class=\"elementor-element elementor-element-233febb elementor-invisible elementor-widget elementor-widget-image\" data-id=\"233febb\" data-element_type=\"widget\" data-e-type=\"widget\" data-settings=\"{&quot;_animation&quot;:&quot;fadeIn&quot;}\" data-widget_type=\"image.default\">\n\t\t\t\t\t\t\t\t\t\t\t\t\t\t\t\t<a href=\"https:\/\/aventeira.com\/index.php\/aventeira-360\/\">\n\t\t\t\t\t\t\t<img decoding=\"async\" width=\"300\" height=\"75\" src=\"https:\/\/aventeira.com\/wp-content\/uploads\/2026\/07\/Logo-FSE-CEPES-300x75.png\" class=\"attachment-medium size-medium wp-image-238\" alt=\"\" srcset=\"https:\/\/aventeira.com\/wp-content\/uploads\/2026\/07\/Logo-FSE-CEPES-300x75.png 300w, https:\/\/aventeira.com\/wp-content\/uploads\/2026\/07\/Logo-FSE-CEPES-768x192.png 768w, https:\/\/aventeira.com\/wp-content\/uploads\/2026\/07\/Logo-FSE-CEPES.png 1000w\" sizes=\"(max-width: 300px) 100vw, 300px\" \/>\t\t\t\t\t\t\t\t<\/a>\n\t\t\t\t\t\t\t\t\t\t\t\t\t\t\t<\/div>\n\t\t\t\t<div class=\"elementor-element elementor-element-eb382ca elementor-widget elementor-widget-spacer\" data-id=\"eb382ca\" data-element_type=\"widget\" data-e-type=\"widget\" data-widget_type=\"spacer.default\">\n\t\t\t\t\t\t\t<div class=\"elementor-spacer\">\n\t\t\t<div class=\"elementor-spacer-inner\"><\/div>\n\t\t<\/div>\n\t\t\t\t\t\t<\/div>\n\t\t\t\t\t<\/div>\n\t\t\t\t<\/div>\n\t\t<div class=\"elementor-element elementor-element-d5cfde3 e-con-full e-flex e-con e-parent\" data-id=\"d5cfde3\" data-element_type=\"container\" data-e-type=\"container\" data-settings=\"{&quot;background_background&quot;:&quot;classic&quot;}\">\n\t\t\t\t<div class=\"elementor-element elementor-element-3ecd55be elementor-invisible elementor-widget elementor-widget-heading\" data-id=\"3ecd55be\" data-element_type=\"widget\" data-e-type=\"widget\" data-settings=\"{&quot;_animation&quot;:&quot;fadeIn&quot;}\" data-widget_type=\"heading.default\">\n\t\t\t\t\t<h1 class=\"elementor-heading-title elementor-size-default\">Educando para<br>transformar a<br>realidade<\/h1>\t\t\t\t<\/div>\n\t\t\t\t<div class=\"elementor-element elementor-element-32b3f1bc elementor-widget-mobile__width-initial elementor-invisible elementor-widget elementor-widget-heading\" data-id=\"32b3f1bc\" data-element_type=\"widget\" data-e-type=\"widget\" data-settings=\"{&quot;_animation&quot;:&quot;fadeIn&quot;}\" data-widget_type=\"heading.default\">\n\t\t\t\t\t<h5 class=\"elementor-heading-title elementor-size-default\">Dende 2019 convertendo os valores en acci\u00f3n.<\/h5>\t\t\t\t<\/div>\n\t\t\t\t<\/div>\n\t\t<div class=\"elementor-element elementor-element-cb6e2ff e-flex e-con-boxed e-con e-parent\" data-id=\"cb6e2ff\" data-element_type=\"container\" data-e-type=\"container\">\n\t\t\t\t\t<div class=\"e-con-inner\">\n\t\t<div class=\"elementor-element elementor-element-818a857 e-con-full e-flex e-con e-child\" data-id=\"818a857\" data-element_type=\"container\" data-e-type=\"container\">\n\t\t\t\t<div class=\"elementor-element elementor-element-0f1698f elementor-widget elementor-widget-heading\" data-id=\"0f1698f\" data-element_type=\"widget\" data-e-type=\"widget\" data-widget_type=\"heading.default\">\n\t\t\t\t\t<h2 class=\"elementor-heading-title elementor-size-default\">Quen somos?<\/h2>\t\t\t\t<\/div>\n\t\t\t\t<div class=\"elementor-element elementor-element-889dfed elementor-widget elementor-widget-text-editor\" data-id=\"889dfed\" data-element_type=\"widget\" data-e-type=\"widget\" data-widget_type=\"text-editor.default\">\n\t\t\t\t\t\t\t\t\t<p class=\"cvGsUA block-font-kerning-none block-font-feature-liga-off block-font-feature-clig-off block-font-feature-calt-off direction-ltr align-start para-style-body\"><strong><span class=\"a_GcMg font-feature-liga-off font-feature-clig-off font-feature-calt-off text-decoration-none text-strikethrough-none\">Aventeira <\/span><\/strong><span class=\"a_GcMg font-feature-liga-off font-feature-clig-off font-feature-calt-off text-decoration-none text-strikethrough-none\">\u00e9 unha <\/span><strong><span class=\"a_GcMg font-feature-liga-off font-feature-clig-off font-feature-calt-off text-decoration-none text-strikethrough-none\">cooperativa galega <\/span><span class=\"a_GcMg font-feature-liga-off font-feature-clig-off font-feature-calt-off text-decoration-none text-strikethrough-none\">sen \u00e1nimo de lucro<\/span><\/strong> <span class=\"a_GcMg font-feature-liga-off font-feature-clig-off font-feature-calt-off text-decoration-none text-strikethrough-none\">que impulsa procesos educativos, sociais e comunitarios baseados no xogo, a participaci\u00f3n e os valores.<\/span><\/p><p class=\"cvGsUA block-font-kerning-none block-font-feature-liga-off block-font-feature-clig-off block-font-feature-calt-off direction-ltr align-start para-style-body\"><span class=\"a_GcMg font-feature-liga-off font-feature-clig-off font-feature-calt-off text-decoration-none text-strikethrough-none\">Nacemos en 2019 coa vontade de<\/span><strong><span class=\"a_GcMg font-feature-liga-off font-feature-clig-off font-feature-calt-off text-decoration-none text-strikethrough-none\"> transformar <\/span><span class=\"a_GcMg font-feature-liga-off font-feature-clig-off font-feature-calt-off text-decoration-none text-strikethrough-none\">a contorna<\/span><\/strong><span class=\"a_GcMg font-feature-liga-off font-feature-clig-off font-feature-calt-off text-decoration-none text-strikethrough-none\"> a trav\u00e9s de experiencias <\/span><span class=\"a_GcMg font-feature-liga-off font-feature-clig-off font-feature-calt-off text-decoration-none text-strikethrough-none\">que conectan coas persoas; que <\/span><span class=\"a_GcMg font-feature-liga-off font-feature-clig-off font-feature-calt-off text-decoration-none text-strikethrough-none\">fan pensar, sentir e actuar.<\/span><\/p>\t\t\t\t\t\t\t\t<\/div>\n\t\t\t\t<div class=\"elementor-element elementor-element-92a81bb elementor-align-left elementor-tablet-align-center elementor-invisible elementor-widget elementor-widget-button\" data-id=\"92a81bb\" data-element_type=\"widget\" data-e-type=\"widget\" data-settings=\"{&quot;_animation&quot;:&quot;fadeIn&quot;,&quot;_animation_delay&quot;:400}\" data-widget_type=\"button.default\">\n\t\t\t\t\t\t\t\t\t\t<a class=\"elementor-button elementor-button-link elementor-size-sm\" href=\"https:\/\/aventeira.com\/index.php\/quen-somos\/\">\n\t\t\t\t\t\t<span class=\"elementor-button-content-wrapper\">\n\t\t\t\t\t\t\t\t\t<span class=\"elementor-button-text\">Co\u00f1\u00e9cenos!<\/span>\n\t\t\t\t\t<\/span>\n\t\t\t\t\t<\/a>\n\t\t\t\t\t\t\t\t<\/div>\n\t\t\t\t<\/div>\n\t\t<div class=\"elementor-element elementor-element-0c68b00 e-con-full e-flex e-con e-child\" data-id=\"0c68b00\" data-element_type=\"container\" data-e-type=\"container\" data-settings=\"{&quot;background_background&quot;:&quot;classic&quot;}\">\n\t\t\t\t<\/div>\n\t\t\t\t\t<\/div>\n\t\t\t\t<\/div>\n\t\t<div class=\"elementor-element elementor-element-5e353b5 e-flex e-con-boxed e-con e-parent\" data-id=\"5e353b5\" data-element_type=\"container\" data-e-type=\"container\" data-settings=\"{&quot;background_background&quot;:&quot;classic&quot;}\">\n\t\t\t\t\t<div class=\"e-con-inner\">\n\t\t\t\t<div class=\"elementor-element elementor-element-9e00d6d elementor-widget elementor-widget-spacer\" data-id=\"9e00d6d\" data-element_type=\"widget\" data-e-type=\"widget\" data-widget_type=\"spacer.default\">\n\t\t\t\t\t\t\t<div class=\"elementor-spacer\">\n\t\t\t<div class=\"elementor-spacer-inner\"><\/div>\n\t\t<\/div>\n\t\t\t\t\t\t<\/div>\n\t\t<div class=\"elementor-element elementor-element-8792f77 e-con-full e-flex e-con e-child\" data-id=\"8792f77\" data-element_type=\"container\" data-e-type=\"container\">\n\t\t<div class=\"elementor-element elementor-element-a7fd828 e-con-full e-flex e-con e-child\" data-id=\"a7fd828\" data-element_type=\"container\" data-e-type=\"container\" data-settings=\"{&quot;background_background&quot;:&quot;classic&quot;}\">\n\t\t\t\t<div class=\"elementor-element elementor-element-475541f elementor-widget elementor-widget-image\" data-id=\"475541f\" data-element_type=\"widget\" data-e-type=\"widget\" data-widget_type=\"image.default\">\n\t\t\t\t\t\t\t\t\t\t\t\t\t\t\t<img decoding=\"async\" src=\"https:\/\/aventeira.com\/wp-content\/uploads\/elementor\/thumbs\/Iconos-Sitio-Web-Aventeira-rsussxkx04w1jj5uqlgrrw29puog8bmbcjzxebx5ok.png\" title=\"Iconos Sitio Web Aventeira\" alt=\"Iconos Sitio Web Aventeira\" loading=\"lazy\" \/>\t\t\t\t\t\t\t\t\t\t\t\t\t\t\t<\/div>\n\t\t\t\t<div class=\"elementor-element elementor-element-8dcce7f elementor-widget elementor-widget-spacer\" data-id=\"8dcce7f\" data-element_type=\"widget\" data-e-type=\"widget\" data-widget_type=\"spacer.default\">\n\t\t\t\t\t\t\t<div class=\"elementor-spacer\">\n\t\t\t<div class=\"elementor-spacer-inner\"><\/div>\n\t\t<\/div>\n\t\t\t\t\t\t<\/div>\n\t\t\t\t<div class=\"elementor-element elementor-element-5c8fe48 elementor-widget elementor-widget-heading\" data-id=\"5c8fe48\" data-element_type=\"widget\" data-e-type=\"widget\" data-widget_type=\"heading.default\">\n\t\t\t\t\t<h4 class=\"elementor-heading-title elementor-size-default\">EDUCAMOS XOGANDO<\/h4>\t\t\t\t<\/div>\n\t\t\t\t<div class=\"elementor-element elementor-element-e741051 elementor-widget-divider--view-line elementor-widget elementor-widget-divider\" data-id=\"e741051\" data-element_type=\"widget\" data-e-type=\"widget\" data-widget_type=\"divider.default\">\n\t\t\t\t\t\t\t<div class=\"elementor-divider\">\n\t\t\t<span class=\"elementor-divider-separator\">\n\t\t\t\t\t\t<\/span>\n\t\t<\/div>\n\t\t\t\t\t\t<\/div>\n\t\t\t\t<div class=\"elementor-element elementor-element-26ff343 elementor-widget elementor-widget-text-editor\" data-id=\"26ff343\" data-element_type=\"widget\" data-e-type=\"widget\" data-widget_type=\"text-editor.default\">\n\t\t\t\t\t\t\t\t\t<p>Promovemos aprendizaxes vivas que conectan emoci\u00f3n, pensamento e acci\u00f3n.<\/p>\t\t\t\t\t\t\t\t<\/div>\n\t\t\t\t<\/div>\n\t\t<div class=\"elementor-element elementor-element-34fa91e e-con-full e-flex e-con e-child\" data-id=\"34fa91e\" data-element_type=\"container\" data-e-type=\"container\" data-settings=\"{&quot;background_background&quot;:&quot;classic&quot;}\">\n\t\t\t\t<div class=\"elementor-element elementor-element-97aa72a elementor-widget elementor-widget-image\" data-id=\"97aa72a\" data-element_type=\"widget\" data-e-type=\"widget\" data-widget_type=\"image.default\">\n\t\t\t\t\t\t\t\t\t\t\t\t\t\t\t<img decoding=\"async\" src=\"https:\/\/aventeira.com\/wp-content\/uploads\/elementor\/thumbs\/Iconos-Sitio-Web-Aventeira-1-1-rsussxkx04w1jj5uqlgrrw29puog8bmbcjzxebx5ok.png\" title=\"Iconos Sitio Web Aventeira (1)\" alt=\"Iconos Sitio Web Aventeira (1)\" loading=\"lazy\" \/>\t\t\t\t\t\t\t\t\t\t\t\t\t\t\t<\/div>\n\t\t\t\t<div class=\"elementor-element elementor-element-dede6ff elementor-widget elementor-widget-spacer\" data-id=\"dede6ff\" data-element_type=\"widget\" data-e-type=\"widget\" data-widget_type=\"spacer.default\">\n\t\t\t\t\t\t\t<div class=\"elementor-spacer\">\n\t\t\t<div class=\"elementor-spacer-inner\"><\/div>\n\t\t<\/div>\n\t\t\t\t\t\t<\/div>\n\t\t\t\t<div class=\"elementor-element elementor-element-9ee7e0e elementor-widget elementor-widget-heading\" data-id=\"9ee7e0e\" data-element_type=\"widget\" data-e-type=\"widget\" data-widget_type=\"heading.default\">\n\t\t\t\t\t<h4 class=\"elementor-heading-title elementor-size-default\">FACEMOS\nCOMUNIDADE<\/h4>\t\t\t\t<\/div>\n\t\t\t\t<div class=\"elementor-element elementor-element-1fc2ec9 elementor-widget-divider--view-line elementor-widget elementor-widget-divider\" data-id=\"1fc2ec9\" data-element_type=\"widget\" data-e-type=\"widget\" data-widget_type=\"divider.default\">\n\t\t\t\t\t\t\t<div class=\"elementor-divider\">\n\t\t\t<span class=\"elementor-divider-separator\">\n\t\t\t\t\t\t<\/span>\n\t\t<\/div>\n\t\t\t\t\t\t<\/div>\n\t\t\t\t<div class=\"elementor-element elementor-element-c034b38 elementor-widget elementor-widget-text-editor\" data-id=\"c034b38\" data-element_type=\"widget\" data-e-type=\"widget\" data-widget_type=\"text-editor.default\">\n\t\t\t\t\t\t\t\t\t<p><span class=\"a_GcMg font-feature-liga-off font-feature-clig-off font-feature-calt-off text-decoration-none text-strikethrough-none\">Acompa\u00f1amos a persoas e entidades para constru\u00edr espazos m\u00e1is xustos, igualitarios e inclusivos.<\/span><\/p>\t\t\t\t\t\t\t\t<\/div>\n\t\t\t\t<\/div>\n\t\t<div class=\"elementor-element elementor-element-faab864 e-con-full e-flex e-con e-child\" data-id=\"faab864\" data-element_type=\"container\" data-e-type=\"container\" data-settings=\"{&quot;background_background&quot;:&quot;classic&quot;}\">\n\t\t\t\t<div class=\"elementor-element elementor-element-9273270 elementor-widget elementor-widget-image\" data-id=\"9273270\" data-element_type=\"widget\" data-e-type=\"widget\" data-widget_type=\"image.default\">\n\t\t\t\t\t\t\t\t\t\t\t\t\t\t\t<img decoding=\"async\" src=\"https:\/\/aventeira.com\/wp-content\/uploads\/elementor\/thumbs\/Iconos-Sitio-Web-Aventeira-2-rsusswn2taur7x77w3257eat4gt30mil0fcfx1yjus.png\" title=\"Iconos Sitio Web Aventeira (2)\" alt=\"Iconos Sitio Web Aventeira (2)\" loading=\"lazy\" \/>\t\t\t\t\t\t\t\t\t\t\t\t\t\t\t<\/div>\n\t\t\t\t<div class=\"elementor-element elementor-element-527bcae elementor-widget elementor-widget-spacer\" data-id=\"527bcae\" data-element_type=\"widget\" data-e-type=\"widget\" data-widget_type=\"spacer.default\">\n\t\t\t\t\t\t\t<div class=\"elementor-spacer\">\n\t\t\t<div class=\"elementor-spacer-inner\"><\/div>\n\t\t<\/div>\n\t\t\t\t\t\t<\/div>\n\t\t\t\t<div class=\"elementor-element elementor-element-c1702d0 elementor-widget elementor-widget-heading\" data-id=\"c1702d0\" data-element_type=\"widget\" data-e-type=\"widget\" data-widget_type=\"heading.default\">\n\t\t\t\t\t<h4 class=\"elementor-heading-title elementor-size-default\">TRANSFORMAMOS\nA REALIDADE<\/h4>\t\t\t\t<\/div>\n\t\t\t\t<div class=\"elementor-element elementor-element-15666e5 elementor-widget-divider--view-line elementor-widget elementor-widget-divider\" data-id=\"15666e5\" data-element_type=\"widget\" data-e-type=\"widget\" data-widget_type=\"divider.default\">\n\t\t\t\t\t\t\t<div class=\"elementor-divider\">\n\t\t\t<span class=\"elementor-divider-separator\">\n\t\t\t\t\t\t<\/span>\n\t\t<\/div>\n\t\t\t\t\t\t<\/div>\n\t\t\t\t<div class=\"elementor-element elementor-element-dcc9510 elementor-widget elementor-widget-text-editor\" data-id=\"dcc9510\" data-element_type=\"widget\" data-e-type=\"widget\" data-widget_type=\"text-editor.default\">\n\t\t\t\t\t\t\t\t\t<p><span class=\"a_GcMg font-feature-liga-off font-feature-clig-off font-feature-calt-off text-decoration-none text-strikethrough-none\">Dese\u00f1amos proxectos socioeducativos que xeran cambio, participaci\u00f3n e benestar.<\/span><\/p>\t\t\t\t\t\t\t\t<\/div>\n\t\t\t\t<\/div>\n\t\t\t\t<\/div>\n\t\t\t\t<div class=\"elementor-element elementor-element-928c01f elementor-widget elementor-widget-spacer\" data-id=\"928c01f\" data-element_type=\"widget\" data-e-type=\"widget\" data-widget_type=\"spacer.default\">\n\t\t\t\t\t\t\t<div class=\"elementor-spacer\">\n\t\t\t<div class=\"elementor-spacer-inner\"><\/div>\n\t\t<\/div>\n\t\t\t\t\t\t<\/div>\n\t\t\t\t\t<\/div>\n\t\t\t\t<\/div>\n\t\t<div class=\"elementor-element elementor-element-76b52626 e-flex e-con-boxed e-con e-parent\" data-id=\"76b52626\" data-element_type=\"container\" data-e-type=\"container\" data-settings=\"{&quot;background_background&quot;:&quot;classic&quot;}\">\n\t\t\t\t\t<div class=\"e-con-inner\">\n\t\t\t\t<div class=\"elementor-element elementor-element-30e5297 elementor-widget elementor-widget-heading\" data-id=\"30e5297\" data-element_type=\"widget\" data-e-type=\"widget\" data-widget_type=\"heading.default\">\n\t\t\t\t\t<h2 class=\"elementor-heading-title elementor-size-default\">Li\u00f1as de Acci\u00f3n<\/h2>\t\t\t\t<\/div>\n\t\t\t\t<div class=\"elementor-element elementor-element-729d71f elementor-widget elementor-widget-text-editor\" data-id=\"729d71f\" data-element_type=\"widget\" data-e-type=\"widget\" data-widget_type=\"text-editor.default\">\n\t\t\t\t\t\t\t\t\t<p class=\"cvGsUA block-font-kerning-none block-font-feature-liga-off block-font-feature-clig-off block-font-feature-calt-off direction-ltr align-start para-style-body\"><span class=\"a_GcMg font-feature-liga-off font-feature-clig-off font-feature-calt-off text-decoration-none text-strikethrough-none\">Desenvolvemos <strong>proxectos no eido da educaci\u00f3n, a igualdade, o lecer e a intervenci\u00f3n comunitaria<\/strong>, acompa\u00f1ando a centros educativos, instituci\u00f3ns e colectivos na <\/span><span class=\"a_GcMg font-feature-liga-off font-feature-clig-off font-feature-calt-off text-decoration-none text-strikethrough-none\">creaci\u00f3n de espazos <\/span><span class=\"a_GcMg font-feature-liga-off font-feature-clig-off font-feature-calt-off text-decoration-none text-strikethrough-none\">xustos, inclusivos e sostibles<\/span><span class=\"a_GcMg font-feature-liga-off font-feature-clig-off font-feature-calt-off text-decoration-none text-strikethrough-none\">.<\/span><\/p><p class=\"cvGsUA block-font-kerning-none block-font-feature-liga-off block-font-feature-clig-off block-font-feature-calt-off direction-ltr align-start para-style-body\"><span class=\"a_GcMg font-feature-liga-off font-feature-clig-off font-feature-calt-off text-decoration-none text-strikethrough-none\">Unimos <\/span><strong><span class=\"a_GcMg font-feature-liga-off font-feature-clig-off font-feature-calt-off text-decoration-none text-strikethrough-none\">aprendizaxe, diversi\u00f3n, rigor e creatividade<\/span><\/strong><span class=\"a_GcMg font-feature-liga-off font-feature-clig-off font-feature-calt-off text-decoration-none text-strikethrough-none\"> para impulsar un cambio <\/span><span class=\"a_GcMg font-feature-liga-off font-feature-clig-off font-feature-calt-off text-decoration-none text-strikethrough-none\">real nas persoas e comunidades.<\/span><\/p>\t\t\t\t\t\t\t\t<\/div>\n\t\t<div class=\"elementor-element elementor-element-b2d7dbe e-con-full e-flex e-con e-child\" data-id=\"b2d7dbe\" data-element_type=\"container\" data-e-type=\"container\" data-settings=\"{&quot;background_background&quot;:&quot;classic&quot;}\">\n\t\t\t\t<div class=\"elementor-element elementor-element-43ed2439 elementor-widget-tablet__width-initial elementor-widget-mobile__width-inherit elementor-widget__width-initial elementor-position-top elementor-widget elementor-widget-image-box\" data-id=\"43ed2439\" data-element_type=\"widget\" data-e-type=\"widget\" data-widget_type=\"image-box.default\">\n\t\t\t\t\t<div class=\"elementor-image-box-wrapper\"><figure class=\"elementor-image-box-img\"><a href=\"https:\/\/aventeira.com\/index.php\/campamentos-excursions-e-turismo-activo\/\" tabindex=\"-1\"><img fetchpriority=\"high\" decoding=\"async\" width=\"1920\" height=\"1080\" src=\"https:\/\/aventeira.com\/wp-content\/uploads\/2026\/07\/Imaxes-Sitio-Web-Aventeira-4.png\" class=\"elementor-animation-grow attachment-full size-full wp-image-209\" alt=\"\" srcset=\"https:\/\/aventeira.com\/wp-content\/uploads\/2026\/07\/Imaxes-Sitio-Web-Aventeira-4.png 1920w, https:\/\/aventeira.com\/wp-content\/uploads\/2026\/07\/Imaxes-Sitio-Web-Aventeira-4-300x169.png 300w, https:\/\/aventeira.com\/wp-content\/uploads\/2026\/07\/Imaxes-Sitio-Web-Aventeira-4-1024x576.png 1024w, https:\/\/aventeira.com\/wp-content\/uploads\/2026\/07\/Imaxes-Sitio-Web-Aventeira-4-768x432.png 768w, https:\/\/aventeira.com\/wp-content\/uploads\/2026\/07\/Imaxes-Sitio-Web-Aventeira-4-1536x864.png 1536w\" sizes=\"(max-width: 1920px) 100vw, 1920px\" \/><\/a><\/figure><div class=\"elementor-image-box-content\"><h4 class=\"elementor-image-box-title\"><a href=\"https:\/\/aventeira.com\/index.php\/campamentos-excursions-e-turismo-activo\/\">Campamentos, Excursi\u00f3ns e Turismo Activo<\/a><\/h4><p class=\"elementor-image-box-description\">Organizamos campamentos, excursi\u00f3ns e experiencias na natureza que <b>fomentan a convivencia, a autonom\u00eda e o respecto<\/b> polo patrimonio ambiental e cultural. <br><br>Impulsamos actividades dirixidas a <b>infancia, mocidade e persoas adultas<\/b>, combinando educaci\u00f3n, lecer e turismo activo para promover o benestar, a vida en comunidade e o co\u00f1ecemento do territorio.<\/p><\/div><\/div>\t\t\t\t<\/div>\n\t\t\t\t<div class=\"elementor-element elementor-element-3afe9b04 elementor-widget-tablet__width-initial elementor-widget-mobile__width-inherit elementor-widget__width-initial elementor-position-top elementor-widget elementor-widget-image-box\" data-id=\"3afe9b04\" data-element_type=\"widget\" data-e-type=\"widget\" data-widget_type=\"image-box.default\">\n\t\t\t\t\t<div class=\"elementor-image-box-wrapper\"><figure class=\"elementor-image-box-img\"><a href=\"https:\/\/aventeira.com\/index.php\/igualdade-diversidade-e-prevencion-das-violencias-machistas\/\" tabindex=\"-1\"><img decoding=\"async\" width=\"1920\" height=\"1080\" src=\"https:\/\/aventeira.com\/wp-content\/uploads\/2026\/07\/Imaxes-Sitio-Web-Aventeira-5.png\" class=\"elementor-animation-grow attachment-full size-full wp-image-210\" alt=\"\" srcset=\"https:\/\/aventeira.com\/wp-content\/uploads\/2026\/07\/Imaxes-Sitio-Web-Aventeira-5.png 1920w, https:\/\/aventeira.com\/wp-content\/uploads\/2026\/07\/Imaxes-Sitio-Web-Aventeira-5-300x169.png 300w, https:\/\/aventeira.com\/wp-content\/uploads\/2026\/07\/Imaxes-Sitio-Web-Aventeira-5-1024x576.png 1024w, https:\/\/aventeira.com\/wp-content\/uploads\/2026\/07\/Imaxes-Sitio-Web-Aventeira-5-768x432.png 768w, https:\/\/aventeira.com\/wp-content\/uploads\/2026\/07\/Imaxes-Sitio-Web-Aventeira-5-1536x864.png 1536w\" sizes=\"(max-width: 1920px) 100vw, 1920px\" \/><\/a><\/figure><div class=\"elementor-image-box-content\"><h4 class=\"elementor-image-box-title\"><a href=\"https:\/\/aventeira.com\/index.php\/igualdade-diversidade-e-prevencion-das-violencias-machistas\/\">Igualdade, Diversidade e Prevenci\u00f3n das Violencias Machistas<\/a><\/h4><p class=\"elementor-image-box-description\">Desenvolvemos proxectos socioeducativos e campa\u00f1as de sensibilizaci\u00f3n para <b>promover a igualdade e a diversidade afectivo-sexual e de x\u00e9nero<\/b>.<br><br>As\u00ed mesmo, creamos recursos e materiais pedag\u00f3xicos para <b>previr e actuar fronte \u00e1s violencias machistas<\/b>.<\/p><\/div><\/div>\t\t\t\t<\/div>\n\t\t\t\t<div class=\"elementor-element elementor-element-4013ea92 elementor-widget-tablet__width-initial elementor-widget-mobile__width-inherit elementor-widget__width-initial elementor-position-top elementor-widget elementor-widget-image-box\" data-id=\"4013ea92\" data-element_type=\"widget\" data-e-type=\"widget\" data-widget_type=\"image-box.default\">\n\t\t\t\t\t<div class=\"elementor-image-box-wrapper\"><figure class=\"elementor-image-box-img\"><a href=\"https:\/\/aventeira.com\/index.php\/mediacion-escolar-convivencia-positiva-e-facilitacion-de-grupos\/\" tabindex=\"-1\"><img loading=\"lazy\" decoding=\"async\" width=\"1920\" height=\"1080\" src=\"https:\/\/aventeira.com\/wp-content\/uploads\/2026\/07\/Imaxes-Sitio-Web-Aventeira-6.png\" class=\"elementor-animation-grow attachment-full size-full wp-image-211\" alt=\"\" srcset=\"https:\/\/aventeira.com\/wp-content\/uploads\/2026\/07\/Imaxes-Sitio-Web-Aventeira-6.png 1920w, https:\/\/aventeira.com\/wp-content\/uploads\/2026\/07\/Imaxes-Sitio-Web-Aventeira-6-300x169.png 300w, https:\/\/aventeira.com\/wp-content\/uploads\/2026\/07\/Imaxes-Sitio-Web-Aventeira-6-1024x576.png 1024w, https:\/\/aventeira.com\/wp-content\/uploads\/2026\/07\/Imaxes-Sitio-Web-Aventeira-6-768x432.png 768w, https:\/\/aventeira.com\/wp-content\/uploads\/2026\/07\/Imaxes-Sitio-Web-Aventeira-6-1536x864.png 1536w\" sizes=\"(max-width: 1920px) 100vw, 1920px\" \/><\/a><\/figure><div class=\"elementor-image-box-content\"><h4 class=\"elementor-image-box-title\"><a href=\"https:\/\/aventeira.com\/index.php\/mediacion-escolar-convivencia-positiva-e-facilitacion-de-grupos\/\">Mediaci\u00f3n Escolar, Convivencia Positiva e Facilitaci\u00f3n de Grupos<\/a><\/h4><p class=\"elementor-image-box-description\">Acompa\u00f1amos a centros educativos e entidades na creaci\u00f3n de <b>espazos de di\u00e1logo, participaci\u00f3n e resoluci\u00f3n pac\u00edfica de conflitos<\/b>.<br><br>\u00c1 s\u00faa vez, formamos <b>equipos de Mediaci\u00f3n Escolar<\/b> e <b>facilitamos procesos grupais<\/b> desde a Comunicaci\u00f3n Non Violenta e o bo trato.<\/p><\/div><\/div>\t\t\t\t<\/div>\n\t\t\t\t<\/div>\n\t\t\t\t\t<\/div>\n\t\t\t\t<\/div>\n\t\t<div class=\"elementor-element elementor-element-d86f716 e-flex e-con-boxed e-con e-parent\" data-id=\"d86f716\" data-element_type=\"container\" data-e-type=\"container\" data-settings=\"{&quot;background_background&quot;:&quot;classic&quot;}\">\n\t\t\t\t\t<div class=\"e-con-inner\">\n\t\t<div class=\"elementor-element elementor-element-986abc4 e-con-full e-flex e-con e-child\" data-id=\"986abc4\" data-element_type=\"container\" data-e-type=\"container\">\n\t\t\t\t<div class=\"elementor-element elementor-element-90eb00f elementor-widget-tablet__width-initial elementor-widget-mobile__width-inherit elementor-widget__width-initial elementor-position-top elementor-widget elementor-widget-image-box\" data-id=\"90eb00f\" data-element_type=\"widget\" data-e-type=\"widget\" data-widget_type=\"image-box.default\">\n\t\t\t\t\t<div class=\"elementor-image-box-wrapper\"><figure class=\"elementor-image-box-img\"><a href=\"https:\/\/aventeira.com\/index.php\/participacion-cultura-e-intervencion-educativa-con-infancias\/\" tabindex=\"-1\"><img loading=\"lazy\" decoding=\"async\" width=\"1920\" height=\"1080\" src=\"https:\/\/aventeira.com\/wp-content\/uploads\/2026\/07\/Imaxes-Sitio-Web-Aventeira-7.png\" class=\"elementor-animation-grow attachment-full size-full wp-image-214\" alt=\"\" srcset=\"https:\/\/aventeira.com\/wp-content\/uploads\/2026\/07\/Imaxes-Sitio-Web-Aventeira-7.png 1920w, https:\/\/aventeira.com\/wp-content\/uploads\/2026\/07\/Imaxes-Sitio-Web-Aventeira-7-300x169.png 300w, https:\/\/aventeira.com\/wp-content\/uploads\/2026\/07\/Imaxes-Sitio-Web-Aventeira-7-1024x576.png 1024w, https:\/\/aventeira.com\/wp-content\/uploads\/2026\/07\/Imaxes-Sitio-Web-Aventeira-7-768x432.png 768w, https:\/\/aventeira.com\/wp-content\/uploads\/2026\/07\/Imaxes-Sitio-Web-Aventeira-7-1536x864.png 1536w\" sizes=\"(max-width: 1920px) 100vw, 1920px\" \/><\/a><\/figure><div class=\"elementor-image-box-content\"><h4 class=\"elementor-image-box-title\"><a href=\"https:\/\/aventeira.com\/index.php\/participacion-cultura-e-intervencion-educativa-con-infancias\/\">Participaci\u00f3n, Cultura e Intervenci\u00f3n Educativa con Infancias<\/a><\/h4><p class=\"elementor-image-box-description\">Impulsamos <b>procesos participativos<\/b> que fortalecen a voz da infancia e da mocidade na vida comunitaria.<br><br>Tam\u00e9n impulsamos iniciativas que po\u00f1en en valor<b> a cultura e a lingua galega<\/b>, fortalecen a identidade colectiva e contrib\u00faen \u00e1 cohesi\u00f3n social.<\/p><\/div><\/div>\t\t\t\t<\/div>\n\t\t\t\t<div class=\"elementor-element elementor-element-10719e0 elementor-widget-tablet__width-initial elementor-widget-mobile__width-inherit elementor-widget__width-initial elementor-position-top elementor-widget elementor-widget-image-box\" data-id=\"10719e0\" data-element_type=\"widget\" data-e-type=\"widget\" data-widget_type=\"image-box.default\">\n\t\t\t\t\t<div class=\"elementor-image-box-wrapper\"><figure class=\"elementor-image-box-img\"><a href=\"https:\/\/aventeira.com\/index.php\/formacion-e-recursos-pedagoxicos\/\" tabindex=\"-1\"><img loading=\"lazy\" decoding=\"async\" width=\"1920\" height=\"1080\" src=\"https:\/\/aventeira.com\/wp-content\/uploads\/2026\/07\/Imaxes-Sitio-Web-Aventeira-8.png\" class=\"elementor-animation-grow attachment-full size-full wp-image-213\" alt=\"\" srcset=\"https:\/\/aventeira.com\/wp-content\/uploads\/2026\/07\/Imaxes-Sitio-Web-Aventeira-8.png 1920w, https:\/\/aventeira.com\/wp-content\/uploads\/2026\/07\/Imaxes-Sitio-Web-Aventeira-8-300x169.png 300w, https:\/\/aventeira.com\/wp-content\/uploads\/2026\/07\/Imaxes-Sitio-Web-Aventeira-8-1024x576.png 1024w, https:\/\/aventeira.com\/wp-content\/uploads\/2026\/07\/Imaxes-Sitio-Web-Aventeira-8-768x432.png 768w, https:\/\/aventeira.com\/wp-content\/uploads\/2026\/07\/Imaxes-Sitio-Web-Aventeira-8-1536x864.png 1536w\" sizes=\"(max-width: 1920px) 100vw, 1920px\" \/><\/a><\/figure><div class=\"elementor-image-box-content\"><h4 class=\"elementor-image-box-title\"><a href=\"https:\/\/aventeira.com\/index.php\/formacion-e-recursos-pedagoxicos\/\">Formaci\u00f3n e Recursos Pedag\u00f3xicos<\/a><\/h4><p class=\"elementor-image-box-description\">Dese\u00f1amos <b>acci\u00f3ns formativas e recursos pedag\u00f3xicos<\/b> para profesionais, entidades e centros educativos.<br><br>Desde a  <b>Escola de Tempo Libre Aventeira<\/b> impulsamos a formaci\u00f3n e o crecemento profesional, a trav\u00e9s de metodolox\u00edas participativas, innovadoras e centradas na pr\u00e1ctica educativa no eido do lecer.<\/p><\/div><\/div>\t\t\t\t<\/div>\n\t\t\t\t<div class=\"elementor-element elementor-element-600c2e3 elementor-widget-tablet__width-initial elementor-widget-mobile__width-inherit elementor-widget__width-initial elementor-position-top elementor-widget elementor-widget-image-box\" data-id=\"600c2e3\" data-element_type=\"widget\" data-e-type=\"widget\" data-widget_type=\"image-box.default\">\n\t\t\t\t\t<div class=\"elementor-image-box-wrapper\"><figure class=\"elementor-image-box-img\"><a href=\"https:\/\/www.xeocamping.com\/\" tabindex=\"-1\"><img loading=\"lazy\" decoding=\"async\" width=\"1920\" height=\"1080\" src=\"https:\/\/aventeira.com\/wp-content\/uploads\/2026\/07\/Imaxes-Sitio-Web-Aventeira-13.png\" class=\"elementor-animation-grow attachment-full size-full wp-image-2060\" alt=\"\" srcset=\"https:\/\/aventeira.com\/wp-content\/uploads\/2026\/07\/Imaxes-Sitio-Web-Aventeira-13.png 1920w, https:\/\/aventeira.com\/wp-content\/uploads\/2026\/07\/Imaxes-Sitio-Web-Aventeira-13-300x169.png 300w, https:\/\/aventeira.com\/wp-content\/uploads\/2026\/07\/Imaxes-Sitio-Web-Aventeira-13-1024x576.png 1024w, https:\/\/aventeira.com\/wp-content\/uploads\/2026\/07\/Imaxes-Sitio-Web-Aventeira-13-768x432.png 768w, https:\/\/aventeira.com\/wp-content\/uploads\/2026\/07\/Imaxes-Sitio-Web-Aventeira-13-1536x864.png 1536w\" sizes=\"(max-width: 1920px) 100vw, 1920px\" \/><\/a><\/figure><div class=\"elementor-image-box-content\"><h4 class=\"elementor-image-box-title\"><a href=\"https:\/\/www.xeocamping.com\/\">Xeoc\u00e1mping Monta\u00f1as do Courel<\/a><\/h4><p class=\"elementor-image-box-description\">Xestionamos un espazo de aloxamento sostible no coraz\u00f3n do <b>Xeoparque Mundial UNESCO Monta\u00f1as do Courel<\/b>.<br><br>Aqu\u00ed, promovemos experiencias que conectan co <b>patrimonio natural e cultural do territorio<\/b>, favorecendo un turismo responsable, educativo e respectuoso coa contorna.<\/p><\/div><\/div>\t\t\t\t<\/div>\n\t\t\t\t<\/div>\n\t\t\t\t\t<\/div>\n\t\t\t\t<\/div>\n\t\t<div class=\"elementor-element elementor-element-f21ecf8 e-flex e-con-boxed e-con e-parent\" data-id=\"f21ecf8\" data-element_type=\"container\" data-e-type=\"container\">\n\t\t\t\t\t<div class=\"e-con-inner\">\n\t\t\t\t<div class=\"elementor-element elementor-element-cea5602 elementor-widget elementor-widget-spacer\" data-id=\"cea5602\" data-element_type=\"widget\" data-e-type=\"widget\" data-widget_type=\"spacer.default\">\n\t\t\t\t\t\t\t<div class=\"elementor-spacer\">\n\t\t\t<div class=\"elementor-spacer-inner\"><\/div>\n\t\t<\/div>\n\t\t\t\t\t\t<\/div>\n\t\t\t\t<div class=\"elementor-element elementor-element-6e90c4b elementor-widget elementor-widget-heading\" data-id=\"6e90c4b\" data-element_type=\"widget\" data-e-type=\"widget\" data-widget_type=\"heading.default\">\n\t\t\t\t\t<h2 class=\"elementor-heading-title elementor-size-default\">Conf\u00edan en n\u00f3s<\/h2>\t\t\t\t<\/div>\n\t\t\t\t<div class=\"elementor-element elementor-element-e7f5f53 elementor-arrows-position-inside elementor-widget elementor-widget-image-carousel\" data-id=\"e7f5f53\" data-element_type=\"widget\" data-e-type=\"widget\" data-settings=\"{&quot;navigation&quot;:&quot;arrows&quot;,&quot;slides_to_show&quot;:&quot;4&quot;,&quot;slides_to_scroll&quot;:&quot;4&quot;,&quot;autoplay_speed&quot;:3000,&quot;autoplay&quot;:&quot;yes&quot;,&quot;pause_on_hover&quot;:&quot;yes&quot;,&quot;pause_on_interaction&quot;:&quot;yes&quot;,&quot;infinite&quot;:&quot;yes&quot;,&quot;speed&quot;:500}\" data-widget_type=\"image-carousel.default\">\n\t\t\t\t\t\t\t<div class=\"elementor-image-carousel-wrapper swiper\" role=\"region\" aria-roledescription=\"carousel\" aria-label=\"Carrusel de im\u00e1genes\" dir=\"ltr\">\n\t\t\t<div class=\"elementor-image-carousel swiper-wrapper\" aria-live=\"off\">\n\t\t\t\t\t\t\t\t<div class=\"swiper-slide\" role=\"group\" aria-roledescription=\"slide\" aria-label=\"1 de 30\"><figure class=\"swiper-slide-inner\"><img decoding=\"async\" class=\"swiper-slide-image\" src=\"https:\/\/aventeira.com\/wp-content\/uploads\/2026\/07\/11-300x150.png\" alt=\"11\" \/><\/figure><\/div><div class=\"swiper-slide\" role=\"group\" aria-roledescription=\"slide\" aria-label=\"2 de 30\"><figure class=\"swiper-slide-inner\"><img decoding=\"async\" class=\"swiper-slide-image\" src=\"https:\/\/aventeira.com\/wp-content\/uploads\/2026\/07\/Logos-Sitio-Web-Aventeira-2-300x150.png\" alt=\"Logos Sitio Web Aventeira\" \/><\/figure><\/div><div class=\"swiper-slide\" role=\"group\" aria-roledescription=\"slide\" aria-label=\"3 de 30\"><figure class=\"swiper-slide-inner\"><img decoding=\"async\" class=\"swiper-slide-image\" src=\"https:\/\/aventeira.com\/wp-content\/uploads\/2026\/07\/1-300x150.png\" alt=\"1\" \/><\/figure><\/div><div class=\"swiper-slide\" role=\"group\" aria-roledescription=\"slide\" aria-label=\"4 de 30\"><figure class=\"swiper-slide-inner\"><img decoding=\"async\" class=\"swiper-slide-image\" src=\"https:\/\/aventeira.com\/wp-content\/uploads\/2026\/07\/2-300x150.png\" alt=\"2\" \/><\/figure><\/div><div class=\"swiper-slide\" role=\"group\" aria-roledescription=\"slide\" aria-label=\"5 de 30\"><figure class=\"swiper-slide-inner\"><img decoding=\"async\" class=\"swiper-slide-image\" src=\"https:\/\/aventeira.com\/wp-content\/uploads\/2026\/07\/3-300x150.png\" alt=\"3\" \/><\/figure><\/div><div class=\"swiper-slide\" role=\"group\" aria-roledescription=\"slide\" aria-label=\"6 de 30\"><figure class=\"swiper-slide-inner\"><img decoding=\"async\" class=\"swiper-slide-image\" src=\"https:\/\/aventeira.com\/wp-content\/uploads\/2026\/07\/13-300x150.png\" alt=\"13\" \/><\/figure><\/div><div class=\"swiper-slide\" role=\"group\" aria-roledescription=\"slide\" aria-label=\"7 de 30\"><figure class=\"swiper-slide-inner\"><img decoding=\"async\" class=\"swiper-slide-image\" src=\"https:\/\/aventeira.com\/wp-content\/uploads\/2026\/07\/14-300x150.png\" alt=\"14\" \/><\/figure><\/div><div class=\"swiper-slide\" role=\"group\" aria-roledescription=\"slide\" aria-label=\"8 de 30\"><figure class=\"swiper-slide-inner\"><img decoding=\"async\" class=\"swiper-slide-image\" src=\"https:\/\/aventeira.com\/wp-content\/uploads\/2026\/07\/15-300x150.png\" alt=\"15\" \/><\/figure><\/div><div class=\"swiper-slide\" role=\"group\" aria-roledescription=\"slide\" aria-label=\"9 de 30\"><figure class=\"swiper-slide-inner\"><img decoding=\"async\" class=\"swiper-slide-image\" src=\"https:\/\/aventeira.com\/wp-content\/uploads\/2026\/07\/16-300x150.png\" alt=\"16\" \/><\/figure><\/div><div class=\"swiper-slide\" role=\"group\" aria-roledescription=\"slide\" aria-label=\"10 de 30\"><figure class=\"swiper-slide-inner\"><img decoding=\"async\" class=\"swiper-slide-image\" src=\"https:\/\/aventeira.com\/wp-content\/uploads\/2026\/07\/4-300x150.png\" alt=\"4\" \/><\/figure><\/div><div class=\"swiper-slide\" role=\"group\" aria-roledescription=\"slide\" aria-label=\"11 de 30\"><figure class=\"swiper-slide-inner\"><img decoding=\"async\" class=\"swiper-slide-image\" src=\"https:\/\/aventeira.com\/wp-content\/uploads\/2026\/07\/Logos-Sitio-Web-Aventeira-300x150.png\" alt=\"Logos Sitio Web Aventeira\" \/><\/figure><\/div><div class=\"swiper-slide\" role=\"group\" aria-roledescription=\"slide\" aria-label=\"12 de 30\"><figure class=\"swiper-slide-inner\"><img decoding=\"async\" class=\"swiper-slide-image\" src=\"https:\/\/aventeira.com\/wp-content\/uploads\/2026\/07\/18-300x150.png\" alt=\"18\" \/><\/figure><\/div><div class=\"swiper-slide\" role=\"group\" aria-roledescription=\"slide\" aria-label=\"13 de 30\"><figure class=\"swiper-slide-inner\"><img decoding=\"async\" class=\"swiper-slide-image\" src=\"https:\/\/aventeira.com\/wp-content\/uploads\/2026\/07\/Logos-Sitio-Web-Aventeira-1-300x150.png\" alt=\"Logos Sitio Web Aventeira\" \/><\/figure><\/div><div class=\"swiper-slide\" role=\"group\" aria-roledescription=\"slide\" aria-label=\"14 de 30\"><figure class=\"swiper-slide-inner\"><img decoding=\"async\" class=\"swiper-slide-image\" src=\"https:\/\/aventeira.com\/wp-content\/uploads\/2026\/07\/26-300x150.png\" alt=\"26\" \/><\/figure><\/div><div class=\"swiper-slide\" role=\"group\" aria-roledescription=\"slide\" aria-label=\"15 de 30\"><figure class=\"swiper-slide-inner\"><img decoding=\"async\" class=\"swiper-slide-image\" src=\"https:\/\/aventeira.com\/wp-content\/uploads\/2026\/07\/Logos-Clientes-Sitio-Web-Aventeira-1-1-300x150.png\" alt=\"Logos Clientes Sitio Web Aventeira (1)\" \/><\/figure><\/div><div class=\"swiper-slide\" role=\"group\" aria-roledescription=\"slide\" aria-label=\"16 de 30\"><figure class=\"swiper-slide-inner\"><img decoding=\"async\" class=\"swiper-slide-image\" src=\"https:\/\/aventeira.com\/wp-content\/uploads\/2026\/07\/19-300x150.png\" alt=\"19\" \/><\/figure><\/div><div class=\"swiper-slide\" role=\"group\" aria-roledescription=\"slide\" aria-label=\"17 de 30\"><figure class=\"swiper-slide-inner\"><img decoding=\"async\" class=\"swiper-slide-image\" src=\"https:\/\/aventeira.com\/wp-content\/uploads\/2026\/07\/20-300x150.png\" alt=\"20\" \/><\/figure><\/div><div class=\"swiper-slide\" role=\"group\" aria-roledescription=\"slide\" aria-label=\"18 de 30\"><figure class=\"swiper-slide-inner\"><img decoding=\"async\" class=\"swiper-slide-image\" src=\"https:\/\/aventeira.com\/wp-content\/uploads\/2026\/07\/6-300x150.png\" alt=\"6\" \/><\/figure><\/div><div class=\"swiper-slide\" role=\"group\" aria-roledescription=\"slide\" aria-label=\"19 de 30\"><figure class=\"swiper-slide-inner\"><img decoding=\"async\" class=\"swiper-slide-image\" src=\"https:\/\/aventeira.com\/wp-content\/uploads\/2026\/07\/7-300x150.png\" alt=\"7\" \/><\/figure><\/div><div class=\"swiper-slide\" role=\"group\" aria-roledescription=\"slide\" aria-label=\"20 de 30\"><figure class=\"swiper-slide-inner\"><img decoding=\"async\" class=\"swiper-slide-image\" src=\"https:\/\/aventeira.com\/wp-content\/uploads\/2026\/07\/8-300x150.png\" alt=\"8\" \/><\/figure><\/div><div class=\"swiper-slide\" role=\"group\" aria-roledescription=\"slide\" aria-label=\"21 de 30\"><figure class=\"swiper-slide-inner\"><img decoding=\"async\" class=\"swiper-slide-image\" src=\"https:\/\/aventeira.com\/wp-content\/uploads\/2026\/07\/9-300x150.png\" alt=\"9\" \/><\/figure><\/div><div class=\"swiper-slide\" role=\"group\" aria-roledescription=\"slide\" aria-label=\"22 de 30\"><figure class=\"swiper-slide-inner\"><img decoding=\"async\" class=\"swiper-slide-image\" src=\"https:\/\/aventeira.com\/wp-content\/uploads\/2026\/07\/21-300x150.png\" alt=\"21\" \/><\/figure><\/div><div class=\"swiper-slide\" role=\"group\" aria-roledescription=\"slide\" aria-label=\"23 de 30\"><figure class=\"swiper-slide-inner\"><img decoding=\"async\" class=\"swiper-slide-image\" src=\"https:\/\/aventeira.com\/wp-content\/uploads\/2026\/07\/23-300x150.png\" alt=\"23\" \/><\/figure><\/div><div class=\"swiper-slide\" role=\"group\" aria-roledescription=\"slide\" aria-label=\"24 de 30\"><figure class=\"swiper-slide-inner\"><img decoding=\"async\" class=\"swiper-slide-image\" src=\"https:\/\/aventeira.com\/wp-content\/uploads\/2026\/07\/22-300x150.png\" alt=\"22\" \/><\/figure><\/div><div class=\"swiper-slide\" role=\"group\" aria-roledescription=\"slide\" aria-label=\"25 de 30\"><figure class=\"swiper-slide-inner\"><img decoding=\"async\" class=\"swiper-slide-image\" src=\"https:\/\/aventeira.com\/wp-content\/uploads\/2026\/07\/Logos-Clientes-Sitio-Web-Aventeira-3-300x150.png\" alt=\"Logos Clientes Sitio Web Aventeira\" \/><\/figure><\/div><div class=\"swiper-slide\" role=\"group\" aria-roledescription=\"slide\" aria-label=\"26 de 30\"><figure class=\"swiper-slide-inner\"><img decoding=\"async\" class=\"swiper-slide-image\" src=\"https:\/\/aventeira.com\/wp-content\/uploads\/2026\/07\/Logos-Clientes-Sitio-Web-Aventeira-2-300x150.png\" alt=\"Logos Clientes Sitio Web Aventeira\" \/><\/figure><\/div><div class=\"swiper-slide\" role=\"group\" aria-roledescription=\"slide\" aria-label=\"27 de 30\"><figure class=\"swiper-slide-inner\"><img decoding=\"async\" class=\"swiper-slide-image\" src=\"https:\/\/aventeira.com\/wp-content\/uploads\/2026\/08\/Logos-Clientes-Sitio-Web-Aventeira-300x150.png\" alt=\"Logos Clientes Sitio Web Aventeira\" \/><\/figure><\/div><div class=\"swiper-slide\" role=\"group\" aria-roledescription=\"slide\" aria-label=\"28 de 30\"><figure class=\"swiper-slide-inner\"><img decoding=\"async\" class=\"swiper-slide-image\" src=\"https:\/\/aventeira.com\/wp-content\/uploads\/2026\/07\/24-300x150.png\" alt=\"24\" \/><\/figure><\/div><div class=\"swiper-slide\" role=\"group\" aria-roledescription=\"slide\" aria-label=\"29 de 30\"><figure class=\"swiper-slide-inner\"><img decoding=\"async\" class=\"swiper-slide-image\" src=\"https:\/\/aventeira.com\/wp-content\/uploads\/2026\/07\/25-300x150.png\" alt=\"25\" \/><\/figure><\/div><div class=\"swiper-slide\" role=\"group\" aria-roledescription=\"slide\" aria-label=\"30 de 30\"><figure class=\"swiper-slide-inner\"><img decoding=\"async\" class=\"swiper-slide-image\" src=\"https:\/\/aventeira.com\/wp-content\/uploads\/2026\/07\/Logos-Clientes-Sitio-Web-Aventeira-2-1-300x150.png\" alt=\"Logos Clientes Sitio Web Aventeira (2)\" \/><\/figure><\/div>\t\t\t<\/div>\n\t\t\t\t\t\t\t\t\t\t\t\t<div class=\"elementor-swiper-button elementor-swiper-button-prev\" role=\"button\" tabindex=\"0\">\n\t\t\t\t\t\t<svg aria-hidden=\"true\" class=\"e-font-icon-svg e-eicon-chevron-left\" viewBox=\"0 0 1000 1000\" xmlns=\"http:\/\/www.w3.org\/2000\/svg\"><path d=\"M646 125C629 125 613 133 604 142L308 442C296 454 292 471 292 487 292 504 296 521 308 533L604 854C617 867 629 875 646 875 663 875 679 871 692 858 704 846 713 829 713 812 713 796 708 779 692 767L438 487 692 225C700 217 708 204 708 187 708 171 704 154 692 142 675 129 663 125 646 125Z\"><\/path><\/svg>\t\t\t\t\t<\/div>\n\t\t\t\t\t<div class=\"elementor-swiper-button elementor-swiper-button-next\" role=\"button\" tabindex=\"0\">\n\t\t\t\t\t\t<svg aria-hidden=\"true\" class=\"e-font-icon-svg e-eicon-chevron-right\" viewBox=\"0 0 1000 1000\" xmlns=\"http:\/\/www.w3.org\/2000\/svg\"><path d=\"M696 533C708 521 713 504 713 487 713 471 708 454 696 446L400 146C388 133 375 125 354 125 338 125 325 129 313 142 300 154 292 171 292 187 292 204 296 221 308 233L563 492 304 771C292 783 288 800 288 817 288 833 296 850 308 863 321 871 338 875 354 875 371 875 388 867 400 854L696 533Z\"><\/path><\/svg>\t\t\t\t\t<\/div>\n\t\t\t\t\n\t\t\t\t\t\t\t\t\t<\/div>\n\t\t\t\t\t\t<\/div>\n\t\t\t\t\t<\/div>\n\t\t\t\t<\/div>\n\t\t<div class=\"elementor-element elementor-element-7ec971ec e-flex e-con-boxed e-con e-parent\" data-id=\"7ec971ec\" data-element_type=\"container\" data-e-type=\"container\">\n\t\t\t\t\t<div class=\"e-con-inner\">\n\t\t\t\t<div class=\"elementor-element elementor-element-d37d988 elementor-widget elementor-widget-heading\" data-id=\"d37d988\" data-element_type=\"widget\" data-e-type=\"widget\" data-widget_type=\"heading.default\">\n\t\t\t\t\t<h2 class=\"elementor-heading-title elementor-size-default\">Sobre Aventeira...<\/h2>\t\t\t\t<\/div>\n\t\t<div class=\"elementor-element elementor-element-3e87c6c2 e-con-full e-flex e-con e-child\" data-id=\"3e87c6c2\" data-element_type=\"container\" data-e-type=\"container\">\n\t\t\t\t<div class=\"elementor-element elementor-element-240c4796 elementor-widget__width-initial elementor-widget-tablet__width-inherit elementor-widget elementor-widget-testimonial\" data-id=\"240c4796\" data-element_type=\"widget\" data-e-type=\"widget\" data-widget_type=\"testimonial.default\">\n\t\t\t\t\t\t\t<div class=\"elementor-testimonial-wrapper\">\n\t\t\t\t\t\t\t<div class=\"elementor-testimonial-content\">\"Son moitas as caracter\u00edsticas que lle dan a s\u00faa raz\u00f3n de ser a este equipo: empat\u00eda, sensibilidade, respecto, discreci\u00f3n, educaci\u00f3n, entrega, altru\u00edsmo, responsabilidade, diversidade, igualdade, confidencialidade; en definitiva, PROFESIONALIDADE.\"<\/div>\n\t\t\t\n\t\t\t\t\t\t<div class=\"elementor-testimonial-meta elementor-has-image elementor-testimonial-image-position-aside\">\n\t\t\t\t<div class=\"elementor-testimonial-meta-inner\">\n\t\t\t\t\t\t\t\t\t\t\t<div class=\"elementor-testimonial-image\">\n\t\t\t\t\t\t\t<img loading=\"lazy\" decoding=\"async\" width=\"800\" height=\"800\" src=\"https:\/\/aventeira.com\/wp-content\/uploads\/2026\/07\/Logo-Certificado-EFR.png\" class=\"attachment-full size-full wp-image-2009\" alt=\"\" srcset=\"https:\/\/aventeira.com\/wp-content\/uploads\/2026\/07\/Logo-Certificado-EFR.png 800w, https:\/\/aventeira.com\/wp-content\/uploads\/2026\/07\/Logo-Certificado-EFR-300x300.png 300w, https:\/\/aventeira.com\/wp-content\/uploads\/2026\/07\/Logo-Certificado-EFR-150x150.png 150w, https:\/\/aventeira.com\/wp-content\/uploads\/2026\/07\/Logo-Certificado-EFR-768x768.png 768w\" sizes=\"(max-width: 800px) 100vw, 800px\" \/>\t\t\t\t\t\t<\/div>\n\t\t\t\t\t\n\t\t\t\t\t\t\t\t\t\t<div class=\"elementor-testimonial-details\">\n\t\t\t\t\t\t\t\t\t\t\t\t\t\t<div class=\"elementor-testimonial-name\">AECC Ourense<\/div>\n\t\t\t\t\t\t\t\t\t\t\t\t\t\t\t\t\t\t\t<\/div>\n\t\t\t\t\t\t\t\t\t<\/div>\n\t\t\t<\/div>\n\t\t\t\t\t<\/div>\n\t\t\t\t\t\t<\/div>\n\t\t\t\t<div class=\"elementor-element elementor-element-63e03c6 elementor-widget__width-initial elementor-widget-tablet__width-inherit elementor-widget elementor-widget-testimonial\" data-id=\"63e03c6\" data-element_type=\"widget\" data-e-type=\"widget\" data-widget_type=\"testimonial.default\">\n\t\t\t\t\t\t\t<div class=\"elementor-testimonial-wrapper\">\n\t\t\t\t\t\t\t<div class=\"elementor-testimonial-content\">\"Oxal\u00e1 os colexios ofrecesen todo o que ofrece Aventeira, pero sobre todo que puid\u00e9semos aprender a s\u00faa forma de ensinar. Grazas por esta marabillosa experiencia. En canto \u00e1 xesti\u00f3n, son incriblemente eficientes; a informaci\u00f3n \u00e9 moi doada de entender e os m\u00e9todos son moi sinxelos para garantir que todo funcione sen problemas.\"<\/div>\n\t\t\t\n\t\t\t\t\t\t<div class=\"elementor-testimonial-meta elementor-has-image elementor-testimonial-image-position-aside\">\n\t\t\t\t<div class=\"elementor-testimonial-meta-inner\">\n\t\t\t\t\t\t\t\t\t\t\t<div class=\"elementor-testimonial-image\">\n\t\t\t\t\t\t\t<img loading=\"lazy\" decoding=\"async\" width=\"300\" height=\"300\" src=\"https:\/\/aventeira.com\/wp-content\/uploads\/2026\/08\/Logo-Persoa-Usuaria.png\" class=\"attachment-full size-full wp-image-2179\" alt=\"\" srcset=\"https:\/\/aventeira.com\/wp-content\/uploads\/2026\/08\/Logo-Persoa-Usuaria.png 300w, https:\/\/aventeira.com\/wp-content\/uploads\/2026\/08\/Logo-Persoa-Usuaria-150x150.png 150w\" sizes=\"(max-width: 300px) 100vw, 300px\" \/>\t\t\t\t\t\t<\/div>\n\t\t\t\t\t\n\t\t\t\t\t\t\t\t\t\t<div class=\"elementor-testimonial-details\">\n\t\t\t\t\t\t\t\t\t\t\t\t\t\t<div class=\"elementor-testimonial-name\">Fabiana V.<\/div>\n\t\t\t\t\t\t\t\t\t\t\t\t\t\t\t\t\t\t\t<\/div>\n\t\t\t\t\t\t\t\t\t<\/div>\n\t\t\t<\/div>\n\t\t\t\t\t<\/div>\n\t\t\t\t\t\t<\/div>\n\t\t\t\t<div class=\"elementor-element elementor-element-7ff56a9e elementor-widget__width-initial elementor-widget-tablet__width-inherit elementor-widget elementor-widget-testimonial\" data-id=\"7ff56a9e\" data-element_type=\"widget\" data-e-type=\"widget\" data-widget_type=\"testimonial.default\">\n\t\t\t\t\t\t\t<div class=\"elementor-testimonial-wrapper\">\n\t\t\t\t\t\t\t<div class=\"elementor-testimonial-content\">\u201cPara min foi unha sorte coincidir con Aventeira e poder iniciarme neste mundo da s\u00faa man. Grazas por p\u00f3rlle ese cari\u00f1o \u00e1 formaci\u00f3n e polo acompa\u00f1amento que nos dades en todo o proceso. Atopar profesionais con tanto compromiso por abrir cami\u00f1o e por crear espazos inspiradores e acolledores para outras \u00e9 marabilloso.\"<\/div>\n\t\t\t\n\t\t\t\t\t\t<div class=\"elementor-testimonial-meta elementor-has-image elementor-testimonial-image-position-aside\">\n\t\t\t\t<div class=\"elementor-testimonial-meta-inner\">\n\t\t\t\t\t\t\t\t\t\t\t<div class=\"elementor-testimonial-image\">\n\t\t\t\t\t\t\t<img loading=\"lazy\" decoding=\"async\" width=\"300\" height=\"300\" src=\"https:\/\/aventeira.com\/wp-content\/uploads\/2026\/08\/Logo-Persoa-Usuaria.png\" class=\"attachment-full size-full wp-image-2179\" alt=\"\" srcset=\"https:\/\/aventeira.com\/wp-content\/uploads\/2026\/08\/Logo-Persoa-Usuaria.png 300w, https:\/\/aventeira.com\/wp-content\/uploads\/2026\/08\/Logo-Persoa-Usuaria-150x150.png 150w\" sizes=\"(max-width: 300px) 100vw, 300px\" \/>\t\t\t\t\t\t<\/div>\n\t\t\t\t\t\n\t\t\t\t\t\t\t\t\t\t<div class=\"elementor-testimonial-details\">\n\t\t\t\t\t\t\t\t\t\t\t\t\t\t<div class=\"elementor-testimonial-name\">Claudia T.<\/div>\n\t\t\t\t\t\t\t\t\t\t\t\t\t\t\t\t\t\t\t<\/div>\n\t\t\t\t\t\t\t\t\t<\/div>\n\t\t\t<\/div>\n\t\t\t\t\t<\/div>\n\t\t\t\t\t\t<\/div>\n\t\t\t\t<\/div>\n\t\t\t\t<div class=\"elementor-element elementor-element-bcac752 elementor-widget elementor-widget-spacer\" data-id=\"bcac752\" data-element_type=\"widget\" data-e-type=\"widget\" data-widget_type=\"spacer.default\">\n\t\t\t\t\t\t\t<div class=\"elementor-spacer\">\n\t\t\t<div class=\"elementor-spacer-inner\"><\/div>\n\t\t<\/div>\n\t\t\t\t\t\t<\/div>\n\t\t\t\t\t<\/div>\n\t\t\t\t<\/div>\n\t\t\t\t<\/div>\n\t\t","protected":false},"excerpt":{"rendered":"<p>Aventeira 360 Proxecto de fortalecemento e consolidaci\u00f3n da nosa cooperativa, cofinanciado pola UE a trav\u00e9s do Fondo Social Europeo Plus (FSE+) e xestionado por CEPES no marco do Programa EFESO. Educando paratransformar arealidade Dende 2019 convertendo os valores en acci\u00f3n. Quen somos? Aventeira \u00e9 unha cooperativa galega sen \u00e1nimo de lucro que impulsa procesos educativos, [&hellip;]<\/p>\n","protected":false},"author":1,"featured_media":102,"parent":0,"menu_order":0,"comment_status":"closed","ping_status":"closed","template":"elementor_header_footer","meta":{"footnotes":""},"class_list":["post-38","page","type-page","status-publish","has-post-thumbnail","hentry"],"yoast_head":"<!-- This site is optimized with the Yoast SEO plugin v28.1 - https:\/\/yoast.com\/product\/yoast-seo-wordpress\/ -->\n<title>Inicio - Aventeira S. Coop. Galega<\/title>\n<meta name=\"description\" content=\"Aventeira \u00e9 unha cooperativa galega que impulsa proxectos de educaci\u00f3n, igualdade, mediaci\u00f3n, participaci\u00f3n, cultura e lecer para transformar a realidade das persoas.\" \/>\n<meta name=\"robots\" content=\"index, follow, max-snippet:-1, max-image-preview:large, max-video-preview:-1\" \/>\n<link rel=\"canonical\" href=\"https:\/\/aventeira.com\/\" \/>\n<meta property=\"og:locale\" content=\"es_ES\" \/>\n<meta property=\"og:type\" content=\"article\" \/>\n<meta property=\"og:title\" content=\"Inicio\" \/>\n<meta property=\"og:description\" content=\"Aventeira \u00e9 unha cooperativa galega que impulsa proxectos de educaci\u00f3n, igualdade, mediaci\u00f3n, participaci\u00f3n, cultura e lecer para transformar a realidade das persoas.\" \/>\n<meta property=\"og:url\" content=\"https:\/\/aventeira.com\/\" \/>\n<meta property=\"og:site_name\" content=\"Aventeira S. Coop. Galega\" \/>\n<meta property=\"article:modified_time\" content=\"2026-09-03T15:10:37+00:00\" \/>\n<meta property=\"og:image\" content=\"https:\/\/aventeira.com\/wp-content\/uploads\/2026\/07\/Imaxes-Sitio-Web-Aventeira-1024x576.png\" \/>\n\t<meta property=\"og:image:width\" content=\"1024\" \/>\n\t<meta property=\"og:image:height\" content=\"576\" \/>\n\t<meta property=\"og:image:type\" content=\"image\/png\" \/>\n<meta name=\"twitter:card\" content=\"summary_large_image\" \/>\n<meta name=\"twitter:label1\" content=\"Tiempo de lectura\" \/>\n\t<meta name=\"twitter:data1\" content=\"13 minutos\" \/>\n<script type=\"application\/ld+json\" class=\"yoast-schema-graph\">{\"@context\":\"https:\\\/\\\/schema.org\",\"@graph\":[{\"@type\":\"WebPage\",\"@id\":\"https:\\\/\\\/aventeira.com\\\/\",\"url\":\"https:\\\/\\\/aventeira.com\\\/\",\"name\":\"Inicio - Aventeira S. Coop. Galega\",\"isPartOf\":{\"@id\":\"https:\\\/\\\/aventeira.com\\\/#website\"},\"primaryImageOfPage\":{\"@id\":\"https:\\\/\\\/aventeira.com\\\/#primaryimage\"},\"image\":{\"@id\":\"https:\\\/\\\/aventeira.com\\\/#primaryimage\"},\"thumbnailUrl\":\"https:\\\/\\\/aventeira.com\\\/wp-content\\\/uploads\\\/2026\\\/07\\\/Imaxes-Sitio-Web-Aventeira.png\",\"datePublished\":\"2026-07-09T16:23:24+00:00\",\"dateModified\":\"2026-09-03T15:10:37+00:00\",\"description\":\"Aventeira \u00e9 unha cooperativa galega que impulsa proxectos de educaci\u00f3n, igualdade, mediaci\u00f3n, participaci\u00f3n, cultura e lecer para transformar a realidade das persoas.\",\"breadcrumb\":{\"@id\":\"https:\\\/\\\/aventeira.com\\\/#breadcrumb\"},\"inLanguage\":\"es\",\"potentialAction\":[{\"@type\":\"ReadAction\",\"target\":[\"https:\\\/\\\/aventeira.com\\\/\"]}]},{\"@type\":\"ImageObject\",\"inLanguage\":\"es\",\"@id\":\"https:\\\/\\\/aventeira.com\\\/#primaryimage\",\"url\":\"https:\\\/\\\/aventeira.com\\\/wp-content\\\/uploads\\\/2026\\\/07\\\/Imaxes-Sitio-Web-Aventeira.png\",\"contentUrl\":\"https:\\\/\\\/aventeira.com\\\/wp-content\\\/uploads\\\/2026\\\/07\\\/Imaxes-Sitio-Web-Aventeira.png\",\"width\":1920,\"height\":1080},{\"@type\":\"BreadcrumbList\",\"@id\":\"https:\\\/\\\/aventeira.com\\\/#breadcrumb\",\"itemListElement\":[{\"@type\":\"ListItem\",\"position\":1,\"name\":\"Portada\",\"item\":\"https:\\\/\\\/aventeira.com\\\/\"},{\"@type\":\"ListItem\",\"position\":2,\"name\":\"Inicio\"}]},{\"@type\":\"WebSite\",\"@id\":\"https:\\\/\\\/aventeira.com\\\/#website\",\"url\":\"https:\\\/\\\/aventeira.com\\\/\",\"name\":\"Aventeira S. Coop. Galega\",\"description\":\"\",\"publisher\":{\"@id\":\"https:\\\/\\\/aventeira.com\\\/#organization\"},\"potentialAction\":[{\"@type\":\"SearchAction\",\"target\":{\"@type\":\"EntryPoint\",\"urlTemplate\":\"https:\\\/\\\/aventeira.com\\\/?s={search_term_string}\"},\"query-input\":{\"@type\":\"PropertyValueSpecification\",\"valueRequired\":true,\"valueName\":\"search_term_string\"}}],\"inLanguage\":\"es\"},{\"@type\":\"Organization\",\"@id\":\"https:\\\/\\\/aventeira.com\\\/#organization\",\"name\":\"Aventeira S. Coop. Galega\",\"url\":\"https:\\\/\\\/aventeira.com\\\/\",\"logo\":{\"@type\":\"ImageObject\",\"inLanguage\":\"es\",\"@id\":\"https:\\\/\\\/aventeira.com\\\/#\\\/schema\\\/logo\\\/image\\\/\",\"url\":\"https:\\\/\\\/aventeira.com\\\/wp-content\\\/uploads\\\/2026\\\/07\\\/Logo-Verde-1.png\",\"contentUrl\":\"https:\\\/\\\/aventeira.com\\\/wp-content\\\/uploads\\\/2026\\\/07\\\/Logo-Verde-1.png\",\"width\":876,\"height\":242,\"caption\":\"Aventeira S. Coop. Galega\"},\"image\":{\"@id\":\"https:\\\/\\\/aventeira.com\\\/#\\\/schema\\\/logo\\\/image\\\/\"}}]}<\/script>\n<!-- \/ Yoast SEO plugin. -->","yoast_head_json":{"title":"Inicio - Aventeira S. Coop. Galega","description":"Aventeira \u00e9 unha cooperativa galega que impulsa proxectos de educaci\u00f3n, igualdade, mediaci\u00f3n, participaci\u00f3n, cultura e lecer para transformar a realidade das persoas.","robots":{"index":"index","follow":"follow","max-snippet":"max-snippet:-1","max-image-preview":"max-image-preview:large","max-video-preview":"max-video-preview:-1"},"canonical":"https:\/\/aventeira.com\/","og_locale":"es_ES","og_type":"article","og_title":"Inicio","og_description":"Aventeira \u00e9 unha cooperativa galega que impulsa proxectos de educaci\u00f3n, igualdade, mediaci\u00f3n, participaci\u00f3n, cultura e lecer para transformar a realidade das persoas.","og_url":"https:\/\/aventeira.com\/","og_site_name":"Aventeira S. Coop. Galega","article_modified_time":"2026-09-03T15:10:37+00:00","og_image":[{"width":1024,"height":576,"url":"https:\/\/aventeira.com\/wp-content\/uploads\/2026\/07\/Imaxes-Sitio-Web-Aventeira-1024x576.png","type":"image\/png"}],"twitter_card":"summary_large_image","twitter_misc":{"Tiempo de lectura":"13 minutos"},"schema":{"@context":"https:\/\/schema.org","@graph":[{"@type":"WebPage","@id":"https:\/\/aventeira.com\/","url":"https:\/\/aventeira.com\/","name":"Inicio - Aventeira S. Coop. Galega","isPartOf":{"@id":"https:\/\/aventeira.com\/#website"},"primaryImageOfPage":{"@id":"https:\/\/aventeira.com\/#primaryimage"},"image":{"@id":"https:\/\/aventeira.com\/#primaryimage"},"thumbnailUrl":"https:\/\/aventeira.com\/wp-content\/uploads\/2026\/07\/Imaxes-Sitio-Web-Aventeira.png","datePublished":"2026-07-09T16:23:24+00:00","dateModified":"2026-09-03T15:10:37+00:00","description":"Aventeira \u00e9 unha cooperativa galega que impulsa proxectos de educaci\u00f3n, igualdade, mediaci\u00f3n, participaci\u00f3n, cultura e lecer para transformar a realidade das persoas.","breadcrumb":{"@id":"https:\/\/aventeira.com\/#breadcrumb"},"inLanguage":"es","potentialAction":[{"@type":"ReadAction","target":["https:\/\/aventeira.com\/"]}]},{"@type":"ImageObject","inLanguage":"es","@id":"https:\/\/aventeira.com\/#primaryimage","url":"https:\/\/aventeira.com\/wp-content\/uploads\/2026\/07\/Imaxes-Sitio-Web-Aventeira.png","contentUrl":"https:\/\/aventeira.com\/wp-content\/uploads\/2026\/07\/Imaxes-Sitio-Web-Aventeira.png","width":1920,"height":1080},{"@type":"BreadcrumbList","@id":"https:\/\/aventeira.com\/#breadcrumb","itemListElement":[{"@type":"ListItem","position":1,"name":"Portada","item":"https:\/\/aventeira.com\/"},{"@type":"ListItem","position":2,"name":"Inicio"}]},{"@type":"WebSite","@id":"https:\/\/aventeira.com\/#website","url":"https:\/\/aventeira.com\/","name":"Aventeira S. Coop. Galega","description":"","publisher":{"@id":"https:\/\/aventeira.com\/#organization"},"potentialAction":[{"@type":"SearchAction","target":{"@type":"EntryPoint","urlTemplate":"https:\/\/aventeira.com\/?s={search_term_string}"},"query-input":{"@type":"PropertyValueSpecification","valueRequired":true,"valueName":"search_term_string"}}],"inLanguage":"es"},{"@type":"Organization","@id":"https:\/\/aventeira.com\/#organization","name":"Aventeira S. Coop. Galega","url":"https:\/\/aventeira.com\/","logo":{"@type":"ImageObject","inLanguage":"es","@id":"https:\/\/aventeira.com\/#\/schema\/logo\/image\/","url":"https:\/\/aventeira.com\/wp-content\/uploads\/2026\/07\/Logo-Verde-1.png","contentUrl":"https:\/\/aventeira.com\/wp-content\/uploads\/2026\/07\/Logo-Verde-1.png","width":876,"height":242,"caption":"Aventeira S. Coop. Galega"},"image":{"@id":"https:\/\/aventeira.com\/#\/schema\/logo\/image\/"}}]}},"_links":{"self":[{"href":"https:\/\/aventeira.com\/index.php\/wp-json\/wp\/v2\/pages\/38","targetHints":{"allow":["GET"]}}],"collection":[{"href":"https:\/\/aventeira.com\/index.php\/wp-json\/wp\/v2\/pages"}],"about":[{"href":"https:\/\/aventeira.com\/index.php\/wp-json\/wp\/v2\/types\/page"}],"author":[{"embeddable":true,"href":"https:\/\/aventeira.com\/index.php\/wp-json\/wp\/v2\/users\/1"}],"replies":[{"embeddable":true,"href":"https:\/\/aventeira.com\/index.php\/wp-json\/wp\/v2\/comments?post=38"}],"version-history":[{"count":404,"href":"https:\/\/aventeira.com\/index.php\/wp-json\/wp\/v2\/pages\/38\/revisions"}],"predecessor-version":[{"id":2344,"href":"https:\/\/aventeira.com\/index.php\/wp-json\/wp\/v2\/pages\/38\/revisions\/2344"}],"wp:featuredmedia":[{"embeddable":true,"href":"https:\/\/aventeira.com\/index.php\/wp-json\/wp\/v2\/media\/102"}],"wp:attachment":[{"href":"https:\/\/aventeira.com\/index.php\/wp-json\/wp\/v2\/media?parent=38"}],"curies":[{"name":"wp","href":"https:\/\/api.w.org\/{rel}","templated":true}]}}